{"id":305,"date":"2016-06-28T01:37:06","date_gmt":"2016-06-28T00:37:06","guid":{"rendered":"http:\/\/the7.io\/construction\/?page_id=305"},"modified":"2024-03-13T08:56:36","modified_gmt":"2024-03-13T08:56:36","slug":"novosti","status":"publish","type":"page","link":"https:\/\/www.multipartner.hr\/hr\/novosti\/","title":{"rendered":"Novosti"},"content":{"rendered":"<div class=\"wpb-content-wrapper\"><p>[vc_row][vc_column]<style type=\"text\/css\" data-type=\"the7_shortcodes-inline-css\">.blog-shortcode.blog-list-shortcode-id-1447e71cb31c54130fd708bdc4e048df.dividers-on.classic-layout-list article {\n  margin-top: 50px;\n  padding-top: 0;\n}\n.blog-shortcode.blog-list-shortcode-id-1447e71cb31c54130fd708bdc4e048df.dividers-on.classic-layout-list article:first-of-type {\n  margin-top: 0;\n  padding-top: 0;\n}\n.blog-shortcode.blog-list-shortcode-id-1447e71cb31c54130fd708bdc4e048df.classic-layout-list.mode-list .post-thumbnail-wrap {\n  width: 30%;\n}\n.blog-shortcode.blog-list-shortcode-id-1447e71cb31c54130fd708bdc4e048df.classic-layout-list.mode-list .post-entry-content {\n  width: calc(100% - 30%);\n}\n.blog-shortcode.blog-list-shortcode-id-1447e71cb31c54130fd708bdc4e048df.classic-layout-list.mode-list .no-img .post-entry-content {\n  width: 100%;\n}\n.blog-shortcode.blog-list-shortcode-id-1447e71cb31c54130fd708bdc4e048df .filter-bg-decoration .filter-categories a.act {\n  color: #fff;\n}\n.blog-shortcode.blog-list-shortcode-id-1447e71cb31c54130fd708bdc4e048df:not(.mode-masonry) article {\n  margin-top: 50px;\n}\n.blog-shortcode.blog-list-shortcode-id-1447e71cb31c54130fd708bdc4e048df:not(.mode-masonry) article:first-of-type,\n.blog-shortcode.blog-list-shortcode-id-1447e71cb31c54130fd708bdc4e048df:not(.mode-masonry) article.visible.first:not(.product) {\n  margin-top: 0;\n}\n.blog-shortcode.blog-list-shortcode-id-1447e71cb31c54130fd708bdc4e048df.dividers-on:not(.mode-masonry) article {\n  margin-top: 0;\n  padding-top: 50px;\n}\n.blog-shortcode.blog-list-shortcode-id-1447e71cb31c54130fd708bdc4e048df.dividers-on:not(.mode-masonry) article:first-of-type,\n.blog-shortcode.blog-list-shortcode-id-1447e71cb31c54130fd708bdc4e048df.dividers-on:not(.mode-masonry) article.visible.first:not(.product) {\n  margin-top: 0;\n  padding-top: 0;\n}\n.blog-shortcode.blog-list-shortcode-id-1447e71cb31c54130fd708bdc4e048df .post-thumbnail-wrap {\n  padding: 0px 0px 50px 0px;\n}\n.blog-shortcode.blog-list-shortcode-id-1447e71cb31c54130fd708bdc4e048df.enable-bg-rollover .post-thumbnail-rollover:after {\n  background: -webkit-linear-gradient();\n  background: linear-gradient();\n}\n.blog-shortcode.blog-list-shortcode-id-1447e71cb31c54130fd708bdc4e048df .gallery-zoom-ico {\n  width: 44px;\n  height: 44px;\n  line-height: 44px;\n  border-radius: 100px;\n  margin: -22px 0 0 -22px;\n  border-width: 0px;\n  color: #ffffff;\n}\n.bottom-overlap-layout-list.blog-shortcode.blog-list-shortcode-id-1447e71cb31c54130fd708bdc4e048df .gallery-zoom-ico {\n  margin-top: -22px;\n}\n.gradient-overlay-layout-list.blog-shortcode.blog-list-shortcode-id-1447e71cb31c54130fd708bdc4e048df .gallery-zoom-ico,\n.content-rollover-layout-list.blog-shortcode.blog-list-shortcode-id-1447e71cb31c54130fd708bdc4e048df .gallery-zoom-ico {\n  margin: 0 0 10px;\n}\n.content-align-center.gradient-overlay-layout-list.blog-shortcode.blog-list-shortcode-id-1447e71cb31c54130fd708bdc4e048df .gallery-zoom-ico,\n.content-align-center.content-rollover-layout-list.blog-shortcode.blog-list-shortcode-id-1447e71cb31c54130fd708bdc4e048df .gallery-zoom-ico {\n  margin: 0 auto 10px;\n}\n.dt-icon-bg-on.blog-shortcode.blog-list-shortcode-id-1447e71cb31c54130fd708bdc4e048df .gallery-zoom-ico {\n  background: rgba(255,255,255,0.3);\n  box-shadow: none;\n}\n.blog-shortcode.blog-list-shortcode-id-1447e71cb31c54130fd708bdc4e048df .gallery-zoom-ico > span,\n.blog-shortcode.blog-list-shortcode-id-1447e71cb31c54130fd708bdc4e048df .gallery-zoom-ico:before {\n  font-size: 32px;\n  line-height: 44px;\n}\n.blog-shortcode.blog-list-shortcode-id-1447e71cb31c54130fd708bdc4e048df .gallery-zoom-ico > span,\n.blog-shortcode.blog-list-shortcode-id-1447e71cb31c54130fd708bdc4e048df .gallery-zoom-ico:before {\n  color: #ffffff;\n}\n.blog-shortcode.blog-list-shortcode-id-1447e71cb31c54130fd708bdc4e048df .fancy-date a {\n  background: #ffffff;\n  box-shadow: none;\n}\n.blog-shortcode.blog-list-shortcode-id-1447e71cb31c54130fd708bdc4e048df .fancy-date a * {\n  color: #2d2d2d;\n}\n.blog-shortcode.blog-list-shortcode-id-1447e71cb31c54130fd708bdc4e048df .entry-title,\n.blog-shortcode.blog-list-shortcode-id-1447e71cb31c54130fd708bdc4e048df.owl-carousel .entry-title {\n  margin-bottom: 5px;\n  font-weight: bold;\n}\n.blog-shortcode.blog-list-shortcode-id-1447e71cb31c54130fd708bdc4e048df .entry-meta {\n  margin-bottom: 15px;\n}\n.blog-shortcode.blog-list-shortcode-id-1447e71cb31c54130fd708bdc4e048df .portfolio-categories {\n  margin-bottom: 15px;\n}\n.blog-shortcode.blog-list-shortcode-id-1447e71cb31c54130fd708bdc4e048df .entry-excerpt {\n  margin-bottom: 15px;\n}\n.blog-shortcode.blog-list-shortcode-id-1447e71cb31c54130fd708bdc4e048df:not(.centered-layout-list) .post-entry-content {\n  padding: 0px 0px 50px 30px;\n}\n.blog-shortcode.blog-list-shortcode-id-1447e71cb31c54130fd708bdc4e048df:not(.centered-layout-list):not(.content-bg-on):not(.mode-list) .no-img .post-entry-content {\n  padding: 0;\n}\n@media screen and (max-width: 768px) {\n  .blog-shortcode.blog-list-shortcode-id-1447e71cb31c54130fd708bdc4e048df article {\n    -ms-flex-flow: column nowrap;\n    flex-flow: column nowrap;\n    margin-top: 20px;\n  }\n  .blog-shortcode.blog-list-shortcode-id-1447e71cb31c54130fd708bdc4e048df.dividers-on article {\n    border: none;\n  }\n  .blog-shortcode.blog-list-shortcode-id-1447e71cb31c54130fd708bdc4e048df.content-bg-on.centered-layout-list article {\n    padding: 0;\n  }\n  .blog-shortcode.blog-list-shortcode-id-1447e71cb31c54130fd708bdc4e048df.blog-shortcode.dividers-on article,\n  .blog-shortcode.blog-list-shortcode-id-1447e71cb31c54130fd708bdc4e048df.dividers-on.classic-layout-list article {\n    margin-top: 20px;\n    padding: 0;\n  }\n  .blog-shortcode.blog-list-shortcode-id-1447e71cb31c54130fd708bdc4e048df.blog-shortcode.dividers-on article:first-of-type,\n  .blog-shortcode.blog-list-shortcode-id-1447e71cb31c54130fd708bdc4e048df.dividers-on.classic-layout-list article:first-of-type {\n    padding: 0;\n  }\n  #page .blog-shortcode.blog-list-shortcode-id-1447e71cb31c54130fd708bdc4e048df .post-thumbnail-wrap,\n  #page .blog-shortcode.blog-list-shortcode-id-1447e71cb31c54130fd708bdc4e048df .post-entry-content {\n    width: 100%;\n    margin: 0;\n    top: 0;\n  }\n  #page .blog-shortcode.blog-list-shortcode-id-1447e71cb31c54130fd708bdc4e048df .post-thumbnail-wrap {\n    padding: 0;\n  }\n  #page .blog-shortcode.blog-list-shortcode-id-1447e71cb31c54130fd708bdc4e048df .post-entry-content:after {\n    display: none;\n  }\n  #page .blog-shortcode.blog-list-shortcode-id-1447e71cb31c54130fd708bdc4e048df .project-even .post-thumbnail-wrap,\n  #page .blog-shortcode.blog-list-shortcode-id-1447e71cb31c54130fd708bdc4e048df.centered-layout-list .post-thumbnail-wrap {\n    -ms-flex-order: 0;\n    order: 0;\n  }\n  #page .blog-shortcode.blog-list-shortcode-id-1447e71cb31c54130fd708bdc4e048df.centered-layout-list .post-entry-title-content {\n    -ms-flex-order: 1;\n    order: 1;\n    width: 100%;\n    padding: 20px 20px 0;\n  }\n  #page .blog-shortcode.blog-list-shortcode-id-1447e71cb31c54130fd708bdc4e048df.centered-layout-list .post-entry-content {\n    -ms-flex-order: 2;\n    order: 2;\n    padding-top: 0;\n  }\n  #page .blog-shortcode.blog-list-shortcode-id-1447e71cb31c54130fd708bdc4e048df .fancy-categories {\n    top: 10px;\n    left: 10px;\n    bottom: auto;\n    right: auto;\n  }\n  #page .blog-shortcode.blog-list-shortcode-id-1447e71cb31c54130fd708bdc4e048df .fancy-date a {\n    top: 10px;\n    right: 10px;\n    left: auto;\n    bottom: auto;\n  }\n  #page .blog-shortcode.blog-list-shortcode-id-1447e71cb31c54130fd708bdc4e048df .post-entry-content {\n    padding: 20px;\n  }\n  #page .blog-shortcode.blog-list-shortcode-id-1447e71cb31c54130fd708bdc4e048df .entry-title {\n    margin: 3px 0 5px;\n    font-size: 20px;\n    line-height: 26px;\n  }\n  #page .blog-shortcode.blog-list-shortcode-id-1447e71cb31c54130fd708bdc4e048df .entry-meta {\n    margin: 5px 0 5px;\n  }\n  #page .blog-shortcode.blog-list-shortcode-id-1447e71cb31c54130fd708bdc4e048df .entry-excerpt {\n    margin: 15px 0 0;\n  }\n  #page .blog-shortcode.blog-list-shortcode-id-1447e71cb31c54130fd708bdc4e048df .post-details {\n    margin: 5px 0 10px;\n  }\n  #page .blog-shortcode.blog-list-shortcode-id-1447e71cb31c54130fd708bdc4e048df .post-details.details-type-link {\n    margin-bottom: 2px;\n  }\n}<\/style><div class=\"articles-list blog-shortcode mode-list blog-list-shortcode-id-1447e71cb31c54130fd708bdc4e048df classic-layout-list dividers-on jquery-filter dt-icon-bg-off vertical-fancy-style loading-effect-fade-in\" data-cur-page=\"1\" data-post-limit=\"5\" data-pagination-mode=\"pages\" aria-live=\"assertive\"><article class=\"post project-odd visible post-4752 type-post status-publish format-standard has-post-thumbnail hentry category-blog tag-alke-za-teret tag-carinska-pregrada tag-m1-u-n1 tag-multiblog tag-multicargo tag-nadogradnja tag-osobno-vozilo tag-podnica tag-ponuda tag-preinaka tag-prtljaznik tag-realizacija tag-straznja-vrata tag-teretno-vozilo tag-upit category-76 description-off\" data-name=\"Preinaka iz M1 u N1 kategoriju vozila\" data-date=\"%2\">\n\n<div class=\"post-thumbnail-wrap\">\n\t<div class=\"post-thumbnail\">\n\n\t\t\n\t\t\n\t\t<a href=\"https:\/\/www.multipartner.hr\/hr\/preinaka-iz-m1-u-n1-kategoriju-vozila\/\" class=\"post-thumbnail-rollover layzr-bg layzr-bg\" ><img fetchpriority=\"high\" decoding=\"async\" class=\"blog-thumb-lazy-load preload-me lazy-load aspect\" src=\"data:image\/svg+xml,%3Csvg%20xmlns%3D&#39;http%3A%2F%2Fwww.w3.org%2F2000%2Fsvg&#39;%20viewBox%3D&#39;0%200%20768%20768&#39;%2F%3E\" data-src=\"https:\/\/www.multipartner.hr\/wp-content\/uploads\/2025\/05\/Dizajn-bez-naslova-47-e1756292164799-768x768.png\" data-srcset=\"https:\/\/www.multipartner.hr\/wp-content\/uploads\/2025\/05\/Dizajn-bez-naslova-47-e1756292164799-768x768.png 768w, https:\/\/www.multipartner.hr\/wp-content\/uploads\/2025\/05\/Dizajn-bez-naslova-47-e1756292164799-900x900.png 900w\" loading=\"eager\" style=\"--ratio: 768 \/ 768\" sizes=\"(max-width: 768px) 100vw, 768px\" alt=\"\" title=\"M1-u-N1\" width=\"768\" height=\"768\"  \/><\/a>\n\t<\/div>\n<\/div>\n\n\n<div class=\"post-entry-content\">\n\n\t<h3 class=\"entry-title\">\n\t\t<a href=\"https:\/\/www.multipartner.hr\/hr\/preinaka-iz-m1-u-n1-kategoriju-vozila\/\" title=\"Preinaka iz M1 u N1 kategoriju vozila\" rel=\"bookmark\">Preinaka iz M1 u N1 kategoriju vozila<\/a>\n\t<\/h3>\n\n\t\n\t<div class=\"entry-excerpt\"><p>[vc_row][vc_column][vc_column_text css=&#8221;&#8221;]Nadogradnja vozila u vidu preinake iz M1 u N1 kategoriju predstavlja prakti\u010dno rje\u0161enje za sve vlasnike koji svoje vozilo \u017eele koristiti u poslovne svrhe. Ova preinaka donosi niz prednosti koje se odnose na porezna rastere\u0107enja, funkcionalnost i sam status vozila u cestovnom prometu. U daljnjem tekstu saznajte proces izrade nadogradnje koju Vam nudi Multipartner![\/vc_column_text][vc_empty_space][vc_empty_space][vc_column_text&hellip;<\/p>\n<\/div>\n\t\n<a href=\"https:\/\/www.multipartner.hr\/hr\/preinaka-iz-m1-u-n1-kategoriju-vozila\/\" class=\"dt-btn-s dt-btn post-details details-type-btn\" aria-label=\"Read more about Preinaka iz M1 u N1 kategoriju vozila\">Saznajte vi\u0161e<i class=\"dt-icon-the7-arrow-03\" aria-hidden=\"true\"><\/i><\/a>\n\n<\/div><\/article><article class=\"post project-odd visible post-4793 type-post status-publish format-standard has-post-thumbnail hentry category-novosti tag-aluminijska-kutija tag-aluminijski-sanduk tag-kutija-za-alat tag-multicargo tag-nadogradnja-vozila tag-otvoreni-teretni-sanduk tag-pohrana-alata tag-teretni-sanduk tag-teretno-vozilo tag-zatvoreni-sanduk category-18 description-off\" data-name=\"Aluminijski sanduk za pohranu alata\" data-date=\"%2\">\n\n<div class=\"post-thumbnail-wrap\">\n\t<div class=\"post-thumbnail\">\n\n\t\t\n\t\t\n\t\t<a href=\"https:\/\/www.multipartner.hr\/hr\/aluminijski-sanduk-za-pohranu-alata\/\" class=\"post-thumbnail-rollover layzr-bg layzr-bg\" ><img decoding=\"async\" class=\"blog-thumb-lazy-load preload-me lazy-load aspect\" src=\"data:image\/svg+xml,%3Csvg%20xmlns%3D&#39;http%3A%2F%2Fwww.w3.org%2F2000%2Fsvg&#39;%20viewBox%3D&#39;0%200%20768%20768&#39;%2F%3E\" data-src=\"https:\/\/www.multipartner.hr\/wp-content\/uploads\/2025\/07\/IMG-158055d74e79157758d04dcd585a168b-V-768x768.jpg\" data-srcset=\"https:\/\/www.multipartner.hr\/wp-content\/uploads\/2025\/07\/IMG-158055d74e79157758d04dcd585a168b-V-768x768.jpg 768w, https:\/\/www.multipartner.hr\/wp-content\/uploads\/2025\/07\/IMG-158055d74e79157758d04dcd585a168b-V-1200x1200.jpg 1200w\" loading=\"eager\" style=\"--ratio: 768 \/ 768\" sizes=\"(max-width: 768px) 100vw, 768px\" alt=\"\" title=\"aluminijska-kutija-za-alat\" width=\"768\" height=\"768\"  \/><\/a>\n\t<\/div>\n<\/div>\n\n\n<div class=\"post-entry-content\">\n\n\t<h3 class=\"entry-title\">\n\t\t<a href=\"https:\/\/www.multipartner.hr\/hr\/aluminijski-sanduk-za-pohranu-alata\/\" title=\"Aluminijski sanduk za pohranu alata\" rel=\"bookmark\">Aluminijski sanduk za pohranu alata<\/a>\n\t<\/h3>\n\n\t\n\t<div class=\"entry-excerpt\"><p>U potrazi ste za savr\u0161enim rje\u0161enjem za organizaciju i za\u0161titu alata?Aluminijski sanduk za pohranu, koje Vam nudi Multipartner, izra\u0111eni su upravo s tom idejom.Olak\u0161avaju svakodnevni rad, pove\u0107avaju efikasnost i \u010duvaju vrijednu opremu u svim uvjetima. &nbsp; &nbsp; PRAKTI\u010cNOST I SIGURNOST &nbsp; Bilo da ste obrtnik, monter, serviser ili samo \u017eelite imati uredan alat u svom&hellip;<\/p>\n<\/div>\n\t\n<a href=\"https:\/\/www.multipartner.hr\/hr\/aluminijski-sanduk-za-pohranu-alata\/\" class=\"dt-btn-s dt-btn post-details details-type-btn\" aria-label=\"Read more about Aluminijski sanduk za pohranu alata\">Saznajte vi\u0161e<i class=\"dt-icon-the7-arrow-03\" aria-hidden=\"true\"><\/i><\/a>\n\n<\/div><\/article><article class=\"post project-odd visible post-4730 type-post status-publish format-standard has-post-thumbnail hentry category-novosti tag-dhollandia tag-ecanter tag-elektricno-vozilo tag-fuso tag-klapna tag-krovni-spojler tag-multicargo tag-nadogradnja-vozila tag-teretni-sanduk tag-teretno-vozilo tag-utovarna-rampa tag-zatvoreni-sanduk category-18 description-off\" data-name=\"Teretni sanduk na 100% elektri\u010dnom vozilu\" data-date=\"%2\">\n\n<div class=\"post-thumbnail-wrap\">\n\t<div class=\"post-thumbnail\">\n\n\t\t\n\t\t\n\t\t<a href=\"https:\/\/www.multipartner.hr\/hr\/teretni-sanduk-na-100-elektricnom-vozilu\/\" class=\"post-thumbnail-rollover layzr-bg layzr-bg\" ><img decoding=\"async\" class=\"blog-thumb-lazy-load preload-me lazy-load aspect\" src=\"data:image\/svg+xml,%3Csvg%20xmlns%3D&#39;http%3A%2F%2Fwww.w3.org%2F2000%2Fsvg&#39;%20viewBox%3D&#39;0%200%20768%20768&#39;%2F%3E\" data-src=\"https:\/\/www.multipartner.hr\/wp-content\/uploads\/2025\/05\/Dizajn-bez-naslova-45-1-768x768.png\" data-srcset=\"https:\/\/www.multipartner.hr\/wp-content\/uploads\/2025\/05\/Dizajn-bez-naslova-45-1-768x768.png 768w, https:\/\/www.multipartner.hr\/wp-content\/uploads\/2025\/05\/Dizajn-bez-naslova-45-1-1306x1306.png 1306w\" loading=\"eager\" style=\"--ratio: 768 \/ 768\" sizes=\"(max-width: 768px) 100vw, 768px\" alt=\"\" title=\"Nadogradnja eCanter\" width=\"768\" height=\"768\"  \/><\/a>\n\t<\/div>\n<\/div>\n\n\n<div class=\"post-entry-content\">\n\n\t<h3 class=\"entry-title\">\n\t\t<a href=\"https:\/\/www.multipartner.hr\/hr\/teretni-sanduk-na-100-elektricnom-vozilu\/\" title=\"Teretni sanduk na 100% elektri\u010dnom vozilu\" rel=\"bookmark\">Teretni sanduk na 100% elektri\u010dnom vozilu<\/a>\n\t<\/h3>\n\n\t\n\t<div class=\"entry-excerpt\"><p>[vc_row][vc_column][vc_empty_space][vc_column_text css=&#8221;&#8221;] Predstavljamo najnoviju nadogradnju elektri\u010dnog vozila \u2013 zatvoreni teretni sanduk s utovarnom rampom. Ova prakti\u010dna dorada osigurava jo\u0161 lak\u0161i i br\u017ei utovar, \u010dine\u0107i svako dostavno vozilo spremnim za zahtjevnije terete i u\u010dinkovitiju isporuku. Ako ste pomislili da nadogradnja na elektri\u010dnom vozilu ima barijera, u nastavku \u0107emo Vas uvjeriti u suprotno! [\/vc_column_text][vc_empty_space][vc_column_text css=&#8221;&#8221;] 100% ELEKTRI\u010cNO&hellip;<\/p>\n<\/div>\n\t\n<a href=\"https:\/\/www.multipartner.hr\/hr\/teretni-sanduk-na-100-elektricnom-vozilu\/\" class=\"dt-btn-s dt-btn post-details details-type-btn\" aria-label=\"Read more about Teretni sanduk na 100% elektri\u010dnom vozilu\">Saznajte vi\u0161e<i class=\"dt-icon-the7-arrow-03\" aria-hidden=\"true\"><\/i><\/a>\n\n<\/div><\/article><article class=\"post project-odd visible post-4547 type-post status-publish format-standard has-post-thumbnail hentry category-blog tag-atp-certifikat tag-bocna-vrata tag-datalogger tag-hladnjaca tag-krovni-spojler tag-lako-kvarljive-namirnice tag-meso tag-multiblog tag-multifrigo tag-nadogradnja tag-ponuda tag-prehrambene-namirnice tag-rashladna-komora tag-rashladni-uredaj tag-realizacija tag-riba tag-sandwich-paneli tag-sir tag-stepenice tag-straznja-vrata tag-temperaturni-rezim tag-termopisac tag-upit tag-zracni-ovjes category-76 description-off\" data-name=\"Termoizolacijska rashladna komora &#8211; hladnja\u010da\" data-date=\"%2\">\n\n<div class=\"post-thumbnail-wrap\">\n\t<div class=\"post-thumbnail\">\n\n\t\t\n\t\t\n\t\t<a href=\"https:\/\/www.multipartner.hr\/hr\/termoizolacijska-rashladna-komora-hladnjaca\/\" class=\"post-thumbnail-rollover layzr-bg layzr-bg\" ><img decoding=\"async\" class=\"blog-thumb-lazy-load preload-me lazy-load aspect\" src=\"data:image\/svg+xml,%3Csvg%20xmlns%3D&#39;http%3A%2F%2Fwww.w3.org%2F2000%2Fsvg&#39;%20viewBox%3D&#39;0%200%20768%20768&#39;%2F%3E\" data-src=\"https:\/\/www.multipartner.hr\/wp-content\/uploads\/2024\/07\/Hladnjaca_003-768x768.jpg\" data-srcset=\"https:\/\/www.multipartner.hr\/wp-content\/uploads\/2024\/07\/Hladnjaca_003-768x768.jpg 768w, https:\/\/www.multipartner.hr\/wp-content\/uploads\/2024\/07\/Hladnjaca_003-1306x1306.jpg 1306w\" loading=\"eager\" style=\"--ratio: 768 \/ 768\" sizes=\"(max-width: 768px) 100vw, 768px\" alt=\"\" title=\"Hladnja\u010da_003\" width=\"768\" height=\"768\"  \/><\/a>\n\t<\/div>\n<\/div>\n\n\n<div class=\"post-entry-content\">\n\n\t<h3 class=\"entry-title\">\n\t\t<a href=\"https:\/\/www.multipartner.hr\/hr\/termoizolacijska-rashladna-komora-hladnjaca\/\" title=\"Termoizolacijska rashladna komora &#8211; hladnja\u010da\" rel=\"bookmark\">Termoizolacijska rashladna komora &#8211; hladnja\u010da<\/a>\n\t<\/h3>\n\n\t\n\t<div class=\"entry-excerpt\"><p>[vc_row][vc_column][vc_column_text css=&#8221;&#8221;]Termoizolacijska rashladna komora (u \u017eargonu &#8211; hladnja\u010da), \u010dini najve\u0107i opseg na\u0161eg MultiFrigo programa. Nadogradnja je to za one klijente koje prevoze lako kvarljive prehrambene namirnice poput ribe, sira, mesa i ostalog. U nastavku ovog bloga, pribli\u017eiti \u0107emo Vam proces od upita do realizacije upravo ovog djela poslovanja na\u0161e tvrtke.[\/vc_column_text][vc_empty_space][vc_empty_space][vc_column_text css=&#8221;&#8221;] UPITI I PONUDA ZA&hellip;<\/p>\n<\/div>\n\t\n<a href=\"https:\/\/www.multipartner.hr\/hr\/termoizolacijska-rashladna-komora-hladnjaca\/\" class=\"dt-btn-s dt-btn post-details details-type-btn\" aria-label=\"Read more about Termoizolacijska rashladna komora &#8211; hladnja\u010da\">Saznajte vi\u0161e<i class=\"dt-icon-the7-arrow-03\" aria-hidden=\"true\"><\/i><\/a>\n\n<\/div><\/article><article class=\"post project-odd visible post-4689 type-post status-publish format-standard has-post-thumbnail hentry category-novosti tag-5-vrata tag-c3 tag-carinska-regrada tag-citroen-c3 tag-demontaza tag-m1-u-n1 tag-multicargo tag-n1-kategorija tag-preinaka tag-prenamijena tag-putnicko-vozilo tag-sjedala tag-teretno-vozilo category-18 description-off\" data-name=\"Novi Citroen C3 &#8211; iz putni\u010dkog u teretno vozilo\" data-date=\"%2\">\n\n<div class=\"post-thumbnail-wrap\">\n\t<div class=\"post-thumbnail\">\n\n\t\t\n\t\t\n\t\t<a href=\"https:\/\/www.multipartner.hr\/hr\/novi-citroen-c3-iz-putnickog-u-teretno-vozilo\/\" class=\"post-thumbnail-rollover layzr-bg layzr-bg\" ><img decoding=\"async\" class=\"blog-thumb-lazy-load preload-me lazy-load aspect\" src=\"data:image\/svg+xml,%3Csvg%20xmlns%3D&#39;http%3A%2F%2Fwww.w3.org%2F2000%2Fsvg&#39;%20viewBox%3D&#39;0%200%20768%20768&#39;%2F%3E\" data-src=\"https:\/\/www.multipartner.hr\/wp-content\/uploads\/2025\/03\/IMG_1145-scaled-768x768.jpg\" data-srcset=\"https:\/\/www.multipartner.hr\/wp-content\/uploads\/2025\/03\/IMG_1145-scaled-768x768.jpg 768w, https:\/\/www.multipartner.hr\/wp-content\/uploads\/2025\/03\/IMG_1145-scaled-1306x1306.jpg 1306w\" loading=\"eager\" style=\"--ratio: 768 \/ 768\" sizes=\"(max-width: 768px) 100vw, 768px\" alt=\"\" title=\"IMG_1145\" width=\"768\" height=\"768\"  \/><\/a>\n\t<\/div>\n<\/div>\n\n\n<div class=\"post-entry-content\">\n\n\t<h3 class=\"entry-title\">\n\t\t<a href=\"https:\/\/www.multipartner.hr\/hr\/novi-citroen-c3-iz-putnickog-u-teretno-vozilo\/\" title=\"Novi Citroen C3 &#8211; iz putni\u010dkog u teretno vozilo\" rel=\"bookmark\">Novi Citroen C3 &#8211; iz putni\u010dkog u teretno vozilo<\/a>\n\t<\/h3>\n\n\t\n\t<div class=\"entry-excerpt\"><p>[vc_row][vc_column][vc_empty_space][vc_column_text css=&#8221;&#8221;] Ve\u0107ina osobnih vozila s 5 vrata (koje ima pristup iz teretnog prostora) mogu biti naknadno preina\u010deni u teretnu vrstu vozila (N1 kategorija). Pritom treba zadovoljiti kriterije ulazne visine, postavljanja carinske pregrade te ure\u0111enja teretnog prostora iza sjedala voza\u010da i suvoza\u010da. Novi Citroen C3, od sada mo\u017ee biti i teretno vozilo! [\/vc_column_text][vc_empty_space][vc_column_text css=&#8221;&#8221;] C3&hellip;<\/p>\n<\/div>\n\t\n<a href=\"https:\/\/www.multipartner.hr\/hr\/novi-citroen-c3-iz-putnickog-u-teretno-vozilo\/\" class=\"dt-btn-s dt-btn post-details details-type-btn\" aria-label=\"Read more about Novi Citroen C3 &#8211; iz putni\u010dkog u teretno vozilo\">Saznajte vi\u0161e<i class=\"dt-icon-the7-arrow-03\" aria-hidden=\"true\"><\/i><\/a>\n\n<\/div><\/article><article class=\"post project-odd hidden post-4647 type-post status-publish format-standard has-post-thumbnail hentry category-novosti tag-adr tag-dhollandia tag-ex-iii-vozilo tag-man tag-prijevoz-eksploziva tag-prijevoz-eksplozivnih-tvari tag-specijalne-nadogradnje tag-tgm tag-utovarna-rampa category-18 description-off\" data-name=\"Nadogradnja za prijevoz eksplozivnih tvari &#8211; ADR EX\/III\" data-date=\"%2\">\n\n<div class=\"post-thumbnail-wrap\">\n\t<div class=\"post-thumbnail\">\n\n\t\t\n\t\t\n\t\t<a href=\"https:\/\/www.multipartner.hr\/hr\/nadogradnja-za-prijevoz-eksplozivnih-tvari-adr-ex-iii\/\" class=\"post-thumbnail-rollover layzr-bg layzr-bg\" ><img decoding=\"async\" class=\"blog-thumb-lazy-load preload-me lazy-load aspect\" src=\"data:image\/svg+xml,%3Csvg%20xmlns%3D&#39;http%3A%2F%2Fwww.w3.org%2F2000%2Fsvg&#39;%20viewBox%3D&#39;0%200%20768%20768&#39;%2F%3E\" data-src=\"https:\/\/www.multipartner.hr\/wp-content\/uploads\/2025\/01\/viber_image_2024-12-23_12-02-00-741-768x768.jpg\" data-srcset=\"https:\/\/www.multipartner.hr\/wp-content\/uploads\/2025\/01\/viber_image_2024-12-23_12-02-00-741-768x768.jpg 768w, https:\/\/www.multipartner.hr\/wp-content\/uploads\/2025\/01\/viber_image_2024-12-23_12-02-00-741-1306x1306.jpg 1306w\" loading=\"eager\" style=\"--ratio: 768 \/ 768\" sizes=\"(max-width: 768px) 100vw, 768px\" alt=\"\" title=\"viber_image_2024-12-23_12-02-00-741\" width=\"768\" height=\"768\"  \/><\/a>\n\t<\/div>\n<\/div>\n\n\n<div class=\"post-entry-content\">\n\n\t<h3 class=\"entry-title\">\n\t\t<a href=\"https:\/\/www.multipartner.hr\/hr\/nadogradnja-za-prijevoz-eksplozivnih-tvari-adr-ex-iii\/\" title=\"Nadogradnja za prijevoz eksplozivnih tvari &#8211; ADR EX\/III\" rel=\"bookmark\">Nadogradnja za prijevoz eksplozivnih tvari &#8211; ADR EX\/III<\/a>\n\t<\/h3>\n\n\t\n\t<div class=\"entry-excerpt\"><p>[vc_row][vc_column][vc_column_text css=&#8221;&#8221;] Nadogradnja za prijevoz eksplozivnih tvari vr\u0161i se temeljem Sporazuma o me\u0111unarodnom prijevozu opasnih tvari u cestovnom prometu ili skra\u0107eno &#8211; ADR. Samo vozila tipa EX\/II, EX\/III, FL, AT i MEMU mogu dobiti ADR potvrdu, a ista su to\u010dno definirana ranije navedenim Sporazumom. U daljnjem tekstu mo\u0107i \u0107ete shvatiti \u0161to se smatra EX\/III tipom&hellip;<\/p>\n<\/div>\n\t\n<a href=\"https:\/\/www.multipartner.hr\/hr\/nadogradnja-za-prijevoz-eksplozivnih-tvari-adr-ex-iii\/\" class=\"dt-btn-s dt-btn post-details details-type-btn\" aria-label=\"Read more about Nadogradnja za prijevoz eksplozivnih tvari &#8211; ADR EX\/III\">Saznajte vi\u0161e<i class=\"dt-icon-the7-arrow-03\" aria-hidden=\"true\"><\/i><\/a>\n\n<\/div><\/article><article class=\"post project-odd hidden post-4626 type-post status-publish format-standard has-post-thumbnail hentry category-novosti tag-aluminijska-konstrukcija tag-dodatni-isparivac tag-iveco-daily tag-pokretna-radionica tag-servisno-vozilo tag-specijalne-nadogradnje tag-teretni-furgon tag-zastitne-obloge category-18 description-off\" data-name=\"Pokretna radionica na kota\u010dima &#8211; servisno vozilo\" data-date=\"%2\">\n\n<div class=\"post-thumbnail-wrap\">\n\t<div class=\"post-thumbnail\">\n\n\t\t\n\t\t\n\t\t<a href=\"https:\/\/www.multipartner.hr\/hr\/radionica-na-kotacima-servisno-vozilo\/\" class=\"post-thumbnail-rollover layzr-bg layzr-bg\" ><img decoding=\"async\" class=\"blog-thumb-lazy-load preload-me lazy-load aspect\" src=\"data:image\/svg+xml,%3Csvg%20xmlns%3D&#39;http%3A%2F%2Fwww.w3.org%2F2000%2Fsvg&#39;%20viewBox%3D&#39;0%200%20768%20768&#39;%2F%3E\" data-src=\"https:\/\/www.multipartner.hr\/wp-content\/uploads\/2024\/11\/viber_image_2024-10-25_08-55-19-476-768x768.jpg\" data-srcset=\"https:\/\/www.multipartner.hr\/wp-content\/uploads\/2024\/11\/viber_image_2024-10-25_08-55-19-476-768x768.jpg 768w, https:\/\/www.multipartner.hr\/wp-content\/uploads\/2024\/11\/viber_image_2024-10-25_08-55-19-476-1200x1200.jpg 1200w\" loading=\"eager\" style=\"--ratio: 768 \/ 768\" sizes=\"(max-width: 768px) 100vw, 768px\" alt=\"\" title=\"viber_image_2024-10-25_08-55-19-476\" width=\"768\" height=\"768\"  \/><\/a>\n\t<\/div>\n<\/div>\n\n\n<div class=\"post-entry-content\">\n\n\t<h3 class=\"entry-title\">\n\t\t<a href=\"https:\/\/www.multipartner.hr\/hr\/radionica-na-kotacima-servisno-vozilo\/\" title=\"Pokretna radionica na kota\u010dima &#8211; servisno vozilo\" rel=\"bookmark\">Pokretna radionica na kota\u010dima &#8211; servisno vozilo<\/a>\n\t<\/h3>\n\n\t\n\t<div class=\"entry-excerpt\"><p>[vc_row][vc_column][vc_column_text css=&#8221;&#8221;] U potrebi za promptnom reakcijom na terenu, cijenjeni klijent odlu\u010dio je nabaviti servisno vozilo. Tu potrebu zadovoljila je na\u0161a suradnja s (diljem svijeta) prepoznatom tvrtkom za proizvodnju aluminijskih konstrukcija. Profinjeni talijanski dizajn i proizvodnja u simbiozi s na\u0161im iskustvom nadogra\u0111ivanja &#8211; polu\u010dili su sjajan output! Pokretna radionica (nekada samo teretni furgon) na dispoziciji&hellip;<\/p>\n<\/div>\n\t\n<a href=\"https:\/\/www.multipartner.hr\/hr\/radionica-na-kotacima-servisno-vozilo\/\" class=\"dt-btn-s dt-btn post-details details-type-btn\" aria-label=\"Read more about Pokretna radionica na kota\u010dima &#8211; servisno vozilo\">Saznajte vi\u0161e<i class=\"dt-icon-the7-arrow-03\" aria-hidden=\"true\"><\/i><\/a>\n\n<\/div><\/article><article class=\"post project-odd hidden post-4608 type-post status-publish format-standard has-post-thumbnail hentry category-novosti tag-carrier tag-datacold-300 tag-dataloger tag-dvije-temperature tag-hladnjaca tag-izotermicka-komora tag-renault-master tag-specijalne-nadogradnje category-18 description-off\" data-name=\"Izotermi\u010dka komora &#8211; dva temperaturna re\u017eima\" data-date=\"%2\">\n\n<div class=\"post-thumbnail-wrap\">\n\t<div class=\"post-thumbnail\">\n\n\t\t\n\t\t\n\t\t<a href=\"https:\/\/www.multipartner.hr\/hr\/izotermicka-komora-dva-temperaturna-rezima\/\" class=\"post-thumbnail-rollover layzr-bg layzr-bg\" ><img decoding=\"async\" class=\"blog-thumb-lazy-load preload-me lazy-load aspect\" src=\"data:image\/svg+xml,%3Csvg%20xmlns%3D&#39;http%3A%2F%2Fwww.w3.org%2F2000%2Fsvg&#39;%20viewBox%3D&#39;0%200%20768%20768&#39;%2F%3E\" data-src=\"https:\/\/www.multipartner.hr\/wp-content\/uploads\/2024\/09\/viber_image_2024-09-05_10-28-38-158-768x768.jpg\" data-srcset=\"https:\/\/www.multipartner.hr\/wp-content\/uploads\/2024\/09\/viber_image_2024-09-05_10-28-38-158-768x768.jpg 768w, https:\/\/www.multipartner.hr\/wp-content\/uploads\/2024\/09\/viber_image_2024-09-05_10-28-38-158-1200x1200.jpg 1200w\" loading=\"eager\" style=\"--ratio: 768 \/ 768\" sizes=\"(max-width: 768px) 100vw, 768px\" alt=\"\" title=\"viber_image_2024-09-05_10-28-38-158\" width=\"768\" height=\"768\"  \/><\/a>\n\t<\/div>\n<\/div>\n\n\n<div class=\"post-entry-content\">\n\n\t<h3 class=\"entry-title\">\n\t\t<a href=\"https:\/\/www.multipartner.hr\/hr\/izotermicka-komora-dva-temperaturna-rezima\/\" title=\"Izotermi\u010dka komora &#8211; dva temperaturna re\u017eima\" rel=\"bookmark\">Izotermi\u010dka komora &#8211; dva temperaturna re\u017eima<\/a>\n\t<\/h3>\n\n\t\n\t<div class=\"entry-excerpt\"><p>[vc_row][vc_column][vc_column_text css=&#8221;&#8221;]Ponekad je opseg poslovanja na\u0161ih klijenata toliko \u0161irok da imaju potrebe za &#8220;2 u 1&#8243; nadogradnjom. Primjerice, neke djelatnosti zahtijevaju mogu\u0107nost prijevoza svije\u017ee, ali i smrznute robe u jednom. Tada MultiPartner ima rje\u0161enje! Izotermi\u010dka komora (hladnja\u010da) s dva temperaturna re\u017eima, omogu\u0107iti \u0107e klijentu prijevoz raznih namirnica odjednom. Ovakva nadogradnja nije jednostavna, pa zahtjeva rok&hellip;<\/p>\n<\/div>\n\t\n<a href=\"https:\/\/www.multipartner.hr\/hr\/izotermicka-komora-dva-temperaturna-rezima\/\" class=\"dt-btn-s dt-btn post-details details-type-btn\" aria-label=\"Read more about Izotermi\u010dka komora &#8211; dva temperaturna re\u017eima\">Saznajte vi\u0161e<i class=\"dt-icon-the7-arrow-03\" aria-hidden=\"true\"><\/i><\/a>\n\n<\/div><\/article><article class=\"post project-odd hidden post-4587 type-post status-publish format-standard has-post-thumbnail hentry category-novosti tag-130 tag-boxer tag-peugeot tag-putnicko-vozilo tag-specijalne-nadogradnje category-18 description-off\" data-name=\"Nadogradnja teretnog u putni\u010dko vozilo 8 + 1\" data-date=\"%2\">\n\n<div class=\"post-thumbnail-wrap\">\n\t<div class=\"post-thumbnail\">\n\n\t\t\n\t\t\n\t\t<a href=\"https:\/\/www.multipartner.hr\/hr\/nadogradnja-teretnog-u-putnicko-vozilo-8-1\/\" class=\"post-thumbnail-rollover layzr-bg layzr-bg\" ><img decoding=\"async\" class=\"blog-thumb-lazy-load preload-me lazy-load aspect\" src=\"data:image\/svg+xml,%3Csvg%20xmlns%3D&#39;http%3A%2F%2Fwww.w3.org%2F2000%2Fsvg&#39;%20viewBox%3D&#39;0%200%20768%20768&#39;%2F%3E\" data-src=\"https:\/\/www.multipartner.hr\/wp-content\/uploads\/2024\/08\/Dizajn-bez-naslova-32-768x768.png\" data-srcset=\"https:\/\/www.multipartner.hr\/wp-content\/uploads\/2024\/08\/Dizajn-bez-naslova-32-768x768.png 768w, https:\/\/www.multipartner.hr\/wp-content\/uploads\/2024\/08\/Dizajn-bez-naslova-32-1306x1306.png 1306w\" loading=\"eager\" style=\"--ratio: 768 \/ 768\" sizes=\"(max-width: 768px) 100vw, 768px\" alt=\"\" title=\"Dizajn bez naslova (32)\" width=\"768\" height=\"768\"  \/><\/a>\n\t<\/div>\n<\/div>\n\n\n<div class=\"post-entry-content\">\n\n\t<h3 class=\"entry-title\">\n\t\t<a href=\"https:\/\/www.multipartner.hr\/hr\/nadogradnja-teretnog-u-putnicko-vozilo-8-1\/\" title=\"Nadogradnja teretnog u putni\u010dko vozilo 8 + 1\" rel=\"bookmark\">Nadogradnja teretnog u putni\u010dko vozilo 8 + 1<\/a>\n\t<\/h3>\n\n\t\n\t<div class=\"entry-excerpt\"><p>[vc_row][vc_column][vc_column_text css=&#8221;&#8221;]Kada je u pitanju udobno i prakti\u010dno putovanje, 8+1 putni\u010dko vozilo postaje idealno rje\u0161enje. Zapreka postoji u trenutku kada po\u017eelite kupiti gotovo 8 + 1 vozilo jer se ono naprosto &#8211; ne proizvodi. Rje\u0161enje le\u017ei u nabavi teretnog furgona te nadogradnji vozila s na\u0161e strane. Ovakav tip vozila nudi sve \u0161to vam treba \u2013&hellip;<\/p>\n<\/div>\n\t\n<a href=\"https:\/\/www.multipartner.hr\/hr\/nadogradnja-teretnog-u-putnicko-vozilo-8-1\/\" class=\"dt-btn-s dt-btn post-details details-type-btn\" aria-label=\"Read more about Nadogradnja teretnog u putni\u010dko vozilo 8 + 1\">Saznajte vi\u0161e<i class=\"dt-icon-the7-arrow-03\" aria-hidden=\"true\"><\/i><\/a>\n\n<\/div><\/article><article class=\"post project-odd hidden post-4356 type-post status-publish format-standard has-post-thumbnail hentry category-novosti tag-kbc tag-master tag-renault tag-specijalne-nadogradnje tag-transfuzijska-medicina category-18 description-off\" data-name=\"Special &#8211; Klini\u010dki zavod za transfuzijsku medicinu\" data-date=\"%2\">\n\n<div class=\"post-thumbnail-wrap\">\n\t<div class=\"post-thumbnail\">\n\n\t\t\n\t\t\n\t\t<a href=\"https:\/\/www.multipartner.hr\/hr\/special-klinicki-zavod-za-transfuzijsku-medicinu\/\" class=\"post-thumbnail-rollover layzr-bg layzr-bg\" ><img decoding=\"async\" class=\"blog-thumb-lazy-load preload-me lazy-load aspect\" src=\"data:image\/svg+xml,%3Csvg%20xmlns%3D&#39;http%3A%2F%2Fwww.w3.org%2F2000%2Fsvg&#39;%20viewBox%3D&#39;0%200%20768%20768&#39;%2F%3E\" data-src=\"https:\/\/www.multipartner.hr\/wp-content\/uploads\/2024\/03\/IMG-4323ef1c19e3fe5a31bf7417e8ed921d-V-768x768.jpg\" data-srcset=\"https:\/\/www.multipartner.hr\/wp-content\/uploads\/2024\/03\/IMG-4323ef1c19e3fe5a31bf7417e8ed921d-V-768x768.jpg 768w, https:\/\/www.multipartner.hr\/wp-content\/uploads\/2024\/03\/IMG-4323ef1c19e3fe5a31bf7417e8ed921d-V-1200x1200.jpg 1200w\" loading=\"eager\" style=\"--ratio: 768 \/ 768\" sizes=\"(max-width: 768px) 100vw, 768px\" alt=\"\" title=\"IMG-4323ef1c19e3fe5a31bf7417e8ed921d-V\" width=\"768\" height=\"768\"  \/><\/a>\n\t<\/div>\n<\/div>\n\n\n<div class=\"post-entry-content\">\n\n\t<h3 class=\"entry-title\">\n\t\t<a href=\"https:\/\/www.multipartner.hr\/hr\/special-klinicki-zavod-za-transfuzijsku-medicinu\/\" title=\"Special &#8211; Klini\u010dki zavod za transfuzijsku medicinu\" rel=\"bookmark\">Special &#8211; Klini\u010dki zavod za transfuzijsku medicinu<\/a>\n\t<\/h3>\n\n\t\n\t<div class=\"entry-excerpt\"><p>[vc_row][vc_column][vc_column_text]&#8221;Dar \u017eivota je u Va\u0161oj kapi.&#8221; poru\u010duje transfuzijski tim KBC-a Rijeka, a mi smo izrazito ponosni \u0161to smo za Klini\u010dki zavod za transfuzijsku medicinu mogli opremiti vozilo. Prema njihovim potrebama, vozilo je nadogra\u0111eno pridr\u017eavaju\u0107i se svih zakonskih propisa i pravila, \u010dime svjedo\u010di izdan atest vozila pri CVH. Vi\u0161e od detaljima ove nadogradnje mo\u017eete pro\u010ditati u&hellip;<\/p>\n<\/div>\n\t\n<a href=\"https:\/\/www.multipartner.hr\/hr\/special-klinicki-zavod-za-transfuzijsku-medicinu\/\" class=\"dt-btn-s dt-btn post-details details-type-btn\" aria-label=\"Read more about Special &#8211; Klini\u010dki zavod za transfuzijsku medicinu\">Saznajte vi\u0161e<i class=\"dt-icon-the7-arrow-03\" aria-hidden=\"true\"><\/i><\/a>\n\n<\/div><\/article><article class=\"post project-odd hidden post-3926 type-post status-publish format-standard has-post-thumbnail hentry category-novosti tag-anteo tag-multicargo category-18 description-off\" data-name=\"MultiCargo &#8211; Ugradnja ANTEO utovarne rampe na VW Crafter\" data-date=\"%2\">\n\n<div class=\"post-thumbnail-wrap\">\n\t<div class=\"post-thumbnail\">\n\n\t\t\n\t\t\n\t\t<a href=\"https:\/\/www.multipartner.hr\/hr\/multicargo-ugradnja-anteo-utovarne-rampe-na-vw-crafter\/\" class=\"post-thumbnail-rollover layzr-bg layzr-bg\" ><img decoding=\"async\" class=\"blog-thumb-lazy-load preload-me lazy-load aspect\" src=\"data:image\/svg+xml,%3Csvg%20xmlns%3D&#39;http%3A%2F%2Fwww.w3.org%2F2000%2Fsvg&#39;%20viewBox%3D&#39;0%200%20552%20552&#39;%2F%3E\" data-src=\"https:\/\/www.multipartner.hr\/wp-content\/uploads\/2023\/12\/MultiCargo-Ugradnja-ANTEO-utovarne-rampe-na-VW-Crafter-4-552x552.webp\" data-srcset=\"https:\/\/www.multipartner.hr\/wp-content\/uploads\/2023\/12\/MultiCargo-Ugradnja-ANTEO-utovarne-rampe-na-VW-Crafter-4-552x552.webp 552w\" loading=\"eager\" style=\"--ratio: 552 \/ 552\" sizes=\"(max-width: 552px) 100vw, 552px\" alt=\"\" title=\"MultiCargo: Ugradnja ANTEO utovarne rampe na VW Crafter 4\" width=\"552\" height=\"552\"  \/><\/a>\n\t<\/div>\n<\/div>\n\n\n<div class=\"post-entry-content\">\n\n\t<h3 class=\"entry-title\">\n\t\t<a href=\"https:\/\/www.multipartner.hr\/hr\/multicargo-ugradnja-anteo-utovarne-rampe-na-vw-crafter\/\" title=\"MultiCargo &#8211; Ugradnja ANTEO utovarne rampe na VW Crafter\" rel=\"bookmark\">MultiCargo &#8211; Ugradnja ANTEO utovarne rampe na VW Crafter<\/a>\n\t<\/h3>\n\n\t\n\t<div class=\"entry-excerpt\"><p>[vc_row][vc_column][vc_column_text]U ovoj specijaliziranoj MultiCargo nadogradnji za kraj godine predstavljamo VW Crafter furgon L4H3 opremljen utovarnom rampom ANTEO. Ova nadogradnja dizajnirana je da unaprijedi logistiku i pove\u0107a efikasnost transportnih usluga prema \u017eeljama naru\u010ditelja. Rampa ima nosivost do 750 kg, aluminijsku platformu dimenzije 1800 mm x 1400 mm (Vx\u0160) koja osigurava dovoljno prostora za raznovrsni teret, dok&hellip;<\/p>\n<\/div>\n\t\n<a href=\"https:\/\/www.multipartner.hr\/hr\/multicargo-ugradnja-anteo-utovarne-rampe-na-vw-crafter\/\" class=\"dt-btn-s dt-btn post-details details-type-btn\" aria-label=\"Read more about MultiCargo &#8211; Ugradnja ANTEO utovarne rampe na VW Crafter\">Saznajte vi\u0161e<i class=\"dt-icon-the7-arrow-03\" aria-hidden=\"true\"><\/i><\/a>\n\n<\/div><\/article><article class=\"post project-odd hidden post-3903 type-post status-publish format-standard has-post-thumbnail hentry category-novosti tag-flexi-ramp tag-multimobility category-18 description-off\" data-name=\"Inovativni FlexiRamp sustav za siguran prijevoz osoba s invaliditetom\" data-date=\"%2\">\n\n<div class=\"post-thumbnail-wrap\">\n\t<div class=\"post-thumbnail\">\n\n\t\t\n\t\t\n\t\t<a href=\"https:\/\/www.multipartner.hr\/hr\/inovativni-flexiramp-sustav-za-siguran-prijevoz-osoba-s-invaliditetom\/\" class=\"post-thumbnail-rollover layzr-bg layzr-bg\" ><img decoding=\"async\" class=\"blog-thumb-lazy-load preload-me lazy-load aspect\" src=\"data:image\/svg+xml,%3Csvg%20xmlns%3D&#39;http%3A%2F%2Fwww.w3.org%2F2000%2Fsvg&#39;%20viewBox%3D&#39;0%200%20559%20559&#39;%2F%3E\" data-src=\"https:\/\/www.multipartner.hr\/wp-content\/uploads\/2023\/11\/Inovativni-FlexiRamp-sustav-za-siguran-prijevoz-osoba-s-invaliditetom-f-559x559.webp\" data-srcset=\"https:\/\/www.multipartner.hr\/wp-content\/uploads\/2023\/11\/Inovativni-FlexiRamp-sustav-za-siguran-prijevoz-osoba-s-invaliditetom-f-559x559.webp 559w\" loading=\"eager\" style=\"--ratio: 559 \/ 559\" sizes=\"(max-width: 559px) 100vw, 559px\" alt=\"Inovativni FlexiRamp sustav za siguran prijevoz osoba s invaliditetom\" title=\"Inovativni FlexiRamp sustav za siguran prijevoz osoba s invaliditetom\" width=\"559\" height=\"559\"  \/><\/a>\n\t<\/div>\n<\/div>\n\n\n<div class=\"post-entry-content\">\n\n\t<h3 class=\"entry-title\">\n\t\t<a href=\"https:\/\/www.multipartner.hr\/hr\/inovativni-flexiramp-sustav-za-siguran-prijevoz-osoba-s-invaliditetom\/\" title=\"Inovativni FlexiRamp sustav za siguran prijevoz osoba s invaliditetom\" rel=\"bookmark\">Inovativni FlexiRamp sustav za siguran prijevoz osoba s invaliditetom<\/a>\n\t<\/h3>\n\n\t\n\t<div class=\"entry-excerpt\"><p>[vc_row][vc_column][vc_column_text]Na\u0161a posve\u0107enost sigurnom i ugodnom prijevozu osoba s invaliditetom odrazila se u i najnovijoj nadogradnji VW Caddy 2.0 TDI vozila s unikatnim FlexiRamp sustavom tvrtke API CZ. Ova unaprije\u0111ena verzija vozila sada pru\u017ea mogu\u0107nost prijevoza 3 osobe u standardnim sjedalima i 1 osobe u invalidskim kolicima te maksimalno iskori\u0161tava prtlja\u017eni prostor u situacijama kada nije&hellip;<\/p>\n<\/div>\n\t\n<a href=\"https:\/\/www.multipartner.hr\/hr\/inovativni-flexiramp-sustav-za-siguran-prijevoz-osoba-s-invaliditetom\/\" class=\"dt-btn-s dt-btn post-details details-type-btn\" aria-label=\"Read more about Inovativni FlexiRamp sustav za siguran prijevoz osoba s invaliditetom\">Saznajte vi\u0161e<i class=\"dt-icon-the7-arrow-03\" aria-hidden=\"true\"><\/i><\/a>\n\n<\/div><\/article><article class=\"post project-odd hidden post-3879 type-post status-publish format-standard has-post-thumbnail hentry category-novosti tag-multimobility category-18 description-off\" data-name=\"MultiMobility &#8211; Specijalizirana nadogradnja vozila za prijevoz osoba s invaliditetom\" data-date=\"%2\">\n\n<div class=\"post-thumbnail-wrap\">\n\t<div class=\"post-thumbnail\">\n\n\t\t\n\t\t\n\t\t<a href=\"https:\/\/www.multipartner.hr\/hr\/multimobility-specijalizirana-nadogradnja-vozila-za-prijevoz-osoba-s-invaliditetom\/\" class=\"post-thumbnail-rollover layzr-bg layzr-bg\" ><img decoding=\"async\" class=\"blog-thumb-lazy-load preload-me lazy-load aspect\" src=\"data:image\/svg+xml,%3Csvg%20xmlns%3D&#39;http%3A%2F%2Fwww.w3.org%2F2000%2Fsvg&#39;%20viewBox%3D&#39;0%200%20738%20738&#39;%2F%3E\" data-src=\"https:\/\/www.multipartner.hr\/wp-content\/uploads\/2023\/11\/MultiMobility-Specijalizirana-nadogradnja-vozila-za-prijevoz-osoba-s-invaliditetom-738x738.jpg\" data-srcset=\"https:\/\/www.multipartner.hr\/wp-content\/uploads\/2023\/11\/MultiMobility-Specijalizirana-nadogradnja-vozila-za-prijevoz-osoba-s-invaliditetom-738x738.jpg 738w\" loading=\"eager\" style=\"--ratio: 738 \/ 738\" sizes=\"(max-width: 738px) 100vw, 738px\" alt=\"MultiMobility - Specijalizirana nadogradnja vozila za prijevoz osoba s invaliditetom\" title=\"MultiMobility &#8211; Specijalizirana nadogradnja vozila za prijevoz osoba s invaliditetom\" width=\"738\" height=\"738\"  \/><\/a>\n\t<\/div>\n<\/div>\n\n\n<div class=\"post-entry-content\">\n\n\t<h3 class=\"entry-title\">\n\t\t<a href=\"https:\/\/www.multipartner.hr\/hr\/multimobility-specijalizirana-nadogradnja-vozila-za-prijevoz-osoba-s-invaliditetom\/\" title=\"MultiMobility &#8211; Specijalizirana nadogradnja vozila za prijevoz osoba s invaliditetom\" rel=\"bookmark\">MultiMobility &#8211; Specijalizirana nadogradnja vozila za prijevoz osoba s invaliditetom<\/a>\n\t<\/h3>\n\n\t\n\t<div class=\"entry-excerpt\"><p>[vc_row][vc_column][vc_column_text]Volkswagen Crafter ve\u0107 je poznat kao pouzdano vozilo za prijevoz, no s ovom nadogradnjom pretvorili smo ga u pravi izbor za prijevoz osoba s invaliditetom. Nadogradnja dolazi unutar na\u0161eg MultiMobility programa &#8212; usmjerenog svima koji zbog svog invaliditeta imaju pote\u0161ko\u0107e u pristupu i upravljanju vozilima. Svako na\u0161e rje\u0161enje odlikuju vrhunske komponente i svako je specifi\u010dno&hellip;<\/p>\n<\/div>\n\t\n<a href=\"https:\/\/www.multipartner.hr\/hr\/multimobility-specijalizirana-nadogradnja-vozila-za-prijevoz-osoba-s-invaliditetom\/\" class=\"dt-btn-s dt-btn post-details details-type-btn\" aria-label=\"Read more about MultiMobility &#8211; Specijalizirana nadogradnja vozila za prijevoz osoba s invaliditetom\">Saznajte vi\u0161e<i class=\"dt-icon-the7-arrow-03\" aria-hidden=\"true\"><\/i><\/a>\n\n<\/div><\/article><article class=\"post project-odd hidden post-3836 type-post status-publish format-standard has-post-thumbnail hentry category-novosti tag-multimobility category-18 description-off\" data-name=\"MultiMobility \u2013 Nadogradnja vozila za grupni prijevoz osoba s invaliditetom\" data-date=\"%2\">\n\n<div class=\"post-thumbnail-wrap\">\n\t<div class=\"post-thumbnail\">\n\n\t\t\n\t\t\n\t\t<a href=\"https:\/\/www.multipartner.hr\/hr\/multimobility-nadogradnja-vozila-za-grupni-prijevoz-osoba-s-invaliditetom\/\" class=\"post-thumbnail-rollover layzr-bg layzr-bg\" ><img decoding=\"async\" class=\"blog-thumb-lazy-load preload-me lazy-load aspect\" src=\"data:image\/svg+xml,%3Csvg%20xmlns%3D&#39;http%3A%2F%2Fwww.w3.org%2F2000%2Fsvg&#39;%20viewBox%3D&#39;0%200%20748%20748&#39;%2F%3E\" data-src=\"https:\/\/www.multipartner.hr\/wp-content\/uploads\/2023\/07\/MultiMobility-\u2013-Nadogradnja-vozila-za-grupni-prijevoz-osoba-s-invaliditetom-6-748x748.jpg\" data-srcset=\"https:\/\/www.multipartner.hr\/wp-content\/uploads\/2023\/07\/MultiMobility-\u2013-Nadogradnja-vozila-za-grupni-prijevoz-osoba-s-invaliditetom-6-748x748.jpg 748w\" loading=\"eager\" style=\"--ratio: 748 \/ 748\" sizes=\"(max-width: 748px) 100vw, 748px\" alt=\"MultiMobility \u2013 Nadogradnja vozila za grupni prijevoz osoba s invaliditetom 6\" title=\"MultiMobility \u2013 Nadogradnja vozila za grupni prijevoz osoba s invaliditetom 6\" width=\"748\" height=\"748\"  \/><\/a>\n\t<\/div>\n<\/div>\n\n\n<div class=\"post-entry-content\">\n\n\t<h3 class=\"entry-title\">\n\t\t<a href=\"https:\/\/www.multipartner.hr\/hr\/multimobility-nadogradnja-vozila-za-grupni-prijevoz-osoba-s-invaliditetom\/\" title=\"MultiMobility \u2013 Nadogradnja vozila za grupni prijevoz osoba s invaliditetom\" rel=\"bookmark\">MultiMobility \u2013 Nadogradnja vozila za grupni prijevoz osoba s invaliditetom<\/a>\n\t<\/h3>\n\n\t\n\t<div class=\"entry-excerpt\"><p>[vc_row][vc_column][vc_column_text] U ovoj nadogradnji predstavljamo rje\u0161enje za grupni prijevoz osoba s invaliditetom. Kapacitet nadogra\u0111enog vozila je 8 putnika + voza\u010d te se mo\u017ee voziti voza\u010dkom dozvolom B kategorije. Opremili smo ga sa 6 sjedala s brzo-skidaju\u0107im mehanizmom radi lak\u0161e izmjene rasporeda i pozicije sjedenja, a sve sukladno individualnim potrebama. Sjedala se pri\u010dvr\u0161\u0107uju u podne \u0161ine&hellip;<\/p>\n<\/div>\n\t\n<a href=\"https:\/\/www.multipartner.hr\/hr\/multimobility-nadogradnja-vozila-za-grupni-prijevoz-osoba-s-invaliditetom\/\" class=\"dt-btn-s dt-btn post-details details-type-btn\" aria-label=\"Read more about MultiMobility \u2013 Nadogradnja vozila za grupni prijevoz osoba s invaliditetom\">Saznajte vi\u0161e<i class=\"dt-icon-the7-arrow-03\" aria-hidden=\"true\"><\/i><\/a>\n\n<\/div><\/article><article class=\"post project-odd hidden post-3823 type-post status-publish format-standard has-post-thumbnail hentry category-novosti tag-multicargo category-18 description-off\" data-name=\"MultiCargo \u2013 Zatvoreni teretni sanduk s rampom nosivosti do 750kg\" data-date=\"%2\">\n\n<div class=\"post-thumbnail-wrap\">\n\t<div class=\"post-thumbnail\">\n\n\t\t\n\t\t\n\t\t<a href=\"https:\/\/www.multipartner.hr\/hr\/multicargo-zatvoreni-teretni-sanduk-s-rampom-nosivosti-do-750kg\/\" class=\"post-thumbnail-rollover layzr-bg layzr-bg\" ><img decoding=\"async\" class=\"blog-thumb-lazy-load preload-me lazy-load aspect\" src=\"data:image\/svg+xml,%3Csvg%20xmlns%3D&#39;http%3A%2F%2Fwww.w3.org%2F2000%2Fsvg&#39;%20viewBox%3D&#39;0%200%20724%20724&#39;%2F%3E\" data-src=\"https:\/\/www.multipartner.hr\/wp-content\/uploads\/2023\/06\/MutliCargo-\u2013-teretni-sanduk-s-rampom-i-ceradom-5-724x724.jpg\" data-srcset=\"https:\/\/www.multipartner.hr\/wp-content\/uploads\/2023\/06\/MutliCargo-\u2013-teretni-sanduk-s-rampom-i-ceradom-5-724x724.jpg 724w\" loading=\"eager\" style=\"--ratio: 724 \/ 724\" sizes=\"(max-width: 724px) 100vw, 724px\" alt=\"MultiCargo \u2013 teretni sanduk s rampom i ceradom 5\" title=\"MultiCargo \u2013 teretni sanduk s rampom i ceradom 5\" width=\"724\" height=\"724\"  \/><\/a>\n\t<\/div>\n<\/div>\n\n\n<div class=\"post-entry-content\">\n\n\t<h3 class=\"entry-title\">\n\t\t<a href=\"https:\/\/www.multipartner.hr\/hr\/multicargo-zatvoreni-teretni-sanduk-s-rampom-nosivosti-do-750kg\/\" title=\"MultiCargo \u2013 Zatvoreni teretni sanduk s rampom nosivosti do 750kg\" rel=\"bookmark\">MultiCargo \u2013 Zatvoreni teretni sanduk s rampom nosivosti do 750kg<\/a>\n\t<\/h3>\n\n\t\n\t<div class=\"entry-excerpt\"><p>[vc_row][vc_column][vc_column_text]Predstavljamo novu nadogradnju gospodarskog vozila koja dolazi u sklopu na\u0161eg MultiCargo programa. Na ovo vozilo marke Isuzu ugradili smo veliki zatvoreni sanduk s ceradom i multifunkcionalu D&#8217;Hollandia utovarnu rampu, nosivosti do 750 kg, koja u potpunosti zatvara stra\u017enju stranu sanduka. Za brz i jednostavan utovar i istovar, teretna rampa je opremljena papu\u010dicama za no\u017eno upravljanje,&hellip;<\/p>\n<\/div>\n\t\n<a href=\"https:\/\/www.multipartner.hr\/hr\/multicargo-zatvoreni-teretni-sanduk-s-rampom-nosivosti-do-750kg\/\" class=\"dt-btn-s dt-btn post-details details-type-btn\" aria-label=\"Read more about MultiCargo \u2013 Zatvoreni teretni sanduk s rampom nosivosti do 750kg\">Saznajte vi\u0161e<i class=\"dt-icon-the7-arrow-03\" aria-hidden=\"true\"><\/i><\/a>\n\n<\/div><\/article><article class=\"post project-odd hidden post-3800 type-post status-publish format-standard has-post-thumbnail hentry category-novosti tag-multicargo category-18 description-off\" data-name=\"MultiCargo &#8211; Lagane i \u010dvrste komore za prijevoz pekarskih proizvoda\" data-date=\"%2\">\n\n<div class=\"post-thumbnail-wrap\">\n\t<div class=\"post-thumbnail\">\n\n\t\t\n\t\t\n\t\t<a href=\"https:\/\/www.multipartner.hr\/hr\/multicargo-lagane-i-cvrste-komore-za-prijevoz-pekarskih-proizvoda\/\" class=\"post-thumbnail-rollover layzr-bg layzr-bg\" ><img decoding=\"async\" class=\"blog-thumb-lazy-load preload-me lazy-load aspect\" src=\"data:image\/svg+xml,%3Csvg%20xmlns%3D&#39;http%3A%2F%2Fwww.w3.org%2F2000%2Fsvg&#39;%20viewBox%3D&#39;0%200%20677%20677&#39;%2F%3E\" data-src=\"https:\/\/www.multipartner.hr\/wp-content\/uploads\/2023\/04\/MultiCargo-Lagane-i-cvrste-komore-za-prijevoz-pekarskih-proizvoda-1-677x677.jpg\" data-srcset=\"https:\/\/www.multipartner.hr\/wp-content\/uploads\/2023\/04\/MultiCargo-Lagane-i-cvrste-komore-za-prijevoz-pekarskih-proizvoda-1-677x677.jpg 677w\" loading=\"eager\" style=\"--ratio: 677 \/ 677\" sizes=\"(max-width: 677px) 100vw, 677px\" alt=\"\" title=\"MultiCargo &#8211; Lagane i \u010dvrste komore za prijevoz pekarskih proizvoda 1\" width=\"677\" height=\"677\"  \/><\/a>\n\t<\/div>\n<\/div>\n\n\n<div class=\"post-entry-content\">\n\n\t<h3 class=\"entry-title\">\n\t\t<a href=\"https:\/\/www.multipartner.hr\/hr\/multicargo-lagane-i-cvrste-komore-za-prijevoz-pekarskih-proizvoda\/\" title=\"MultiCargo &#8211; Lagane i \u010dvrste komore za prijevoz pekarskih proizvoda\" rel=\"bookmark\">MultiCargo &#8211; Lagane i \u010dvrste komore za prijevoz pekarskih proizvoda<\/a>\n\t<\/h3>\n\n\t\n\t<div class=\"entry-excerpt\"><p>[vc_row][vc_column][vc_column_text]U ovoj nadogradnji iz MultiCargo programa predstavljamo lagano, \u010dvrsto i izdr\u017eljivo rje\u0161enje za prijevoz pekarskih proizvoda. Komora je postavljena na aluminijsku pomo\u0107nu \u0161asiju koja joj pru\u017ea potrebnu \u010dvrsto\u0107u i stabilnost uz zanemariv gubitak osnovne nosivosti te zna\u010dajnu u\u0161tedu na potro\u0161nji goriva i smanjene tro\u0161kove prijevoza. Stijene su izra\u0111ene od laminirane \u0161perplo\u010de sa zavr\u0161nim poliesterskim laminatom&hellip;<\/p>\n<\/div>\n\t\n<a href=\"https:\/\/www.multipartner.hr\/hr\/multicargo-lagane-i-cvrste-komore-za-prijevoz-pekarskih-proizvoda\/\" class=\"dt-btn-s dt-btn post-details details-type-btn\" aria-label=\"Read more about MultiCargo &#8211; Lagane i \u010dvrste komore za prijevoz pekarskih proizvoda\">Saznajte vi\u0161e<i class=\"dt-icon-the7-arrow-03\" aria-hidden=\"true\"><\/i><\/a>\n\n<\/div><\/article><article class=\"post project-odd hidden post-3769 type-post status-publish format-standard has-post-thumbnail hentry category-novosti tag-daikin tag-multifrigo category-18 description-off\" data-name=\"MultiFrigo \u2013 Rashladna komora za prijevoz vise\u0107eg mesa s rashladnim ure\u0111ajem Daikin Z350\" data-date=\"%2\">\n\n<div class=\"post-thumbnail-wrap\">\n\t<div class=\"post-thumbnail\">\n\n\t\t\n\t\t\n\t\t<a href=\"https:\/\/www.multipartner.hr\/hr\/multifrigo-rashladna-komora-za-prijevoz-viseceg-mesa-s-rashladnim-uredajem-daikin-z350\/\" class=\"post-thumbnail-rollover layzr-bg layzr-bg\" ><img decoding=\"async\" class=\"blog-thumb-lazy-load preload-me lazy-load aspect\" src=\"data:image\/svg+xml,%3Csvg%20xmlns%3D&#39;http%3A%2F%2Fwww.w3.org%2F2000%2Fsvg&#39;%20viewBox%3D&#39;0%200%20768%20768&#39;%2F%3E\" data-src=\"https:\/\/www.multipartner.hr\/wp-content\/uploads\/2023\/03\/Rashladna-komora-za-prijevoz-viseceg-mesa-s-rashladnim-uredajem-Daikin-Z350-4-768x768.jpg\" data-srcset=\"https:\/\/www.multipartner.hr\/wp-content\/uploads\/2023\/03\/Rashladna-komora-za-prijevoz-viseceg-mesa-s-rashladnim-uredajem-Daikin-Z350-4-768x768.jpg 768w, https:\/\/www.multipartner.hr\/wp-content\/uploads\/2023\/03\/Rashladna-komora-za-prijevoz-viseceg-mesa-s-rashladnim-uredajem-Daikin-Z350-4-776x776.jpg 776w\" loading=\"eager\" style=\"--ratio: 768 \/ 768\" sizes=\"(max-width: 768px) 100vw, 768px\" alt=\"Rashladna komora za prijevoz vise\u0107eg mesa s rashladnim ure\u0111ajem Daikin Z350 4\" title=\"Rashladna komora za prijevoz vise\u0107eg mesa s rashladnim ure\u0111ajem Daikin Z350 4\" width=\"768\" height=\"768\"  \/><\/a>\n\t<\/div>\n<\/div>\n\n\n<div class=\"post-entry-content\">\n\n\t<h3 class=\"entry-title\">\n\t\t<a href=\"https:\/\/www.multipartner.hr\/hr\/multifrigo-rashladna-komora-za-prijevoz-viseceg-mesa-s-rashladnim-uredajem-daikin-z350\/\" title=\"MultiFrigo \u2013 Rashladna komora za prijevoz vise\u0107eg mesa s rashladnim ure\u0111ajem Daikin Z350\" rel=\"bookmark\">MultiFrigo \u2013 Rashladna komora za prijevoz vise\u0107eg mesa s rashladnim ure\u0111ajem Daikin Z350<\/a>\n\t<\/h3>\n\n\t\n\t<div class=\"entry-excerpt\"><p>[vc_row][vc_column][vc_column_text]Predstavljamo novu rashladnu komoru za prijevoz vise\u0107eg mesa napravljenu od \u010dvrste konstrukcije sa vodilicama i pogonjenu sna\u017enim rashladnim ure\u0111ajem Daikin Z350 s radnom tvari R452a i stand-by pogonom od 380V, koji osigurava preciznu kontrolu temperature \u010dak i u najzahtjevnijim uvjetima. Z350 dolazi unutar Daikinove opse\u017ene Zero linije s direktnim pogonom i dizajniran je za \u0161irok&hellip;<\/p>\n<\/div>\n\t\n<a href=\"https:\/\/www.multipartner.hr\/hr\/multifrigo-rashladna-komora-za-prijevoz-viseceg-mesa-s-rashladnim-uredajem-daikin-z350\/\" class=\"dt-btn-s dt-btn post-details details-type-btn\" aria-label=\"Read more about MultiFrigo \u2013 Rashladna komora za prijevoz vise\u0107eg mesa s rashladnim ure\u0111ajem Daikin Z350\">Saznajte vi\u0161e<i class=\"dt-icon-the7-arrow-03\" aria-hidden=\"true\"><\/i><\/a>\n\n<\/div><\/article><article class=\"post project-odd hidden post-3445 type-post status-publish format-standard has-post-thumbnail hentry category-novosti tag-multimobility category-18 description-off\" data-name=\"MultiMobility \u2013 Kombi vozila za prijevoz osoba s invaliditetom\" data-date=\"%2\">\n\n<div class=\"post-thumbnail-wrap\">\n\t<div class=\"post-thumbnail\">\n\n\t\t\n\t\t\n\t\t<a href=\"https:\/\/www.multipartner.hr\/hr\/multimobility-kombi-vozila-za-prijevoz-osoba-s-invaliditetom\/\" class=\"post-thumbnail-rollover layzr-bg layzr-bg\" ><img decoding=\"async\" class=\"blog-thumb-lazy-load preload-me lazy-load aspect\" src=\"data:image\/svg+xml,%3Csvg%20xmlns%3D&#39;http%3A%2F%2Fwww.w3.org%2F2000%2Fsvg&#39;%20viewBox%3D&#39;0%200%20537%20537&#39;%2F%3E\" data-src=\"https:\/\/www.multipartner.hr\/wp-content\/uploads\/2022\/10\/MultiMobility-\u2013-Kombi-vozila-za-prijevoz-osoba-s-invaliditetom-537x537.jpg\" data-srcset=\"https:\/\/www.multipartner.hr\/wp-content\/uploads\/2022\/10\/MultiMobility-\u2013-Kombi-vozila-za-prijevoz-osoba-s-invaliditetom-537x537.jpg 537w\" loading=\"eager\" style=\"--ratio: 537 \/ 537\" sizes=\"(max-width: 537px) 100vw, 537px\" alt=\"MultiMobility \u2013 Kombi vozila za prijevoz osoba s invaliditetom\" title=\"MultiMobility \u2013 Kombi vozila za prijevoz osoba s invaliditetom\" width=\"537\" height=\"537\"  \/><\/a>\n\t<\/div>\n<\/div>\n\n\n<div class=\"post-entry-content\">\n\n\t<h3 class=\"entry-title\">\n\t\t<a href=\"https:\/\/www.multipartner.hr\/hr\/multimobility-kombi-vozila-za-prijevoz-osoba-s-invaliditetom\/\" title=\"MultiMobility \u2013 Kombi vozila za prijevoz osoba s invaliditetom\" rel=\"bookmark\">MultiMobility \u2013 Kombi vozila za prijevoz osoba s invaliditetom<\/a>\n\t<\/h3>\n\n\t\n\t<div class=\"entry-excerpt\"><p>[vc_row][vc_column][vc_column_text]Upravo smo isporu\u010dili dva nova vozila u sklopu na\u0161eg MultiMobility programa usmjerenog svim osobama s invaliditetom. Vozila su opremljena elektro-hidrauli\u010dnom rampom ugra\u0111enom na stra\u017enja vrata te elektro-mehani\u010dkom stepenicom na bo\u010dnim vratima. Svako vozilo mo\u017ee prevesti 6 putnika na sjedalima postavljenim na specijalnu aluminijsku podnicu s mogu\u0107no\u0161\u0107u pode\u0161avanja rasporeda. Sva sjedala opremljena su sigurnosnim pojasima u&hellip;<\/p>\n<\/div>\n\t\n<a href=\"https:\/\/www.multipartner.hr\/hr\/multimobility-kombi-vozila-za-prijevoz-osoba-s-invaliditetom\/\" class=\"dt-btn-s dt-btn post-details details-type-btn\" aria-label=\"Read more about MultiMobility \u2013 Kombi vozila za prijevoz osoba s invaliditetom\">Saznajte vi\u0161e<i class=\"dt-icon-the7-arrow-03\" aria-hidden=\"true\"><\/i><\/a>\n\n<\/div><\/article><article class=\"post project-odd hidden post-3455 type-post status-publish format-standard has-post-thumbnail hentry category-novosti tag-special tag-specijalne-nadogradnje category-18 description-off\" data-name=\"Special \u2013 Predstavljamo prvu kampersku nadogradnju iz MultiPartner radionice\" data-date=\"%2\">\n\n<div class=\"post-thumbnail-wrap\">\n\t<div class=\"post-thumbnail\">\n\n\t\t\n\t\t\n\t\t<a href=\"https:\/\/www.multipartner.hr\/hr\/special-predstavljamo-prvu-kampersku-nadogradnju-iz-multipartner-radionice\/\" class=\"post-thumbnail-rollover layzr-bg layzr-bg\" ><img decoding=\"async\" class=\"blog-thumb-lazy-load preload-me lazy-load aspect\" src=\"data:image\/svg+xml,%3Csvg%20xmlns%3D&#39;http%3A%2F%2Fwww.w3.org%2F2000%2Fsvg&#39;%20viewBox%3D&#39;0%200%20610%20610&#39;%2F%3E\" data-src=\"https:\/\/www.multipartner.hr\/wp-content\/uploads\/2022\/09\/Special-\u2013-Prva-kamperska-nadogradnja-iz-MultiPartner-radionice-naslovna-610x610.jpg\" data-srcset=\"https:\/\/www.multipartner.hr\/wp-content\/uploads\/2022\/09\/Special-\u2013-Prva-kamperska-nadogradnja-iz-MultiPartner-radionice-naslovna-610x610.jpg 610w\" loading=\"eager\" style=\"--ratio: 610 \/ 610\" sizes=\"(max-width: 610px) 100vw, 610px\" alt=\"Special \u2013 Prva kamperska nadogradnja iz MultiPartner radionice - naslovna\" title=\"Special \u2013 Prva kamperska nadogradnja iz MultiPartner radionice &#8211; naslovna\" width=\"610\" height=\"610\"  \/><\/a>\n\t<\/div>\n<\/div>\n\n\n<div class=\"post-entry-content\">\n\n\t<h3 class=\"entry-title\">\n\t\t<a href=\"https:\/\/www.multipartner.hr\/hr\/special-predstavljamo-prvu-kampersku-nadogradnju-iz-multipartner-radionice\/\" title=\"Special \u2013 Predstavljamo prvu kampersku nadogradnju iz MultiPartner radionice\" rel=\"bookmark\">Special \u2013 Predstavljamo prvu kampersku nadogradnju iz MultiPartner radionice<\/a>\n\t<\/h3>\n\n\t\n\t<div class=\"entry-excerpt\"><p>[vc_row][vc_column][vc_column_text]S ponosom predstavljamo prvu kampersku izvedbu iz na\u0161e radionice, potpuno prilagodljivu va\u0161im potrebama i \u017eeljama. Oprema ove \u201eku\u0107e na kota\u010dima\u201c sadr\u017eava sve \u0161to vam je potrebno za boravak u prirodi ili kampu &#8211; kuhinju s kuhalom i sudoperom, WC s tu\u0161em i umivaonikom, modularne krevete, ormari\u0107e, preklopni stoli\u0107, zakretno sjedalo suvoza\u010da, krovne solarne panele, bo\u010dnu&hellip;<\/p>\n<\/div>\n\t\n<a href=\"https:\/\/www.multipartner.hr\/hr\/special-predstavljamo-prvu-kampersku-nadogradnju-iz-multipartner-radionice\/\" class=\"dt-btn-s dt-btn post-details details-type-btn\" aria-label=\"Read more about Special \u2013 Predstavljamo prvu kampersku nadogradnju iz MultiPartner radionice\">Saznajte vi\u0161e<i class=\"dt-icon-the7-arrow-03\" aria-hidden=\"true\"><\/i><\/a>\n\n<\/div><\/article><article class=\"post project-odd hidden post-3423 type-post status-publish format-standard has-post-thumbnail hentry category-novosti tag-multicargo category-18 description-off\" data-name=\"MultiCargo \u2013 Zatvoreni teretni sanduk od laminirane \u0161perplo\u010de\" data-date=\"%2\">\n\n<div class=\"post-thumbnail-wrap\">\n\t<div class=\"post-thumbnail\">\n\n\t\t\n\t\t\n\t\t<a href=\"https:\/\/www.multipartner.hr\/hr\/multicargo-zatvoreni-teretni-sanduk-od-laminirane-sperploce\/\" class=\"post-thumbnail-rollover layzr-bg layzr-bg\" ><img decoding=\"async\" class=\"blog-thumb-lazy-load preload-me lazy-load aspect\" src=\"data:image\/svg+xml,%3Csvg%20xmlns%3D&#39;http%3A%2F%2Fwww.w3.org%2F2000%2Fsvg&#39;%20viewBox%3D&#39;0%200%20570%20570&#39;%2F%3E\" data-src=\"https:\/\/www.multipartner.hr\/wp-content\/uploads\/2022\/07\/MultiCargo-\u2013-Zatvoreni-teretni-sanduk-od-laminirane-sperploce-1-570x570.jpg\" data-srcset=\"https:\/\/www.multipartner.hr\/wp-content\/uploads\/2022\/07\/MultiCargo-\u2013-Zatvoreni-teretni-sanduk-od-laminirane-sperploce-1-570x570.jpg 570w\" loading=\"eager\" style=\"--ratio: 570 \/ 570\" sizes=\"(max-width: 570px) 100vw, 570px\" alt=\"MultiCargo \u2013 Zatvoreni teretni sanduk od laminirane \u0161perplo\u010de 1\" title=\"MultiCargo \u2013 Zatvoreni teretni sanduk od laminirane \u0161perplo\u010de 1\" width=\"570\" height=\"570\"  \/><\/a>\n\t<\/div>\n<\/div>\n\n\n<div class=\"post-entry-content\">\n\n\t<h3 class=\"entry-title\">\n\t\t<a href=\"https:\/\/www.multipartner.hr\/hr\/multicargo-zatvoreni-teretni-sanduk-od-laminirane-sperploce\/\" title=\"MultiCargo \u2013 Zatvoreni teretni sanduk od laminirane \u0161perplo\u010de\" rel=\"bookmark\">MultiCargo \u2013 Zatvoreni teretni sanduk od laminirane \u0161perplo\u010de<\/a>\n\t<\/h3>\n\n\t\n\t<div class=\"entry-excerpt\"><p>[vc_row][vc_column][vc_column_text]Ovaj zatvoreni teretni sanduk izradili smo od \u0161perplo\u010de debljine 14 mm koju smo poliesterski laminirali s obje strane. Pomo\u0107na \u0161asija izra\u0111ena je od aluminija kako bi zadr\u017eali osnovnu nosivost te omogu\u0107ili dugi vijek trajanja. Ugradili smo dvostruka stra\u017enja vrata s jednom kvakom a na krovni dio teretnog prostora transluentni krov. Ovo je ekonomi\u010dno i kvalitetno&hellip;<\/p>\n<\/div>\n\t\n<a href=\"https:\/\/www.multipartner.hr\/hr\/multicargo-zatvoreni-teretni-sanduk-od-laminirane-sperploce\/\" class=\"dt-btn-s dt-btn post-details details-type-btn\" aria-label=\"Read more about MultiCargo \u2013 Zatvoreni teretni sanduk od laminirane \u0161perplo\u010de\">Saznajte vi\u0161e<i class=\"dt-icon-the7-arrow-03\" aria-hidden=\"true\"><\/i><\/a>\n\n<\/div><\/article><article class=\"post project-odd hidden post-3431 type-post status-publish format-standard has-post-thumbnail hentry category-novosti tag-maison tag-multicargo tag-multipartner category-18 description-off\" data-name=\"MultiCargo \u2013 Oblaganje teretnog prostora za\u0161titnim oblogama\" data-date=\"%2\">\n\n<div class=\"post-thumbnail-wrap\">\n\t<div class=\"post-thumbnail\">\n\n\t\t\n\t\t\n\t\t<a href=\"https:\/\/www.multipartner.hr\/hr\/multicargo-oblaganje-teretnog-prostora-zastitnim-oblogama\/\" class=\"post-thumbnail-rollover layzr-bg layzr-bg\" ><img decoding=\"async\" class=\"blog-thumb-lazy-load preload-me lazy-load aspect\" src=\"data:image\/svg+xml,%3Csvg%20xmlns%3D&#39;http%3A%2F%2Fwww.w3.org%2F2000%2Fsvg&#39;%20viewBox%3D&#39;0%200%20621%20621&#39;%2F%3E\" data-src=\"https:\/\/www.multipartner.hr\/wp-content\/uploads\/2022\/08\/MultiCargo-\u2013-Oblaganje-teretnog-prostora-zastitnim-oblogama-naslovna-621x621.jpg\" data-srcset=\"https:\/\/www.multipartner.hr\/wp-content\/uploads\/2022\/08\/MultiCargo-\u2013-Oblaganje-teretnog-prostora-zastitnim-oblogama-naslovna-621x621.jpg 621w\" loading=\"eager\" style=\"--ratio: 621 \/ 621\" sizes=\"(max-width: 621px) 100vw, 621px\" alt=\"MultiCargo \u2013 Oblaganje teretnog prostora za\u0161titnim oblogama naslovna\" title=\"MultiCargo \u2013 Oblaganje teretnog prostora za\u0161titnim oblogama naslovna\" width=\"621\" height=\"621\"  \/><\/a>\n\t<\/div>\n<\/div>\n\n\n<div class=\"post-entry-content\">\n\n\t<h3 class=\"entry-title\">\n\t\t<a href=\"https:\/\/www.multipartner.hr\/hr\/multicargo-oblaganje-teretnog-prostora-zastitnim-oblogama\/\" title=\"MultiCargo \u2013 Oblaganje teretnog prostora za\u0161titnim oblogama\" rel=\"bookmark\">MultiCargo \u2013 Oblaganje teretnog prostora za\u0161titnim oblogama<\/a>\n\t<\/h3>\n\n\t\n\t<div class=\"entry-excerpt\"><p>[vc_row][vc_column][vc_column_text] S ponosom predstavljamo novi sustav za\u0161titnih obloga teretnih prostora u suradnji s tvrtkom Maison iz Ukrajine. Sustav je pogodan za sve furgone na tr\u017ei\u0161tu. Tvrtka MultiPartner d.o.o. nudi nabavu po konkurentskim cijenama za Republiku Hrvatsku i \u010ditavu jugoisto\u010dnu Europu, brzi rok isporuke te povoljnu ugradnju. Nazovite nas s povjerenjem svaki radni dan od 8&hellip;<\/p>\n<\/div>\n\t\n<a href=\"https:\/\/www.multipartner.hr\/hr\/multicargo-oblaganje-teretnog-prostora-zastitnim-oblogama\/\" class=\"dt-btn-s dt-btn post-details details-type-btn\" aria-label=\"Read more about MultiCargo \u2013 Oblaganje teretnog prostora za\u0161titnim oblogama\">Saznajte vi\u0161e<i class=\"dt-icon-the7-arrow-03\" aria-hidden=\"true\"><\/i><\/a>\n\n<\/div><\/article><article class=\"post project-odd hidden post-3407 type-post status-publish format-standard has-post-thumbnail hentry category-novosti tag-aluminijski-teretni-sanduk tag-kilzna-cerada tag-multicargo category-18 description-off\" data-name=\"MultiCargo \u2013 Aluminijski teretni sanduk s kliznom ceradom\" data-date=\"%2\">\n\n<div class=\"post-thumbnail-wrap\">\n\t<div class=\"post-thumbnail\">\n\n\t\t\n\t\t\n\t\t<a href=\"https:\/\/www.multipartner.hr\/hr\/multicargo-aluminijski-teretni-sanduk-s-kliznom-ceradom\/\" class=\"post-thumbnail-rollover layzr-bg layzr-bg\" ><img decoding=\"async\" class=\"blog-thumb-lazy-load preload-me lazy-load aspect\" src=\"data:image\/svg+xml,%3Csvg%20xmlns%3D&#39;http%3A%2F%2Fwww.w3.org%2F2000%2Fsvg&#39;%20viewBox%3D&#39;0%200%20571%20571&#39;%2F%3E\" data-src=\"https:\/\/www.multipartner.hr\/wp-content\/uploads\/2022\/07\/MultiCargo-\u2013-Aluminijski-teretni-sanduk-s-kliznom-ceradom-N-571x571.jpg\" data-srcset=\"https:\/\/www.multipartner.hr\/wp-content\/uploads\/2022\/07\/MultiCargo-\u2013-Aluminijski-teretni-sanduk-s-kliznom-ceradom-N-571x571.jpg 571w\" loading=\"eager\" style=\"--ratio: 571 \/ 571\" sizes=\"(max-width: 571px) 100vw, 571px\" alt=\"MultiCargo \u2013 Aluminijski teretni sanduk s kliznom ceradom N\" title=\"MultiCargo \u2013 Aluminijski teretni sanduk s kliznom ceradom N\" width=\"571\" height=\"571\"  \/><\/a>\n\t<\/div>\n<\/div>\n\n\n<div class=\"post-entry-content\">\n\n\t<h3 class=\"entry-title\">\n\t\t<a href=\"https:\/\/www.multipartner.hr\/hr\/multicargo-aluminijski-teretni-sanduk-s-kliznom-ceradom\/\" title=\"MultiCargo \u2013 Aluminijski teretni sanduk s kliznom ceradom\" rel=\"bookmark\">MultiCargo \u2013 Aluminijski teretni sanduk s kliznom ceradom<\/a>\n\t<\/h3>\n\n\t\n\t<div class=\"entry-excerpt\"><p>[vc_row][vc_column][vc_column_text] Ovom nadogradnjom Renault Master furgona napravili smo lagano gospodarsko vozilo s velikim volumenom teretnog prostora te nosivo\u0161\u0107u od preko 1.000 kg. Koristili smo potpuno aluminijsku konstrukciju, a teretni prostor za\u0161titili smo kliznim bo\u010dnim ceradama sa zateza\u010dima. Stra\u017enja rolo cerada omogu\u0107uje brzo otvaranje i zatvaranje bez potrebe za prebacivanjem cerade. Za pove\u0107anu aerodinami\u010dnost i smanjenu&hellip;<\/p>\n<\/div>\n\t\n<a href=\"https:\/\/www.multipartner.hr\/hr\/multicargo-aluminijski-teretni-sanduk-s-kliznom-ceradom\/\" class=\"dt-btn-s dt-btn post-details details-type-btn\" aria-label=\"Read more about MultiCargo \u2013 Aluminijski teretni sanduk s kliznom ceradom\">Saznajte vi\u0161e<i class=\"dt-icon-the7-arrow-03\" aria-hidden=\"true\"><\/i><\/a>\n\n<\/div><\/article><article class=\"post project-odd hidden post-3392 type-post status-publish format-standard has-post-thumbnail hentry category-novosti tag-multicargo category-18 description-off\" data-name=\"MultiCargo \u2013 Zatvoreni aluminijski teretni sanduk za bitno ve\u0107u nosivost tereta\" data-date=\"%2\">\n\n<div class=\"post-thumbnail-wrap\">\n\t<div class=\"post-thumbnail\">\n\n\t\t\n\t\t\n\t\t<a href=\"https:\/\/www.multipartner.hr\/hr\/multicargo-zatvoreni-aluminijski-teretni-sanduk-za-bitno-vecu-nosivost-tereta\/\" class=\"post-thumbnail-rollover layzr-bg layzr-bg\" ><img decoding=\"async\" class=\"blog-thumb-lazy-load preload-me lazy-load aspect\" src=\"data:image\/svg+xml,%3Csvg%20xmlns%3D&#39;http%3A%2F%2Fwww.w3.org%2F2000%2Fsvg&#39;%20viewBox%3D&#39;0%200%20610%20610&#39;%2F%3E\" data-src=\"https:\/\/www.multipartner.hr\/wp-content\/uploads\/2022\/06\/MultiCargo-\u2013-Zatvoreni-aluminijski-teretni-sanduk-za-bitno-vecu-nosivost-tereta-1-610x610.jpg\" data-srcset=\"https:\/\/www.multipartner.hr\/wp-content\/uploads\/2022\/06\/MultiCargo-\u2013-Zatvoreni-aluminijski-teretni-sanduk-za-bitno-vecu-nosivost-tereta-1-610x610.jpg 610w\" loading=\"eager\" style=\"--ratio: 610 \/ 610\" sizes=\"(max-width: 610px) 100vw, 610px\" alt=\"MultiCargo \u2013 Zatvoreni aluminijski teretni sanduk za bitno ve\u0107u nosivost tereta\" title=\"MultiCargo \u2013 Zatvoreni aluminijski teretni sanduk za bitno ve\u0107u nosivost tereta 1\" width=\"610\" height=\"610\"  \/><\/a>\n\t<\/div>\n<\/div>\n\n\n<div class=\"post-entry-content\">\n\n\t<h3 class=\"entry-title\">\n\t\t<a href=\"https:\/\/www.multipartner.hr\/hr\/multicargo-zatvoreni-aluminijski-teretni-sanduk-za-bitno-vecu-nosivost-tereta\/\" title=\"MultiCargo \u2013 Zatvoreni aluminijski teretni sanduk za bitno ve\u0107u nosivost tereta\" rel=\"bookmark\">MultiCargo \u2013 Zatvoreni aluminijski teretni sanduk za bitno ve\u0107u nosivost tereta<\/a>\n\t<\/h3>\n\n\t\n\t<div class=\"entry-excerpt\"><p>[vc_row][vc_column][vc_column_text]Lagana konstrukcija i pomo\u0107na \u0161asija u potpunosti izra\u0111ene od aluminija te translucentni krov od poliestera \u010dine ovu nadogradnju vrlo laganom omogu\u0107avaju\u0107i bitno ve\u0107u nosivost tereta. Teretnom prostoru pristupa se kroz ugra\u0111enu stepenicu i dvostruka stra\u017enja vrata, a krovni spojler u boji karoserije ugra\u0111en je radi manjeg otpora zraka \u010dime smo direktno utjecali na smanjenu potro\u0161nju&hellip;<\/p>\n<\/div>\n\t\n<a href=\"https:\/\/www.multipartner.hr\/hr\/multicargo-zatvoreni-aluminijski-teretni-sanduk-za-bitno-vecu-nosivost-tereta\/\" class=\"dt-btn-s dt-btn post-details details-type-btn\" aria-label=\"Read more about MultiCargo \u2013 Zatvoreni aluminijski teretni sanduk za bitno ve\u0107u nosivost tereta\">Saznajte vi\u0161e<i class=\"dt-icon-the7-arrow-03\" aria-hidden=\"true\"><\/i><\/a>\n\n<\/div><\/article><article class=\"post project-odd hidden post-3333 type-post status-publish format-standard has-post-thumbnail hentry category-novosti tag-dhollandia tag-multicargo category-18 description-off\" data-name=\"MultiCargo \u2013 Aluminijski zatvoreni furgon s D&#8217;Hollandia utovarnom rampom\" data-date=\"%2\">\n\n<div class=\"post-thumbnail-wrap\">\n\t<div class=\"post-thumbnail\">\n\n\t\t\n\t\t\n\t\t<a href=\"https:\/\/www.multipartner.hr\/hr\/multicargo-aluminijski-zatvoreni-furgon-s-dhollandia-utovarnom-rampom\/\" class=\"post-thumbnail-rollover layzr-bg layzr-bg\" ><img decoding=\"async\" class=\"blog-thumb-lazy-load preload-me lazy-load aspect\" src=\"data:image\/svg+xml,%3Csvg%20xmlns%3D&#39;http%3A%2F%2Fwww.w3.org%2F2000%2Fsvg&#39;%20viewBox%3D&#39;0%200%20723%20723&#39;%2F%3E\" data-src=\"https:\/\/www.multipartner.hr\/wp-content\/uploads\/2022\/04\/MultiCargo-\u2013-aluminijski-zatvoreni-furgon-s-utovarnom-rampom-5-723x723.jpg\" data-srcset=\"https:\/\/www.multipartner.hr\/wp-content\/uploads\/2022\/04\/MultiCargo-\u2013-aluminijski-zatvoreni-furgon-s-utovarnom-rampom-5-723x723.jpg 723w\" loading=\"eager\" style=\"--ratio: 723 \/ 723\" sizes=\"(max-width: 723px) 100vw, 723px\" alt=\"MultiCargo \u2013 aluminijski zatvoreni furgon s utovarnom rampom\" title=\"MultiCargo \u2013 aluminijski zatvoreni furgon s utovarnom rampom 5\" width=\"723\" height=\"723\"  \/><\/a>\n\t<\/div>\n<\/div>\n\n\n<div class=\"post-entry-content\">\n\n\t<h3 class=\"entry-title\">\n\t\t<a href=\"https:\/\/www.multipartner.hr\/hr\/multicargo-aluminijski-zatvoreni-furgon-s-dhollandia-utovarnom-rampom\/\" title=\"MultiCargo \u2013 Aluminijski zatvoreni furgon s D&#8217;Hollandia utovarnom rampom\" rel=\"bookmark\">MultiCargo \u2013 Aluminijski zatvoreni furgon s D&#8217;Hollandia utovarnom rampom<\/a>\n\t<\/h3>\n\n\t\n\t<div class=\"entry-excerpt\"><p>[vc_row][vc_column][vc_column_text]Za kraj radnog tjedna predstavljamo laganu nadogradnju velikog volumena koja dolazi iz na\u0161eg MultiCargo programa. Na vozilo smo ugradili potpuno aluminijske stranice i pomo\u0107nu \u0161asiju te D&#8217;Hollandia utovarnu rampu s no\u017enih upravljanjem nosivosti 750 kg. Podnicu smo prekrili aluminijskim rebrastim limom za dodatnu otpornost na habanje.[\/vc_column_text][vc_media_grid element_width=&#8221;6&#8243; grid_id=&#8221;vc_gid:1650023761943-cdcfa9cb-929f-10&#8243; include=&#8221;3339,3337,3336,3335&#8243;][\/vc_column][\/vc_row][vc_row][vc_column][vc_column_text]MultiCargo program tvrtke MultiPartner nudi kompletna rje\u0161enja&hellip;<\/p>\n<\/div>\n\t\n<a href=\"https:\/\/www.multipartner.hr\/hr\/multicargo-aluminijski-zatvoreni-furgon-s-dhollandia-utovarnom-rampom\/\" class=\"dt-btn-s dt-btn post-details details-type-btn\" aria-label=\"Read more about MultiCargo \u2013 Aluminijski zatvoreni furgon s D&#8217;Hollandia utovarnom rampom\">Saznajte vi\u0161e<i class=\"dt-icon-the7-arrow-03\" aria-hidden=\"true\"><\/i><\/a>\n\n<\/div><\/article><article class=\"post project-odd hidden post-3294 type-post status-publish format-standard has-post-thumbnail hentry category-novosti tag-multicargo category-18 description-off\" data-name=\"MultiCargo &#8211; Dodatni red sjedala za furgone za prijevoz opreme i 6 + 1 putnika\" data-date=\"%2\">\n\n<div class=\"post-thumbnail-wrap\">\n\t<div class=\"post-thumbnail\">\n\n\t\t\n\t\t\n\t\t<a href=\"https:\/\/www.multipartner.hr\/hr\/multicargo-dodatni-red-sjedala-za-furgone-za-prijevoz-opreme-i-6-1-putnika\/\" class=\"post-thumbnail-rollover layzr-bg layzr-bg\" ><img decoding=\"async\" class=\"blog-thumb-lazy-load preload-me lazy-load aspect\" src=\"data:image\/svg+xml,%3Csvg%20xmlns%3D&#39;http%3A%2F%2Fwww.w3.org%2F2000%2Fsvg&#39;%20viewBox%3D&#39;0%200%20757%20757&#39;%2F%3E\" data-src=\"https:\/\/www.multipartner.hr\/wp-content\/uploads\/2022\/03\/multicargo-nadogradnja-furgona-za-prijevoz-ranika-i-opreme-f-757x757.jpg\" data-srcset=\"https:\/\/www.multipartner.hr\/wp-content\/uploads\/2022\/03\/multicargo-nadogradnja-furgona-za-prijevoz-ranika-i-opreme-f-757x757.jpg 757w, https:\/\/www.multipartner.hr\/wp-content\/uploads\/2022\/03\/multicargo-nadogradnja-furgona-za-prijevoz-ranika-i-opreme-f-756x757.jpg 756w\" loading=\"eager\" style=\"--ratio: 757 \/ 757\" sizes=\"(max-width: 757px) 100vw, 757px\" alt=\"MultiCargo - Dodatni red sjedala za furgone za prijevoz opreme i 6 + 1 putnika\" title=\"MultiCargo &#8211; Dodatni red sjedala za furgone za prijevoz opreme i 6 + 1 putnika\" width=\"757\" height=\"757\"  \/><\/a>\n\t<\/div>\n<\/div>\n\n\n<div class=\"post-entry-content\">\n\n\t<h3 class=\"entry-title\">\n\t\t<a href=\"https:\/\/www.multipartner.hr\/hr\/multicargo-dodatni-red-sjedala-za-furgone-za-prijevoz-opreme-i-6-1-putnika\/\" title=\"MultiCargo &#8211; Dodatni red sjedala za furgone za prijevoz opreme i 6 + 1 putnika\" rel=\"bookmark\">MultiCargo &#8211; Dodatni red sjedala za furgone za prijevoz opreme i 6 + 1 putnika<\/a>\n\t<\/h3>\n\n\t\n\t<div class=\"entry-excerpt\"><p>[vc_row][vc_column][vc_column_text]Uz na\u0161a klasi\u010dna MultiCargo rje\u0161enja koja uklju\u010duju izradu teretnih sanduka, termoizolacije, preinake vozila iz putni\u010dke M1 u teretnu N1 kategoriju te ugradnje utovarnih rampi i zra\u010dnih ovjesa, program nudi brze i povoljne nadogradnje furgona za prijevoz radnika i opreme. Ovakve nadogradnje posebno su zanimljive za gra\u0111evinski sektor i obrtni\u010dke usluge. Gospodarstvenicima pru\u017eaju trajne u\u0161tede u&hellip;<\/p>\n<\/div>\n\t\n<a href=\"https:\/\/www.multipartner.hr\/hr\/multicargo-dodatni-red-sjedala-za-furgone-za-prijevoz-opreme-i-6-1-putnika\/\" class=\"dt-btn-s dt-btn post-details details-type-btn\" aria-label=\"Read more about MultiCargo &#8211; Dodatni red sjedala za furgone za prijevoz opreme i 6 + 1 putnika\">Saznajte vi\u0161e<i class=\"dt-icon-the7-arrow-03\" aria-hidden=\"true\"><\/i><\/a>\n\n<\/div><\/article><article class=\"post project-odd hidden post-3155 type-post status-publish format-standard has-post-thumbnail hentry category-novosti tag-dhollandia tag-loading-ramps tag-multicargo tag-utovarne-rampe category-18 description-off\" data-name=\"Najpovoljnije opcije ugradnje D&#8217;HOLLANDIA utovarnih rampi\" data-date=\"%2\">\n\n<div class=\"post-thumbnail-wrap\">\n\t<div class=\"post-thumbnail\">\n\n\t\t\n\t\t\n\t\t<a href=\"https:\/\/www.multipartner.hr\/hr\/najpovoljnije-opcije-ugradnje-dhollandia-utovarnih-rampi\/\" class=\"post-thumbnail-rollover layzr-bg layzr-bg\" ><img decoding=\"async\" class=\"blog-thumb-lazy-load preload-me lazy-load aspect\" src=\"data:image\/svg+xml,%3Csvg%20xmlns%3D&#39;http%3A%2F%2Fwww.w3.org%2F2000%2Fsvg&#39;%20viewBox%3D&#39;0%200%20737%20737&#39;%2F%3E\" data-src=\"https:\/\/www.multipartner.hr\/wp-content\/uploads\/2022\/01\/DHOLLANDIA-737x737.jpg\" data-srcset=\"https:\/\/www.multipartner.hr\/wp-content\/uploads\/2022\/01\/DHOLLANDIA-737x737.jpg 737w\" loading=\"eager\" style=\"--ratio: 737 \/ 737\" sizes=\"(max-width: 737px) 100vw, 737px\" alt=\"\" title=\"DHOLLANDIA\" width=\"737\" height=\"737\"  \/><\/a>\n\t<\/div>\n<\/div>\n\n\n<div class=\"post-entry-content\">\n\n\t<h3 class=\"entry-title\">\n\t\t<a href=\"https:\/\/www.multipartner.hr\/hr\/najpovoljnije-opcije-ugradnje-dhollandia-utovarnih-rampi\/\" title=\"Najpovoljnije opcije ugradnje D&#8217;HOLLANDIA utovarnih rampi\" rel=\"bookmark\">Najpovoljnije opcije ugradnje D&#8217;HOLLANDIA utovarnih rampi<\/a>\n\t<\/h3>\n\n\t\n\t<div class=\"entry-excerpt\"><p>Za po\u010detak nove godine predstavljamo najpovoljnije opcije ugradnje utovarnih rampi renomiranog europskog proizvo\u0111a\u010da i na\u0161eg principala &#8212; D&#8217;HOLLANDIA. D\u2019HOLLANDIA je specijalizirani globalni proizvo\u0111a\u010d utovarnih rampi s tvorni\u010dkim pogonima diljem svijeta i europski proizvo\u0111a\u010d broj jedan za sve vrste utovarno-istovarnih rampi s proizvodnjom od vi\u0161e od 28.000 jedinica godi\u0161nje te vi\u0161e od 450.000 prodanih primjeraka od&hellip;<\/p>\n<\/div>\n\t\n<a href=\"https:\/\/www.multipartner.hr\/hr\/najpovoljnije-opcije-ugradnje-dhollandia-utovarnih-rampi\/\" class=\"dt-btn-s dt-btn post-details details-type-btn\" aria-label=\"Read more about Najpovoljnije opcije ugradnje D&#8217;HOLLANDIA utovarnih rampi\">Saznajte vi\u0161e<i class=\"dt-icon-the7-arrow-03\" aria-hidden=\"true\"><\/i><\/a>\n\n<\/div><\/article><article class=\"post project-odd hidden post-3109 type-post status-publish format-standard has-post-thumbnail hentry category-novosti tag-multicargo tag-specijalne-nadogradnje category-18 description-off\" data-name=\"MultiCargo \u2013 Specijalna nadogradnja za prijevoz stoke sitnog zuba\" data-date=\"%2\">\n\n<div class=\"post-thumbnail-wrap\">\n\t<div class=\"post-thumbnail\">\n\n\t\t\n\t\t\n\t\t<a href=\"https:\/\/www.multipartner.hr\/hr\/multicargo-specijalna-nadogradnja-za-prijevoz-stoke-sitnog-zuba\/\" class=\"post-thumbnail-rollover layzr-bg layzr-bg\" ><img decoding=\"async\" class=\"blog-thumb-lazy-load preload-me lazy-load aspect\" src=\"data:image\/svg+xml,%3Csvg%20xmlns%3D&#39;http%3A%2F%2Fwww.w3.org%2F2000%2Fsvg&#39;%20viewBox%3D&#39;0%200%20573%20573&#39;%2F%3E\" data-src=\"https:\/\/www.multipartner.hr\/wp-content\/uploads\/2021\/09\/nadogradnja-za-prijevoz-stoke-sitnog-zuba-4-573x573.jpg\" data-srcset=\"https:\/\/www.multipartner.hr\/wp-content\/uploads\/2021\/09\/nadogradnja-za-prijevoz-stoke-sitnog-zuba-4-573x573.jpg 573w\" loading=\"eager\" style=\"--ratio: 573 \/ 573\" sizes=\"(max-width: 573px) 100vw, 573px\" alt=\"Specijalna nadogradnja za prijevoz stoke sitnog zuba\" title=\"nadogradnja-za-prijevoz-stoke-sitnog-zuba-4\" width=\"573\" height=\"573\"  \/><\/a>\n\t<\/div>\n<\/div>\n\n\n<div class=\"post-entry-content\">\n\n\t<h3 class=\"entry-title\">\n\t\t<a href=\"https:\/\/www.multipartner.hr\/hr\/multicargo-specijalna-nadogradnja-za-prijevoz-stoke-sitnog-zuba\/\" title=\"MultiCargo \u2013 Specijalna nadogradnja za prijevoz stoke sitnog zuba\" rel=\"bookmark\">MultiCargo \u2013 Specijalna nadogradnja za prijevoz stoke sitnog zuba<\/a>\n\t<\/h3>\n\n\t\n\t<div class=\"entry-excerpt\"><p>MultiCargo program tvrtke MultiPartner d.o.o. ovaj tjedan predstavlja specijalno rje\u0161enje za utovar i prijevoz stoke sitnog zuba. Vozilo je opremljeno aluminijskom mehani\u010dkom rampom za utovar \u017eivotinja koja potpuno zatvara zadnju stranu i ceradom u gornjem dijelu teretnog prostora koja nudi u\u010dinkovitu za\u0161titu od direktnog sunca i ki\u0161e. Iznad bo\u010dnih aluminijskih stranica dodali smo mre\u017eu koja&hellip;<\/p>\n<\/div>\n\t\n<a href=\"https:\/\/www.multipartner.hr\/hr\/multicargo-specijalna-nadogradnja-za-prijevoz-stoke-sitnog-zuba\/\" class=\"dt-btn-s dt-btn post-details details-type-btn\" aria-label=\"Read more about MultiCargo \u2013 Specijalna nadogradnja za prijevoz stoke sitnog zuba\">Saznajte vi\u0161e<i class=\"dt-icon-the7-arrow-03\" aria-hidden=\"true\"><\/i><\/a>\n\n<\/div><\/article><article class=\"post project-odd hidden post-3107 type-post status-publish format-standard has-post-thumbnail hentry category-novosti tag-carrier-xarios-200 tag-multifrigo tag-rashladne-komore category-18 description-off\" data-name=\"MultiFrigo &#8211; Rashladna komora sa Carrier Xarios 200 ure\u0111ajem za prijevoz pokvarljivih namirnica\" data-date=\"%2\">\n\n<div class=\"post-thumbnail-wrap\">\n\t<div class=\"post-thumbnail\">\n\n\t\t\n\t\t\n\t\t<a href=\"https:\/\/www.multipartner.hr\/hr\/multifrigo-rashladna-komora-sa-carrier-xarios-200-uredajem-za-prijevoz-pokvarljivih-namirnica\/\" class=\"post-thumbnail-rollover layzr-bg layzr-bg\" ><img decoding=\"async\" class=\"blog-thumb-lazy-load preload-me lazy-load aspect\" src=\"data:image\/svg+xml,%3Csvg%20xmlns%3D&#39;http%3A%2F%2Fwww.w3.org%2F2000%2Fsvg&#39;%20viewBox%3D&#39;0%200%20702%20702&#39;%2F%3E\" data-src=\"https:\/\/www.multipartner.hr\/wp-content\/uploads\/2021\/09\/rashladna-komora-carrier-xarios-200-a-702x702.jpg\" data-srcset=\"https:\/\/www.multipartner.hr\/wp-content\/uploads\/2021\/09\/rashladna-komora-carrier-xarios-200-a-702x702.jpg 702w\" loading=\"eager\" style=\"--ratio: 702 \/ 702\" sizes=\"(max-width: 702px) 100vw, 702px\" alt=\"\" title=\"rashladna-komora-carrier-xarios-200-a\" width=\"702\" height=\"702\"  \/><\/a>\n\t<\/div>\n<\/div>\n\n\n<div class=\"post-entry-content\">\n\n\t<h3 class=\"entry-title\">\n\t\t<a href=\"https:\/\/www.multipartner.hr\/hr\/multifrigo-rashladna-komora-sa-carrier-xarios-200-uredajem-za-prijevoz-pokvarljivih-namirnica\/\" title=\"MultiFrigo &#8211; Rashladna komora sa Carrier Xarios 200 ure\u0111ajem za prijevoz pokvarljivih namirnica\" rel=\"bookmark\">MultiFrigo &#8211; Rashladna komora sa Carrier Xarios 200 ure\u0111ajem za prijevoz pokvarljivih namirnica<\/a>\n\t<\/h3>\n\n\t\n\t<div class=\"entry-excerpt\"><p>MultiFrigo program tvrtke MultiPartner d.o.o. iz Rijeke predstavlja jo\u0161 jednu visokokvalitetnu nadogradnju za prijevoz pokvarljivih namirnica. U potpunosti dizajnirana u na\u0161em tehni\u010dkom odjelu, ova termoizolirana rashladna komora pored velike stra\u017enje stranice za utovar ima i jedna bo\u010dna vrata manjih dimenzija koja bitno pove\u0107ava fleksibilnost prijevoza. Komora mo\u017ee spremiti oko 900 kg namirnica, a pogonjena je&hellip;<\/p>\n<\/div>\n\t\n<a href=\"https:\/\/www.multipartner.hr\/hr\/multifrigo-rashladna-komora-sa-carrier-xarios-200-uredajem-za-prijevoz-pokvarljivih-namirnica\/\" class=\"dt-btn-s dt-btn post-details details-type-btn\" aria-label=\"Read more about MultiFrigo &#8211; Rashladna komora sa Carrier Xarios 200 ure\u0111ajem za prijevoz pokvarljivih namirnica\">Saznajte vi\u0161e<i class=\"dt-icon-the7-arrow-03\" aria-hidden=\"true\"><\/i><\/a>\n\n<\/div><\/article><article class=\"post project-odd hidden post-3117 type-post status-publish format-standard has-post-thumbnail hentry category-novosti tag-handytech tag-multimobility category-18 description-off\" data-name=\"MultiMobility \u2013 HandyTech oprema za upravljanje glavnim funkcijama vozila jednom rukom na volanu\" data-date=\"%2\">\n\n<div class=\"post-thumbnail-wrap\">\n\t<div class=\"post-thumbnail\">\n\n\t\t\n\t\t\n\t\t<a href=\"https:\/\/www.multipartner.hr\/hr\/multimobility-handytech-oprema-za-upravljanje-glavnim-funkcijama-vozila-jednom-rukom-na-volanu\/\" class=\"post-thumbnail-rollover layzr-bg layzr-bg\" ><img decoding=\"async\" class=\"blog-thumb-lazy-load preload-me lazy-load aspect\" src=\"data:image\/svg+xml,%3Csvg%20xmlns%3D&#39;http%3A%2F%2Fwww.w3.org%2F2000%2Fsvg&#39;%20viewBox%3D&#39;0%200%20768%20768&#39;%2F%3E\" data-src=\"https:\/\/www.multipartner.hr\/wp-content\/uploads\/2021\/10\/HandyTech-Upravljanje-vozilom-jednom-rukom-MultiMobility-4-768x768.jpg\" data-srcset=\"https:\/\/www.multipartner.hr\/wp-content\/uploads\/2021\/10\/HandyTech-Upravljanje-vozilom-jednom-rukom-MultiMobility-4-768x768.jpg 768w, https:\/\/www.multipartner.hr\/wp-content\/uploads\/2021\/10\/HandyTech-Upravljanje-vozilom-jednom-rukom-MultiMobility-4-951x951.jpg 951w\" loading=\"eager\" style=\"--ratio: 768 \/ 768\" sizes=\"(max-width: 768px) 100vw, 768px\" alt=\"\" title=\"HandyTech &#8211; Upravljanje vozilom jednom rukom &#8211; MultiMobility &#8211; 4\" width=\"768\" height=\"768\"  \/><\/a>\n\t<\/div>\n<\/div>\n\n\n<div class=\"post-entry-content\">\n\n\t<h3 class=\"entry-title\">\n\t\t<a href=\"https:\/\/www.multipartner.hr\/hr\/multimobility-handytech-oprema-za-upravljanje-glavnim-funkcijama-vozila-jednom-rukom-na-volanu\/\" title=\"MultiMobility \u2013 HandyTech oprema za upravljanje glavnim funkcijama vozila jednom rukom na volanu\" rel=\"bookmark\">MultiMobility \u2013 HandyTech oprema za upravljanje glavnim funkcijama vozila jednom rukom na volanu<\/a>\n\t<\/h3>\n\n\t\n\t<div class=\"entry-excerpt\"><p>Na\u0161e vi\u0161egodi\u0161nje iskustvo u projektiranju i nadogradnji vozila namijenjenih osobama s razli\u010ditim stupnjevima invaliditeta jo\u0161 2019. godine rezultiralo je ovla\u0161tenim zastupni\u0161tvom za sve proizvode talijanske tvrtke HandyTech &#8211; specijalizirane za razvoj inovativnih rje\u0161enja i opremanje vozila za osobe smanjene pokretljivosti. Danas predstavljamo opremu za upravljanje svim bitnim funkcijama vozila jednom rukom na volanu. Sustav omogu\u0107uje&hellip;<\/p>\n<\/div>\n\t\n<a href=\"https:\/\/www.multipartner.hr\/hr\/multimobility-handytech-oprema-za-upravljanje-glavnim-funkcijama-vozila-jednom-rukom-na-volanu\/\" class=\"dt-btn-s dt-btn post-details details-type-btn\" aria-label=\"Read more about MultiMobility \u2013 HandyTech oprema za upravljanje glavnim funkcijama vozila jednom rukom na volanu\">Saznajte vi\u0161e<i class=\"dt-icon-the7-arrow-03\" aria-hidden=\"true\"><\/i><\/a>\n\n<\/div><\/article><article class=\"post project-odd hidden post-3105 type-post status-publish format-standard has-post-thumbnail hentry category-novosti tag-multicargo tag-spavaca-kabina category-18 description-off\" data-name=\"MultiCargo &#8211; Aluminijski teretni sanduk s ceradom i spava\u0107om kabinom\" data-date=\"%2\">\n\n<div class=\"post-thumbnail-wrap\">\n\t<div class=\"post-thumbnail\">\n\n\t\t\n\t\t\n\t\t<a href=\"https:\/\/www.multipartner.hr\/hr\/multicargo-aluminijski-teretni-sanduk-s-ceradom-i-spavacom-kabinom\/\" class=\"post-thumbnail-rollover layzr-bg layzr-bg\" ><img decoding=\"async\" class=\"blog-thumb-lazy-load preload-me lazy-load aspect\" src=\"data:image\/svg+xml,%3Csvg%20xmlns%3D&#39;http%3A%2F%2Fwww.w3.org%2F2000%2Fsvg&#39;%20viewBox%3D&#39;0%200%20752%20752&#39;%2F%3E\" data-src=\"https:\/\/www.multipartner.hr\/wp-content\/uploads\/2021\/09\/MultiCargo-Aluminijski-teretni-sanduk-s-ceradom-i-spavacom-kabinom-1-752x752.jpg\" data-srcset=\"https:\/\/www.multipartner.hr\/wp-content\/uploads\/2021\/09\/MultiCargo-Aluminijski-teretni-sanduk-s-ceradom-i-spavacom-kabinom-1-752x752.jpg 752w\" loading=\"eager\" style=\"--ratio: 752 \/ 752\" sizes=\"(max-width: 752px) 100vw, 752px\" alt=\"MultiCargo - Aluminijski teretni sanduk s ceradom i spava\u0107om kabinom\" title=\"MultiCargo &#8211; Aluminijski teretni sanduk s ceradom i spava\u0107om kabinom 1\" width=\"752\" height=\"752\"  \/><\/a>\n\t<\/div>\n<\/div>\n\n\n<div class=\"post-entry-content\">\n\n\t<h3 class=\"entry-title\">\n\t\t<a href=\"https:\/\/www.multipartner.hr\/hr\/multicargo-aluminijski-teretni-sanduk-s-ceradom-i-spavacom-kabinom\/\" title=\"MultiCargo &#8211; Aluminijski teretni sanduk s ceradom i spava\u0107om kabinom\" rel=\"bookmark\">MultiCargo &#8211; Aluminijski teretni sanduk s ceradom i spava\u0107om kabinom<\/a>\n\t<\/h3>\n\n\t\n\t<div class=\"entry-excerpt\"><p>Ova funkcionalna nadogradnja s ceradom du\u017eine 4.3 metra, visine 2.4 metra te \u0161irine 2.2 metra osigurava prijevoz velikog volumena na vozilima B kategorije. Teretni sanduk izra\u0111en je od aluminija te osigurava nosivost od preko 1.000 kg. Aluminij je materijal kojeg \u010de\u0161\u0107e preporu\u010dujemo kod izrade teretnih sanduka zbog o\u010duvanja nosivosti vozila, nije korozivan, dugoro\u010dno je isplativiji&hellip;<\/p>\n<\/div>\n\t\n<a href=\"https:\/\/www.multipartner.hr\/hr\/multicargo-aluminijski-teretni-sanduk-s-ceradom-i-spavacom-kabinom\/\" class=\"dt-btn-s dt-btn post-details details-type-btn\" aria-label=\"Read more about MultiCargo &#8211; Aluminijski teretni sanduk s ceradom i spava\u0107om kabinom\">Saznajte vi\u0161e<i class=\"dt-icon-the7-arrow-03\" aria-hidden=\"true\"><\/i><\/a>\n\n<\/div><\/article><article class=\"post project-odd hidden post-3069 type-post status-publish format-standard has-post-thumbnail hentry category-novosti tag-aluminijski-kiperi tag-aluminum-three-way-tippers tag-multicargo category-18 description-off\" data-name=\"MultiCargo &#8211; Aluminijska kiperska nadogradnja\" data-date=\"%2\">\n\n<div class=\"post-thumbnail-wrap\">\n\t<div class=\"post-thumbnail\">\n\n\t\t\n\t\t\n\t\t<a href=\"https:\/\/www.multipartner.hr\/hr\/multicargo-aluminijska-kiperska-nadogradnja\/\" class=\"post-thumbnail-rollover layzr-bg layzr-bg\" ><img decoding=\"async\" class=\"blog-thumb-lazy-load preload-me lazy-load aspect\" src=\"data:image\/svg+xml,%3Csvg%20xmlns%3D&#39;http%3A%2F%2Fwww.w3.org%2F2000%2Fsvg&#39;%20viewBox%3D&#39;0%200%20658%20658&#39;%2F%3E\" data-src=\"https:\/\/www.multipartner.hr\/wp-content\/uploads\/2021\/09\/aluminijska-kiperska-nadogradnja-1-658x658.jpg\" data-srcset=\"https:\/\/www.multipartner.hr\/wp-content\/uploads\/2021\/09\/aluminijska-kiperska-nadogradnja-1-658x658.jpg 658w\" loading=\"eager\" style=\"--ratio: 658 \/ 658\" sizes=\"(max-width: 658px) 100vw, 658px\" alt=\"Aluminijska kiperska nadogradnja\" title=\"Aluminijska kiperska nadogradnja\" width=\"658\" height=\"658\"  \/><\/a>\n\t<\/div>\n<\/div>\n\n\n<div class=\"post-entry-content\">\n\n\t<h3 class=\"entry-title\">\n\t\t<a href=\"https:\/\/www.multipartner.hr\/hr\/multicargo-aluminijska-kiperska-nadogradnja\/\" title=\"MultiCargo &#8211; Aluminijska kiperska nadogradnja\" rel=\"bookmark\">MultiCargo &#8211; Aluminijska kiperska nadogradnja<\/a>\n\t<\/h3>\n\n\t\n\t<div class=\"entry-excerpt\"><p>Ova kiperska nadogradnja za vozilo s dvostrukom kabinom u potpunosti je izra\u0111ena od aluminija te je kao takva idealna za laka gospodarska vozila u gra\u0111evinskom sektoru. Sustav omogu\u0107uje trostrano kipanje s automatskim podizanjem stra\u017enje stranice. Aluminijska konstrukcija omogu\u0107uje pove\u0107anu nosivost te dugotrajnu eksploataciju zbog otpornosti aluminija na koroziju. MultiCargo program tvrtke MultiPartner nudi kompletna rje\u0161enja&hellip;<\/p>\n<\/div>\n\t\n<a href=\"https:\/\/www.multipartner.hr\/hr\/multicargo-aluminijska-kiperska-nadogradnja\/\" class=\"dt-btn-s dt-btn post-details details-type-btn\" aria-label=\"Read more about MultiCargo &#8211; Aluminijska kiperska nadogradnja\">Saznajte vi\u0161e<i class=\"dt-icon-the7-arrow-03\" aria-hidden=\"true\"><\/i><\/a>\n\n<\/div><\/article><article class=\"post project-odd hidden post-3053 type-post status-publish format-standard has-post-thumbnail hentry category-novosti tag-carrier-neos-100 tag-multifrigo category-18 description-off\" data-name=\"MultiFrigo \u2013 Baterijski rashladni ure\u0111aj Carrier Neos 100 za prijevoz ribe i ribljih proizvoda\" data-date=\"%2\">\n\n<div class=\"post-thumbnail-wrap\">\n\t<div class=\"post-thumbnail\">\n\n\t\t\n\t\t\n\t\t<a href=\"https:\/\/www.multipartner.hr\/hr\/multifrigo-baterijski-rashladni-uredaj-carrier-neos-100-za-prijevoz-ribe-i-ribljih-proizvoda\/\" class=\"post-thumbnail-rollover layzr-bg layzr-bg\" ><img decoding=\"async\" class=\"blog-thumb-lazy-load preload-me lazy-load aspect\" src=\"data:image\/svg+xml,%3Csvg%20xmlns%3D&#39;http%3A%2F%2Fwww.w3.org%2F2000%2Fsvg&#39;%20viewBox%3D&#39;0%200%20749%20749&#39;%2F%3E\" data-src=\"https:\/\/www.multipartner.hr\/wp-content\/uploads\/2021\/08\/carrier-neos-100-rashladni-uredaj-749x749.jpg\" data-srcset=\"https:\/\/www.multipartner.hr\/wp-content\/uploads\/2021\/08\/carrier-neos-100-rashladni-uredaj-749x749.jpg 749w\" loading=\"eager\" style=\"--ratio: 749 \/ 749\" sizes=\"(max-width: 749px) 100vw, 749px\" alt=\"carrier neos 100 rashladni uredaj\" title=\"carrier neos 100 rashladni uredaj\" width=\"749\" height=\"749\"  \/><\/a>\n\t<\/div>\n<\/div>\n\n\n<div class=\"post-entry-content\">\n\n\t<h3 class=\"entry-title\">\n\t\t<a href=\"https:\/\/www.multipartner.hr\/hr\/multifrigo-baterijski-rashladni-uredaj-carrier-neos-100-za-prijevoz-ribe-i-ribljih-proizvoda\/\" title=\"MultiFrigo \u2013 Baterijski rashladni ure\u0111aj Carrier Neos 100 za prijevoz ribe i ribljih proizvoda\" rel=\"bookmark\">MultiFrigo \u2013 Baterijski rashladni ure\u0111aj Carrier Neos 100 za prijevoz ribe i ribljih proizvoda<\/a>\n\t<\/h3>\n\n\t\n\t<div class=\"entry-excerpt\"><p>Za sva manja dostavna vozila namijenjena prijevozu svje\u017eih namirnica, predstavljamo baterijski rashladni ure\u0111aj Carrier Neos 100 za gospodarska vozila zapremnine do 6 m3. Ovaj se ure\u0111aj prema individualnim potrebama ili mogu\u0107nostima mo\u017ee ugraditi u sva dostavna vozila te ne treba dodatni nosa\u010d kompresora jer je pogonjen preko baterije vozila. Ova prednost je osobito bitna za&hellip;<\/p>\n<\/div>\n\t\n<a href=\"https:\/\/www.multipartner.hr\/hr\/multifrigo-baterijski-rashladni-uredaj-carrier-neos-100-za-prijevoz-ribe-i-ribljih-proizvoda\/\" class=\"dt-btn-s dt-btn post-details details-type-btn\" aria-label=\"Read more about MultiFrigo \u2013 Baterijski rashladni ure\u0111aj Carrier Neos 100 za prijevoz ribe i ribljih proizvoda\">Saznajte vi\u0161e<i class=\"dt-icon-the7-arrow-03\" aria-hidden=\"true\"><\/i><\/a>\n\n<\/div><\/article><article class=\"post project-odd hidden post-3017 type-post status-publish format-standard has-post-thumbnail hentry category-novosti tag-multimobility tag-turny-evo category-18 description-off\" data-name=\"MultiMobility \u2013 Turny Evo: Najnaprednije elektri\u010dno zakretno sjedalo dostupno u RH\" data-date=\"%2\">\n\n<div class=\"post-thumbnail-wrap\">\n\t<div class=\"post-thumbnail\">\n\n\t\t\n\t\t\n\t\t<a href=\"https:\/\/www.multipartner.hr\/hr\/multimobility-turny-evo-najnaprednije-elektricno-zakretno-sjedalo-dostupno-u-rh\/\" class=\"post-thumbnail-rollover layzr-bg layzr-bg\" ><img decoding=\"async\" class=\"blog-thumb-lazy-load preload-me lazy-load aspect\" src=\"data:image\/svg+xml,%3Csvg%20xmlns%3D&#39;http%3A%2F%2Fwww.w3.org%2F2000%2Fsvg&#39;%20viewBox%3D&#39;0%200%20501%20501&#39;%2F%3E\" data-src=\"https:\/\/www.multipartner.hr\/wp-content\/uploads\/2021\/04\/turnyevo_BraunAbility-501x501.jpg\" data-srcset=\"https:\/\/www.multipartner.hr\/wp-content\/uploads\/2021\/04\/turnyevo_BraunAbility-501x501.jpg 501w, https:\/\/www.multipartner.hr\/wp-content\/uploads\/2021\/04\/turnyevo_BraunAbility-500x501.jpg 500w\" loading=\"eager\" style=\"--ratio: 501 \/ 501\" sizes=\"(max-width: 501px) 100vw, 501px\" alt=\"\" title=\"Turny Evo\" width=\"501\" height=\"501\"  \/><\/a>\n\t<\/div>\n<\/div>\n\n\n<div class=\"post-entry-content\">\n\n\t<h3 class=\"entry-title\">\n\t\t<a href=\"https:\/\/www.multipartner.hr\/hr\/multimobility-turny-evo-najnaprednije-elektricno-zakretno-sjedalo-dostupno-u-rh\/\" title=\"MultiMobility \u2013 Turny Evo: Najnaprednije elektri\u010dno zakretno sjedalo dostupno u RH\" rel=\"bookmark\">MultiMobility \u2013 Turny Evo: Najnaprednije elektri\u010dno zakretno sjedalo dostupno u RH<\/a>\n\t<\/h3>\n\n\t\n\t<div class=\"entry-excerpt\"><p>S ponosom predstavljamo prvu ugradnju BraunAbility Turny Evo sustava u Republici Hrvatskoj. Ova nadogradnja dolazi u sklopu na\u0161eg MultiMobility programa &#8212; centru mobilnosti osoba s invaliditetom, a odra\u0111ena je na baznom vozilu Mercedes-Benz E-klase. BraunAbility Turny Evo je trenutno najnaprednije elektri\u010dno zakretno sjedalo koje omogu\u0107uje izuzetno lagan ulaz u vozilo svim osobama s invaliditetom, pogotovo&hellip;<\/p>\n<\/div>\n\t\n<a href=\"https:\/\/www.multipartner.hr\/hr\/multimobility-turny-evo-najnaprednije-elektricno-zakretno-sjedalo-dostupno-u-rh\/\" class=\"dt-btn-s dt-btn post-details details-type-btn\" aria-label=\"Read more about MultiMobility \u2013 Turny Evo: Najnaprednije elektri\u010dno zakretno sjedalo dostupno u RH\">Saznajte vi\u0161e<i class=\"dt-icon-the7-arrow-03\" aria-hidden=\"true\"><\/i><\/a>\n\n<\/div><\/article><article class=\"post project-odd hidden post-2991 type-post status-publish format-standard has-post-thumbnail hentry category-novosti tag-flexi-ramp tag-multimobility category-18 description-off\" data-name=\"MultiMobility \u2013 Flexi Ramp sustav za Peugeot\u00a0Rifter\u00a0L2\" data-date=\"%2\">\n\n<div class=\"post-thumbnail-wrap\">\n\t<div class=\"post-thumbnail\">\n\n\t\t\n\t\t\n\t\t<a href=\"https:\/\/www.multipartner.hr\/hr\/multimobility-flexi-ramp-peugeot-rifter-l2\/\" class=\"post-thumbnail-rollover layzr-bg layzr-bg\" ><img decoding=\"async\" class=\"blog-thumb-lazy-load preload-me lazy-load aspect\" src=\"data:image\/svg+xml,%3Csvg%20xmlns%3D&#39;http%3A%2F%2Fwww.w3.org%2F2000%2Fsvg&#39;%20viewBox%3D&#39;0%200%20768%20768&#39;%2F%3E\" data-src=\"https:\/\/www.multipartner.hr\/wp-content\/uploads\/2021\/03\/Flexi-Ramp-Peugeot-Rifter-L2-b-768x768.jpg\" data-srcset=\"https:\/\/www.multipartner.hr\/wp-content\/uploads\/2021\/03\/Flexi-Ramp-Peugeot-Rifter-L2-b-768x768.jpg 768w, https:\/\/www.multipartner.hr\/wp-content\/uploads\/2021\/03\/Flexi-Ramp-Peugeot-Rifter-L2-b-998x998.jpg 998w\" loading=\"eager\" style=\"--ratio: 768 \/ 768\" sizes=\"(max-width: 768px) 100vw, 768px\" alt=\"Flexi Ramp Peugeot Rifter L2\" title=\"Flexi Ramp Peugeot Rifter L2\" width=\"768\" height=\"768\"  \/><\/a>\n\t<\/div>\n<\/div>\n\n\n<div class=\"post-entry-content\">\n\n\t<h3 class=\"entry-title\">\n\t\t<a href=\"https:\/\/www.multipartner.hr\/hr\/multimobility-flexi-ramp-peugeot-rifter-l2\/\" title=\"MultiMobility \u2013 Flexi Ramp sustav za Peugeot\u00a0Rifter\u00a0L2\" rel=\"bookmark\">MultiMobility \u2013 Flexi Ramp sustav za Peugeot\u00a0Rifter\u00a0L2<\/a>\n\t<\/h3>\n\n\t\n\t<div class=\"entry-excerpt\"><p>Ponuda na\u0161eg MultiMobility programa oboga\u0107ena je jedinstvenim Flexi Ramp sustavom za Peugeot Rifter L2 koji omogu\u0107uje prijevoz jedne osobe u invalidskim kolicima i jo\u0161 \u010detiri putnika. Sustav odlikuje sigurno i pouzdano vezanje kolica uz pomo\u0107 retraktora kao i osobe u kolicima putem sigurnosnog pojasa u 3 to\u010dke. Ovaj jedinstveni sustav na tr\u017ei\u0161tu odlikuje jednostavno kori\u0161tenje&hellip;<\/p>\n<\/div>\n\t\n<a href=\"https:\/\/www.multipartner.hr\/hr\/multimobility-flexi-ramp-peugeot-rifter-l2\/\" class=\"dt-btn-s dt-btn post-details details-type-btn\" aria-label=\"Read more about MultiMobility \u2013 Flexi Ramp sustav za Peugeot\u00a0Rifter\u00a0L2\">Saznajte vi\u0161e<i class=\"dt-icon-the7-arrow-03\" aria-hidden=\"true\"><\/i><\/a>\n\n<\/div><\/article><article class=\"post project-odd hidden post-2972 type-post status-publish format-standard has-post-thumbnail hentry category-novosti tag-gentili tag-special tag-specijalne-nadogradnje category-18 description-off\" data-name=\"GENTILI &#8220;Infinity&#8221; &#8211; Specijalni sustav za pokretne radionice\" data-date=\"%2\">\n\n<div class=\"post-thumbnail-wrap\">\n\t<div class=\"post-thumbnail\">\n\n\t\t\n\t\t\n\t\t<a href=\"https:\/\/www.multipartner.hr\/hr\/gentili-infinity-specijalni-sustav-za-pokretne-radionice\/\" class=\"post-thumbnail-rollover layzr-bg layzr-bg\" ><img decoding=\"async\" class=\"blog-thumb-lazy-load preload-me lazy-load aspect\" src=\"data:image\/svg+xml,%3Csvg%20xmlns%3D&#39;http%3A%2F%2Fwww.w3.org%2F2000%2Fsvg&#39;%20viewBox%3D&#39;0%200%20738%20738&#39;%2F%3E\" data-src=\"https:\/\/www.multipartner.hr\/wp-content\/uploads\/2021\/03\/gentili-infinity-feat-738x738.jpg\" data-srcset=\"https:\/\/www.multipartner.hr\/wp-content\/uploads\/2021\/03\/gentili-infinity-feat-738x738.jpg 738w\" loading=\"eager\" style=\"--ratio: 738 \/ 738\" sizes=\"(max-width: 738px) 100vw, 738px\" alt=\"Gentili Infinity\" title=\"Gentili Infinity\" width=\"738\" height=\"738\"  \/><\/a>\n\t<\/div>\n<\/div>\n\n\n<div class=\"post-entry-content\">\n\n\t<h3 class=\"entry-title\">\n\t\t<a href=\"https:\/\/www.multipartner.hr\/hr\/gentili-infinity-specijalni-sustav-za-pokretne-radionice\/\" title=\"GENTILI &#8220;Infinity&#8221; &#8211; Specijalni sustav za pokretne radionice\" rel=\"bookmark\">GENTILI &#8220;Infinity&#8221; &#8211; Specijalni sustav za pokretne radionice<\/a>\n\t<\/h3>\n\n\t\n\t<div class=\"entry-excerpt\"><p>Obrtnici i majstori, predstavite sebe i svoj posao na najbolji mogu\u0107i na\u010din uz posebno vozilo organizirano kao pokretnu radionicu. Profesionalna oprema za prave profesionalce, GENTILI specijalni sustav &#8220;Infinity&#8221; sastavljen je od aluminijskih komponenti potpuno prilago\u0111enih za pokretne radionice. Sustav nudi konfiguraciju za sve potrebe &#8212; police, ladice, kutije za sitni materijal, posebne odjeljke, sustave za&hellip;<\/p>\n<\/div>\n\t\n<a href=\"https:\/\/www.multipartner.hr\/hr\/gentili-infinity-specijalni-sustav-za-pokretne-radionice\/\" class=\"dt-btn-s dt-btn post-details details-type-btn\" aria-label=\"Read more about GENTILI &#8220;Infinity&#8221; &#8211; Specijalni sustav za pokretne radionice\">Saznajte vi\u0161e<i class=\"dt-icon-the7-arrow-03\" aria-hidden=\"true\"><\/i><\/a>\n\n<\/div><\/article><article class=\"post project-odd hidden post-2964 type-post status-publish format-standard has-post-thumbnail hentry category-novosti tag-fresco-genius tag-multicomfort tag-parking-klima category-18 description-off\" data-name=\"Nova lista vozila za revolucionarni, 100% nevidljivi FRESCO GENIUS parking klima ure\u0111aj\" data-date=\"%2\">\n\n<div class=\"post-thumbnail-wrap\">\n\t<div class=\"post-thumbnail\">\n\n\t\t\n\t\t\n\t\t<a href=\"https:\/\/www.multipartner.hr\/hr\/nova-lista-vozila-za-revolucionarni-100-nevidljivi-fresco-genius-parking-klima-uredaj\/\" class=\"post-thumbnail-rollover layzr-bg layzr-bg\" ><img decoding=\"async\" class=\"blog-thumb-lazy-load preload-me lazy-load aspect\" src=\"data:image\/svg+xml,%3Csvg%20xmlns%3D&#39;http%3A%2F%2Fwww.w3.org%2F2000%2Fsvg&#39;%20viewBox%3D&#39;0%200%20491%20491&#39;%2F%3E\" data-src=\"https:\/\/www.multipartner.hr\/wp-content\/uploads\/2019\/03\/Selection_999908-491x491.jpg\" data-srcset=\"https:\/\/www.multipartner.hr\/wp-content\/uploads\/2019\/03\/Selection_999908-491x491.jpg 491w\" loading=\"eager\" style=\"--ratio: 491 \/ 491\" sizes=\"(max-width: 491px) 100vw, 491px\" alt=\"\" title=\"FRESCO GENIUS INSIDE\" width=\"491\" height=\"491\"  \/><\/a>\n\t<\/div>\n<\/div>\n\n\n<div class=\"post-entry-content\">\n\n\t<h3 class=\"entry-title\">\n\t\t<a href=\"https:\/\/www.multipartner.hr\/hr\/nova-lista-vozila-za-revolucionarni-100-nevidljivi-fresco-genius-parking-klima-uredaj\/\" title=\"Nova lista vozila za revolucionarni, 100% nevidljivi FRESCO GENIUS parking klima ure\u0111aj\" rel=\"bookmark\">Nova lista vozila za revolucionarni, 100% nevidljivi FRESCO GENIUS parking klima ure\u0111aj<\/a>\n\t<\/h3>\n\n\t\n\t<div class=\"entry-excerpt\"><p>Multipartner d.o.o. je jedini ovla\u0161teni distributer za Republiku Hrvatsku revolucionarnog, 100% nevidljivog FRESCO GENIUS kamionskog klima ure\u0111aja kojeg je od sada mogu\u0107e ugraditi na jo\u0161 vi\u0161e vrsta vozila: MAN TGX sa motorima Euro5, Euro6 (12,4L i 15,2L motori), kabine XL-XXL i XLX, nove TGX kabine GX-GM-GN Iveco Stralis motor Euro5 (Cursor 10-11-13) diesel i metan,&hellip;<\/p>\n<\/div>\n\t\n<a href=\"https:\/\/www.multipartner.hr\/hr\/nova-lista-vozila-za-revolucionarni-100-nevidljivi-fresco-genius-parking-klima-uredaj\/\" class=\"dt-btn-s dt-btn post-details details-type-btn\" aria-label=\"Read more about Nova lista vozila za revolucionarni, 100% nevidljivi FRESCO GENIUS parking klima ure\u0111aj\">Saznajte vi\u0161e<i class=\"dt-icon-the7-arrow-03\" aria-hidden=\"true\"><\/i><\/a>\n\n<\/div><\/article><article class=\"post project-odd hidden post-2954 type-post status-publish format-standard has-post-thumbnail hentry category-novosti tag-specijalne-nadogradnje category-18 description-off\" data-name=\"Nadogradnje vozila za auto\u0161kole &#8211; novi specijalizirani program tvrtke MultiPartner d.o.o.\" data-date=\"%2\">\n\n<div class=\"post-thumbnail-wrap\">\n\t<div class=\"post-thumbnail\">\n\n\t\t\n\t\t\n\t\t<a href=\"https:\/\/www.multipartner.hr\/hr\/nadogradnje-vozila-za-autoskole-novi-specijalizirani-program-tvrtke-multipartner-d-o-o\/\" class=\"post-thumbnail-rollover layzr-bg layzr-bg\" ><img decoding=\"async\" class=\"blog-thumb-lazy-load preload-me lazy-load aspect\" src=\"data:image\/svg+xml,%3Csvg%20xmlns%3D&#39;http%3A%2F%2Fwww.w3.org%2F2000%2Fsvg&#39;%20viewBox%3D&#39;0%200%20448%20448&#39;%2F%3E\" data-src=\"https:\/\/www.multipartner.hr\/wp-content\/uploads\/2021\/02\/autoskola-nadogradnja-multipartner-448x448.jpg\" data-srcset=\"https:\/\/www.multipartner.hr\/wp-content\/uploads\/2021\/02\/autoskola-nadogradnja-multipartner-448x448.jpg 448w\" loading=\"eager\" style=\"--ratio: 448 \/ 448\" sizes=\"(max-width: 448px) 100vw, 448px\" alt=\"\" title=\"autoskola-nadogradnja-multipartner\" width=\"448\" height=\"448\"  \/><\/a>\n\t<\/div>\n<\/div>\n\n\n<div class=\"post-entry-content\">\n\n\t<h3 class=\"entry-title\">\n\t\t<a href=\"https:\/\/www.multipartner.hr\/hr\/nadogradnje-vozila-za-autoskole-novi-specijalizirani-program-tvrtke-multipartner-d-o-o\/\" title=\"Nadogradnje vozila za auto\u0161kole &#8211; novi specijalizirani program tvrtke MultiPartner d.o.o.\" rel=\"bookmark\">Nadogradnje vozila za auto\u0161kole &#8211; novi specijalizirani program tvrtke MultiPartner d.o.o.<\/a>\n\t<\/h3>\n\n\t\n\t<div class=\"entry-excerpt\"><p>Predstavljamo novi specijalizirani program tvrtke MultiPartner d.o.o. iz Rijeke &#8212; kompletna rje\u0161enja i nadogradnje svih vrsta vozila za potrebe auto\u0161kola. Nudimo nabavu i ugradnju dvostrukih komandi sa zvu\u010dnim i svjetlosnim sigurnosnim mehanizmima, krovne plo\u010de, dodatne retrovizore i ostalu opremu za uspje\u0161no obavljanje poduke. Provjerene proizvode vrhunske kvalitete ugra\u0111ujemo brzo i po konkurentskim cijenama. Nazovite nas&hellip;<\/p>\n<\/div>\n\t\n<a href=\"https:\/\/www.multipartner.hr\/hr\/nadogradnje-vozila-za-autoskole-novi-specijalizirani-program-tvrtke-multipartner-d-o-o\/\" class=\"dt-btn-s dt-btn post-details details-type-btn\" aria-label=\"Read more about Nadogradnje vozila za auto\u0161kole &#8211; novi specijalizirani program tvrtke MultiPartner d.o.o.\">Saznajte vi\u0161e<i class=\"dt-icon-the7-arrow-03\" aria-hidden=\"true\"><\/i><\/a>\n\n<\/div><\/article><article class=\"post project-odd hidden post-2925 type-post status-publish format-standard has-post-thumbnail hentry category-novosti tag-multimobility category-18 description-off\" data-name=\"MultiMobility &#8211; Nadogradnja za prijevoz osoba s invaliditetom (MB Sprinter, 8+1 sjedalo)\" data-date=\"%2\">\n\n<div class=\"post-thumbnail-wrap\">\n\t<div class=\"post-thumbnail\">\n\n\t\t\n\t\t\n\t\t<a href=\"https:\/\/www.multipartner.hr\/hr\/multimobility-nadogradnja-za-prijevoz-osoba-s-invaliditetom-mb-sprinter-81-sjedalo\/\" class=\"post-thumbnail-rollover layzr-bg layzr-bg\" ><img decoding=\"async\" class=\"blog-thumb-lazy-load preload-me lazy-load aspect\" src=\"data:image\/svg+xml,%3Csvg%20xmlns%3D&#39;http%3A%2F%2Fwww.w3.org%2F2000%2Fsvg&#39;%20viewBox%3D&#39;0%200%20576%20576&#39;%2F%3E\" data-src=\"https:\/\/www.multipartner.hr\/wp-content\/uploads\/2021\/02\/IMG_20210209_143753-576x576.jpg\" data-srcset=\"https:\/\/www.multipartner.hr\/wp-content\/uploads\/2021\/02\/IMG_20210209_143753-576x576.jpg 576w\" loading=\"eager\" style=\"--ratio: 576 \/ 576\" sizes=\"(max-width: 576px) 100vw, 576px\" alt=\"\" title=\"IMG_20210209_143753\" width=\"576\" height=\"576\"  \/><\/a>\n\t<\/div>\n<\/div>\n\n\n<div class=\"post-entry-content\">\n\n\t<h3 class=\"entry-title\">\n\t\t<a href=\"https:\/\/www.multipartner.hr\/hr\/multimobility-nadogradnja-za-prijevoz-osoba-s-invaliditetom-mb-sprinter-81-sjedalo\/\" title=\"MultiMobility &#8211; Nadogradnja za prijevoz osoba s invaliditetom (MB Sprinter, 8+1 sjedalo)\" rel=\"bookmark\">MultiMobility &#8211; Nadogradnja za prijevoz osoba s invaliditetom (MB Sprinter, 8+1 sjedalo)<\/a>\n\t<\/h3>\n\n\t\n\t<div class=\"entry-excerpt\"><p>MultiMobility &#8211; centar mobilnosti osoba s invaliditetom, nudi kompletna rje\u0161enja osobama koje zbog svog invaliditeta imaju pote\u0161ko\u0107e u pristupu i upravljanju vozilima. Jedno takvo cjelovito rje\u0161enje nedavno smo ugradili na bazno vozilo MB Sprinter u koje smo postavili specijalni aluminijski pod \u201eSmart floor\u201c s vodilicama za prihvat sjedala i kolica. Najve\u0107a odlika \u201eSmart floor\u201c sustava&hellip;<\/p>\n<\/div>\n\t\n<a href=\"https:\/\/www.multipartner.hr\/hr\/multimobility-nadogradnja-za-prijevoz-osoba-s-invaliditetom-mb-sprinter-81-sjedalo\/\" class=\"dt-btn-s dt-btn post-details details-type-btn\" aria-label=\"Read more about MultiMobility &#8211; Nadogradnja za prijevoz osoba s invaliditetom (MB Sprinter, 8+1 sjedalo)\">Saznajte vi\u0161e<i class=\"dt-icon-the7-arrow-03\" aria-hidden=\"true\"><\/i><\/a>\n\n<\/div><\/article><article class=\"post project-odd hidden post-2908 type-post status-publish format-standard has-post-thumbnail hentry category-novosti tag-multicargo category-18 description-off\" data-name=\"MultiCargo \u2013 za\u0161tita kabine i zatvoreni sanduk za alat i opremu\" data-date=\"%2\">\n\n<div class=\"post-thumbnail-wrap\">\n\t<div class=\"post-thumbnail\">\n\n\t\t\n\t\t\n\t\t<a href=\"https:\/\/www.multipartner.hr\/hr\/multicargo-zastita-kabine-i-zatvoreni-sanduk-za-alat-i-opremu\/\" class=\"post-thumbnail-rollover layzr-bg layzr-bg\" ><img decoding=\"async\" class=\"blog-thumb-lazy-load preload-me lazy-load aspect\" src=\"data:image\/svg+xml,%3Csvg%20xmlns%3D&#39;http%3A%2F%2Fwww.w3.org%2F2000%2Fsvg&#39;%20viewBox%3D&#39;0%200%20584%20584&#39;%2F%3E\" data-src=\"https:\/\/www.multipartner.hr\/wp-content\/uploads\/2021\/01\/MultiCargo-\u2013-zastita-kabine-i-zatvoreni-sanduk-za-alat-i-opremu-584x584.jpg\" data-srcset=\"https:\/\/www.multipartner.hr\/wp-content\/uploads\/2021\/01\/MultiCargo-\u2013-zastita-kabine-i-zatvoreni-sanduk-za-alat-i-opremu-584x584.jpg 584w\" loading=\"eager\" style=\"--ratio: 584 \/ 584\" sizes=\"(max-width: 584px) 100vw, 584px\" alt=\"\" title=\"MultiCargo \u2013 za\u0161tita kabine i zatvoreni sanduk za alat i opremu\" width=\"584\" height=\"584\"  \/><\/a>\n\t<\/div>\n<\/div>\n\n\n<div class=\"post-entry-content\">\n\n\t<h3 class=\"entry-title\">\n\t\t<a href=\"https:\/\/www.multipartner.hr\/hr\/multicargo-zastita-kabine-i-zatvoreni-sanduk-za-alat-i-opremu\/\" title=\"MultiCargo \u2013 za\u0161tita kabine i zatvoreni sanduk za alat i opremu\" rel=\"bookmark\">MultiCargo \u2013 za\u0161tita kabine i zatvoreni sanduk za alat i opremu<\/a>\n\t<\/h3>\n\n\t\n\t<div class=\"entry-excerpt\"><p>U nastavku predstavljamo tipsko rje\u0161enje za sve tvorni\u010dke sanduke na VW crafter vozilima koji ne \u0161tite kabinu od o\u0161te\u0107enja. Za razliku od sli\u010dnih proizvoda na tr\u017ei\u0161tu, na\u0161e rje\u0161enje odlikuje potpuna za\u0161ti\u0107enost kabine od bilo kakvih udaraca koji mogu nastati prilikom prijevoza tereta ili opreme. Ima perforiranu mre\u017eu koja omogu\u0107uje izvrstan pregled voza\u010du te povi\u0161enje za&hellip;<\/p>\n<\/div>\n\t\n<a href=\"https:\/\/www.multipartner.hr\/hr\/multicargo-zastita-kabine-i-zatvoreni-sanduk-za-alat-i-opremu\/\" class=\"dt-btn-s dt-btn post-details details-type-btn\" aria-label=\"Read more about MultiCargo \u2013 za\u0161tita kabine i zatvoreni sanduk za alat i opremu\">Saznajte vi\u0161e<i class=\"dt-icon-the7-arrow-03\" aria-hidden=\"true\"><\/i><\/a>\n\n<\/div><\/article><article class=\"post project-odd hidden post-2885 type-post status-publish format-standard has-post-thumbnail hentry category-novosti tag-catering tag-multifrigo category-18 description-off\" data-name=\"MultiFrigo &#8211; Termoizolacija s dodatnim redom sjedala za potrebe cateringa\" data-date=\"%2\">\n\n<div class=\"post-thumbnail-wrap\">\n\t<div class=\"post-thumbnail\">\n\n\t\t\n\t\t\n\t\t<a href=\"https:\/\/www.multipartner.hr\/hr\/multifrigo-termoizolacija-s-dodatnim-redom-sjedala-za-potrebe-cateringa\/\" class=\"post-thumbnail-rollover layzr-bg layzr-bg\" ><img decoding=\"async\" class=\"blog-thumb-lazy-load preload-me lazy-load aspect\" src=\"data:image\/svg+xml,%3Csvg%20xmlns%3D&#39;http%3A%2F%2Fwww.w3.org%2F2000%2Fsvg&#39;%20viewBox%3D&#39;0%200%20507%20507&#39;%2F%3E\" data-src=\"https:\/\/www.multipartner.hr\/wp-content\/uploads\/2020\/12\/multipartner-multifrigo-catering-n-507x507.jpg\" data-srcset=\"https:\/\/www.multipartner.hr\/wp-content\/uploads\/2020\/12\/multipartner-multifrigo-catering-n-507x507.jpg 507w\" loading=\"eager\" style=\"--ratio: 507 \/ 507\" sizes=\"(max-width: 507px) 100vw, 507px\" alt=\"Catering\" title=\"multipartner-multifrigo-catering-n\" width=\"507\" height=\"507\"  \/><\/a>\n\t<\/div>\n<\/div>\n\n\n<div class=\"post-entry-content\">\n\n\t<h3 class=\"entry-title\">\n\t\t<a href=\"https:\/\/www.multipartner.hr\/hr\/multifrigo-termoizolacija-s-dodatnim-redom-sjedala-za-potrebe-cateringa\/\" title=\"MultiFrigo &#8211; Termoizolacija s dodatnim redom sjedala za potrebe cateringa\" rel=\"bookmark\">MultiFrigo &#8211; Termoizolacija s dodatnim redom sjedala za potrebe cateringa<\/a>\n\t<\/h3>\n\n\t\n\t<div class=\"entry-excerpt\"><p>Ako va\u0161e poslovanje uklju\u010duje catering ili vam je to primarna djelatnost, pogledajte kako na\u0161 MultiFrigo program mo\u017ee brzo i kvalitetno rije\u0161iti transport namirnica uz minimalne tro\u0161kove. Uz dodatni red s dva sjedala za osoblje te veliku hladnja\u010du s dva reda vodilica za prijevoz vise\u0107eg mesa ovo vozilo predstavlja idealnu nadogradnju za potrebe cateringa. Teretni prostor&hellip;<\/p>\n<\/div>\n\t\n<a href=\"https:\/\/www.multipartner.hr\/hr\/multifrigo-termoizolacija-s-dodatnim-redom-sjedala-za-potrebe-cateringa\/\" class=\"dt-btn-s dt-btn post-details details-type-btn\" aria-label=\"Read more about MultiFrigo &#8211; Termoizolacija s dodatnim redom sjedala za potrebe cateringa\">Saznajte vi\u0161e<i class=\"dt-icon-the7-arrow-03\" aria-hidden=\"true\"><\/i><\/a>\n\n<\/div><\/article><article class=\"post project-odd hidden post-2866 type-post status-publish format-standard has-post-thumbnail hentry category-novosti tag-multicargo tag-rashladne-komore tag-xarios-200 category-18 description-off\" data-name=\"MultiCargo &#8211; Rashladna komora s Carrier XARIOS 200 rashladnim ure\u0111ajem\" data-date=\"%2\">\n\n<div class=\"post-thumbnail-wrap\">\n\t<div class=\"post-thumbnail\">\n\n\t\t\n\t\t\n\t\t<a href=\"https:\/\/www.multipartner.hr\/hr\/multicargo-rashladna-komora-s-carrier-xarios-200-rashladnim-uredajem\/\" class=\"post-thumbnail-rollover layzr-bg layzr-bg\" ><img decoding=\"async\" class=\"blog-thumb-lazy-load preload-me lazy-load aspect\" src=\"data:image\/svg+xml,%3Csvg%20xmlns%3D&#39;http%3A%2F%2Fwww.w3.org%2F2000%2Fsvg&#39;%20viewBox%3D&#39;0%200%20572%20572&#39;%2F%3E\" data-src=\"https:\/\/www.multipartner.hr\/wp-content\/uploads\/2020\/12\/rashladna-komora-sa-carrier-xarios-200-rashladnim-uredjajem-a-572x572.jpg\" data-srcset=\"https:\/\/www.multipartner.hr\/wp-content\/uploads\/2020\/12\/rashladna-komora-sa-carrier-xarios-200-rashladnim-uredjajem-a-572x572.jpg 572w\" loading=\"eager\" style=\"--ratio: 572 \/ 572\" sizes=\"(max-width: 572px) 100vw, 572px\" alt=\"\" title=\"rashladna-komora-sa-carrier-xarios-200-rashladnim-uredjajem-a\" width=\"572\" height=\"572\"  \/><\/a>\n\t<\/div>\n<\/div>\n\n\n<div class=\"post-entry-content\">\n\n\t<h3 class=\"entry-title\">\n\t\t<a href=\"https:\/\/www.multipartner.hr\/hr\/multicargo-rashladna-komora-s-carrier-xarios-200-rashladnim-uredajem\/\" title=\"MultiCargo &#8211; Rashladna komora s Carrier XARIOS 200 rashladnim ure\u0111ajem\" rel=\"bookmark\">MultiCargo &#8211; Rashladna komora s Carrier XARIOS 200 rashladnim ure\u0111ajem<\/a>\n\t<\/h3>\n\n\t\n\t<div class=\"entry-excerpt\"><p>Za po\u010detak tjedna predstavljamo jo\u0161 jednu vrhunsku rashladnu komoru za prijevoz pokvarljivih namirnica s jamstvom do dvije godine. Ova nadogradnja dolazi u sklopu MultiCargo programa &#8212; usmjerenog svim poduzetnicima u potrazi za kompletnim rje\u0161enjima za utovar i transport suhih i hla\u0111enih tereta. Rashladna komora izra\u0111ena je s bo\u010dnim i stra\u017enjim vratima te je ugra\u0111en rashladni&hellip;<\/p>\n<\/div>\n\t\n<a href=\"https:\/\/www.multipartner.hr\/hr\/multicargo-rashladna-komora-s-carrier-xarios-200-rashladnim-uredajem\/\" class=\"dt-btn-s dt-btn post-details details-type-btn\" aria-label=\"Read more about MultiCargo &#8211; Rashladna komora s Carrier XARIOS 200 rashladnim ure\u0111ajem\">Saznajte vi\u0161e<i class=\"dt-icon-the7-arrow-03\" aria-hidden=\"true\"><\/i><\/a>\n\n<\/div><\/article><article class=\"post project-odd hidden post-2840 type-post status-publish format-standard has-post-thumbnail hentry category-novosti tag-multicargo category-18 description-off\" data-name=\"MultiCargo \u2013 Ugradnja otvorenog teretnog sanduka na Iveco Daily\" data-date=\"%2\">\n\n<div class=\"post-thumbnail-wrap\">\n\t<div class=\"post-thumbnail\">\n\n\t\t\n\t\t\n\t\t<a href=\"https:\/\/www.multipartner.hr\/hr\/multicargo-ugradnja-otvorenog-teretnog-sanduka-na-iveco-daily\/\" class=\"post-thumbnail-rollover layzr-bg layzr-bg\" ><img decoding=\"async\" class=\"blog-thumb-lazy-load preload-me lazy-load aspect\" src=\"data:image\/svg+xml,%3Csvg%20xmlns%3D&#39;http%3A%2F%2Fwww.w3.org%2F2000%2Fsvg&#39;%20viewBox%3D&#39;0%200%20498%20498&#39;%2F%3E\" data-src=\"https:\/\/www.multipartner.hr\/wp-content\/uploads\/2020\/11\/open-steel-cargo-box-iveco-daily-7a-498x498.jpg\" data-srcset=\"https:\/\/www.multipartner.hr\/wp-content\/uploads\/2020\/11\/open-steel-cargo-box-iveco-daily-7a-498x498.jpg 498w\" loading=\"eager\" style=\"--ratio: 498 \/ 498\" sizes=\"(max-width: 498px) 100vw, 498px\" alt=\"\" title=\"open-steel-cargo-box-iveco-daily-7a\" width=\"498\" height=\"498\"  \/><\/a>\n\t<\/div>\n<\/div>\n\n\n<div class=\"post-entry-content\">\n\n\t<h3 class=\"entry-title\">\n\t\t<a href=\"https:\/\/www.multipartner.hr\/hr\/multicargo-ugradnja-otvorenog-teretnog-sanduka-na-iveco-daily\/\" title=\"MultiCargo \u2013 Ugradnja otvorenog teretnog sanduka na Iveco Daily\" rel=\"bookmark\">MultiCargo \u2013 Ugradnja otvorenog teretnog sanduka na Iveco Daily<\/a>\n\t<\/h3>\n\n\t\n\t<div class=\"entry-excerpt\"><p>Jo\u0161 jedna klasi\u010dna uspje\u0161nica iz na\u0161e radionice dolazi na baznom vozilu Iveco Daily s dvostrukom kabinom na kojem smo izradili \u010deli\u010dni otvoreni sanduk sa za\u0161titom kabine i nosa\u010dem za prijevoz dugih predmeta. \u010celi\u010dno pocin\u010danu kutiju za alat i spremanje opreme vozila postavili smo na suvoza\u010dku stranu ispod sanduka. Podnicu teretnog prostora izradili smo od vodonepropusne&hellip;<\/p>\n<\/div>\n\t\n<a href=\"https:\/\/www.multipartner.hr\/hr\/multicargo-ugradnja-otvorenog-teretnog-sanduka-na-iveco-daily\/\" class=\"dt-btn-s dt-btn post-details details-type-btn\" aria-label=\"Read more about MultiCargo \u2013 Ugradnja otvorenog teretnog sanduka na Iveco Daily\">Saznajte vi\u0161e<i class=\"dt-icon-the7-arrow-03\" aria-hidden=\"true\"><\/i><\/a>\n\n<\/div><\/article><article class=\"post project-odd hidden post-2797 type-post status-publish format-standard has-post-thumbnail hentry category-novosti tag-prijevoz-pokojnika tag-specijalne-nadogradnje category-18 description-off\" data-name=\"MultiPartner Special &#8211; Kompletna rje\u0161enja za prijevoz pokojnika\" data-date=\"%2\">\n\n<div class=\"post-thumbnail-wrap\">\n\t<div class=\"post-thumbnail\">\n\n\t\t\n\t\t\n\t\t<a href=\"https:\/\/www.multipartner.hr\/hr\/multipartner-special-kompletna-rjesenja-za-prijevoz-pokojnika\/\" class=\"post-thumbnail-rollover layzr-bg layzr-bg\" ><img decoding=\"async\" class=\"blog-thumb-lazy-load preload-me lazy-load aspect\" src=\"data:image\/svg+xml,%3Csvg%20xmlns%3D&#39;http%3A%2F%2Fwww.w3.org%2F2000%2Fsvg&#39;%20viewBox%3D&#39;0%200%20768%20768&#39;%2F%3E\" data-src=\"https:\/\/www.multipartner.hr\/wp-content\/uploads\/2020\/09\/nadogradnja-pokojnici-rujan-2020-g-1-768x768.jpg\" data-srcset=\"https:\/\/www.multipartner.hr\/wp-content\/uploads\/2020\/09\/nadogradnja-pokojnici-rujan-2020-g-1-768x768.jpg 768w\" loading=\"eager\" style=\"--ratio: 768 \/ 768\" sizes=\"(max-width: 768px) 100vw, 768px\" alt=\"\" title=\"nadogradnja-pokojnici-rujan-2020-g (1)\" width=\"768\" height=\"768\"  \/><\/a>\n\t<\/div>\n<\/div>\n\n\n<div class=\"post-entry-content\">\n\n\t<h3 class=\"entry-title\">\n\t\t<a href=\"https:\/\/www.multipartner.hr\/hr\/multipartner-special-kompletna-rjesenja-za-prijevoz-pokojnika\/\" title=\"MultiPartner Special &#8211; Kompletna rje\u0161enja za prijevoz pokojnika\" rel=\"bookmark\">MultiPartner Special &#8211; Kompletna rje\u0161enja za prijevoz pokojnika<\/a>\n\t<\/h3>\n\n\t\n\t<div class=\"entry-excerpt\"><p>MultiPartner Special program, namijenjen svima koji imaju ideju za posao u pokretu, predstavlja posebnu nadogradnju vozila opremljenu za prijevoz pokojnika. Ovako nadogra\u0111eno vozilo mo\u017ee prevoziti dva lijesa istovremeno te je opremljeno karetima za lak\u0161i utovar. Budu\u0107i da nije postojala klima za voza\u010da, ugradili smo klimatizacijski ispuh prema kabini te vozilo sada ima mogu\u0107nost klimatiziranja i&hellip;<\/p>\n<\/div>\n\t\n<a href=\"https:\/\/www.multipartner.hr\/hr\/multipartner-special-kompletna-rjesenja-za-prijevoz-pokojnika\/\" class=\"dt-btn-s dt-btn post-details details-type-btn\" aria-label=\"Read more about MultiPartner Special &#8211; Kompletna rje\u0161enja za prijevoz pokojnika\">Saznajte vi\u0161e<i class=\"dt-icon-the7-arrow-03\" aria-hidden=\"true\"><\/i><\/a>\n\n<\/div><\/article><article class=\"post project-odd hidden post-2765 type-post status-publish format-standard has-post-thumbnail hentry category-novosti tag-specijalne-nadogradnje category-18 description-off\" data-name=\"Specijalne nadogradnje &#8211; Pokretne radionice za interventne zadatke na cestama\" data-date=\"%2\">\n\n<div class=\"post-thumbnail-wrap\">\n\t<div class=\"post-thumbnail\">\n\n\t\t\n\t\t\n\t\t<a href=\"https:\/\/www.multipartner.hr\/hr\/specijalne-nadogradnje-pokretne-radionice-za-interventne-zadatke-na-cestama\/\" class=\"post-thumbnail-rollover layzr-bg layzr-bg\" ><img decoding=\"async\" class=\"blog-thumb-lazy-load preload-me lazy-load aspect\" src=\"data:image\/svg+xml,%3Csvg%20xmlns%3D&#39;http%3A%2F%2Fwww.w3.org%2F2000%2Fsvg&#39;%20viewBox%3D&#39;0%200%20768%20768&#39;%2F%3E\" data-src=\"https:\/\/www.multipartner.hr\/wp-content\/uploads\/2020\/09\/IMG_3478-768x768.jpg\" data-srcset=\"https:\/\/www.multipartner.hr\/wp-content\/uploads\/2020\/09\/IMG_3478-768x768.jpg 768w\" loading=\"eager\" style=\"--ratio: 768 \/ 768\" sizes=\"(max-width: 768px) 100vw, 768px\" alt=\"\" title=\"Nadogradnja Hrvatski autoklub (HAK)\" width=\"768\" height=\"768\"  \/><\/a>\n\t<\/div>\n<\/div>\n\n\n<div class=\"post-entry-content\">\n\n\t<h3 class=\"entry-title\">\n\t\t<a href=\"https:\/\/www.multipartner.hr\/hr\/specijalne-nadogradnje-pokretne-radionice-za-interventne-zadatke-na-cestama\/\" title=\"Specijalne nadogradnje &#8211; Pokretne radionice za interventne zadatke na cestama\" rel=\"bookmark\">Specijalne nadogradnje &#8211; Pokretne radionice za interventne zadatke na cestama<\/a>\n\t<\/h3>\n\n\t\n\t<div class=\"entry-excerpt\"><p>Iz gospodarskog srca Kvarnera nedavno je na na\u0161e ceste isporu\u010deno 7 posebno nadogra\u0111enih pokretnih radionica za potrebe Hrvatskog autokluba (HAK). Svih sedam vozila opremili smo policama i ladicama za smje\u0161taj opreme i alata proizvo\u0111a\u010da GENTILI, \u010diji smo ovla\u0161teni zastupnici za Republiku Hrvatsku. Ugradili smo stoli\u0107e za izvla\u010denje sa okretnom \u0161kripom, NATO priklju\u010dnice u braniku i&hellip;<\/p>\n<\/div>\n\t\n<a href=\"https:\/\/www.multipartner.hr\/hr\/specijalne-nadogradnje-pokretne-radionice-za-interventne-zadatke-na-cestama\/\" class=\"dt-btn-s dt-btn post-details details-type-btn\" aria-label=\"Read more about Specijalne nadogradnje &#8211; Pokretne radionice za interventne zadatke na cestama\">Saznajte vi\u0161e<i class=\"dt-icon-the7-arrow-03\" aria-hidden=\"true\"><\/i><\/a>\n\n<\/div><\/article><article class=\"post project-odd hidden post-2722 type-post status-publish format-standard has-post-thumbnail hentry category-novosti tag-multicargo tag-multicomfort tag-multifrigo category-18 description-off\" data-name=\"Rashladne komore i ure\u0111aji nedavno isporu\u010deni iz MultiPartner radionice\" data-date=\"%2\">\n\n<div class=\"post-thumbnail-wrap\">\n\t<div class=\"post-thumbnail\">\n\n\t\t\n\t\t\n\t\t<a href=\"https:\/\/www.multipartner.hr\/hr\/rashladne-komore-i-uredaji-nedavno-isporuceni-iz-multipartner-radionice\/\" class=\"post-thumbnail-rollover layzr-bg layzr-bg\" ><img decoding=\"async\" class=\"blog-thumb-lazy-load preload-me lazy-load aspect\" src=\"data:image\/svg+xml,%3Csvg%20xmlns%3D&#39;http%3A%2F%2Fwww.w3.org%2F2000%2Fsvg&#39;%20viewBox%3D&#39;0%200%20568%20568&#39;%2F%3E\" data-src=\"https:\/\/www.multipartner.hr\/wp-content\/uploads\/2020\/07\/rashladne-komore-uredjaji-ljeto-2020-10-568x568.jpg\" data-srcset=\"https:\/\/www.multipartner.hr\/wp-content\/uploads\/2020\/07\/rashladne-komore-uredjaji-ljeto-2020-10-568x568.jpg 568w\" loading=\"eager\" style=\"--ratio: 568 \/ 568\" sizes=\"(max-width: 568px) 100vw, 568px\" alt=\"\" title=\"rashladne-komore-uredjaji-ljeto-2020-10\" width=\"568\" height=\"568\"  \/><\/a>\n\t<\/div>\n<\/div>\n\n\n<div class=\"post-entry-content\">\n\n\t<h3 class=\"entry-title\">\n\t\t<a href=\"https:\/\/www.multipartner.hr\/hr\/rashladne-komore-i-uredaji-nedavno-isporuceni-iz-multipartner-radionice\/\" title=\"Rashladne komore i ure\u0111aji nedavno isporu\u010deni iz MultiPartner radionice\" rel=\"bookmark\">Rashladne komore i ure\u0111aji nedavno isporu\u010deni iz MultiPartner radionice<\/a>\n\t<\/h3>\n\n\t\n\t<div class=\"entry-excerpt\"><p>[vc_row][vc_column][vc_column_text]Dok nekima ljeto zna\u010di smanjen obim posla, u MultiPartneru tek data po\u010dinje najve\u0107a gu\u017eva. U nekoliko smo navrata pozivali sve postoje\u0107e i nove klijente da se jave prije ljetne gu\u017eve, a ovo su samo neki od projekata koje smo od tada odradili u sklopu na\u0161ih specijaliziranih programa &#8212; MultiFrigo, MultiCargo i MultiComfort, od rashladnih komora&hellip;<\/p>\n<\/div>\n\t\n<a href=\"https:\/\/www.multipartner.hr\/hr\/rashladne-komore-i-uredaji-nedavno-isporuceni-iz-multipartner-radionice\/\" class=\"dt-btn-s dt-btn post-details details-type-btn\" aria-label=\"Read more about Rashladne komore i ure\u0111aji nedavno isporu\u010deni iz MultiPartner radionice\">Saznajte vi\u0161e<i class=\"dt-icon-the7-arrow-03\" aria-hidden=\"true\"><\/i><\/a>\n\n<\/div><\/article><article class=\"post project-odd hidden post-2671 type-post status-publish format-standard has-post-thumbnail hentry category-novosti tag-multicomfort tag-viesa-kompressor-iii category-18 description-off\" data-name=\"MultiComfort \u2013 Ugradnja superiornog VIESA Kompressor III parking klima ure\u0111aja na novi Volvo FH\" data-date=\"%2\">\n\n<div class=\"post-thumbnail-wrap\">\n\t<div class=\"post-thumbnail\">\n\n\t\t\n\t\t\n\t\t<a href=\"https:\/\/www.multipartner.hr\/hr\/viesa-kompressor-iii-parking-klima-volvo-fh\/\" class=\"post-thumbnail-rollover layzr-bg layzr-bg\" ><img decoding=\"async\" class=\"blog-thumb-lazy-load preload-me lazy-load aspect\" src=\"data:image\/svg+xml,%3Csvg%20xmlns%3D&#39;http%3A%2F%2Fwww.w3.org%2F2000%2Fsvg&#39;%20viewBox%3D&#39;0%200%20476%20476&#39;%2F%3E\" data-src=\"https:\/\/www.multipartner.hr\/wp-content\/uploads\/2020\/06\/VIESA-Kompressor-III-installed-on-VOLVO-FH-476x476.jpg\" data-srcset=\"https:\/\/www.multipartner.hr\/wp-content\/uploads\/2020\/06\/VIESA-Kompressor-III-installed-on-VOLVO-FH-476x476.jpg 476w\" loading=\"eager\" style=\"--ratio: 476 \/ 476\" sizes=\"(max-width: 476px) 100vw, 476px\" alt=\"\" title=\"VIESA-Kompressor-III-installed-on-VOLVO-FH\" width=\"476\" height=\"476\"  \/><\/a>\n\t<\/div>\n<\/div>\n\n\n<div class=\"post-entry-content\">\n\n\t<h3 class=\"entry-title\">\n\t\t<a href=\"https:\/\/www.multipartner.hr\/hr\/viesa-kompressor-iii-parking-klima-volvo-fh\/\" title=\"MultiComfort \u2013 Ugradnja superiornog VIESA Kompressor III parking klima ure\u0111aja na novi Volvo FH\" rel=\"bookmark\">MultiComfort \u2013 Ugradnja superiornog VIESA Kompressor III parking klima ure\u0111aja na novi Volvo FH<\/a>\n\t<\/h3>\n\n\t\n\t<div class=\"entry-excerpt\"><p>Budu\u0107nost je jednostavna&#8230; Pozivamo vas da iskoristite posljednju priliku prije ljetnih gu\u017evi i zakora\u010dite u budu\u0107nost s izuzetnim parking klima ure\u0111ajem VIESA Kompressor III &#8212; za logisti\u010dka poduze\u0107a najtra\u017eenija parking klima 2020. godine. Prilikom proizvodnje ovog ure\u0111aja, VIESA je koristila inovativne i lagane materijale otporne na udarce, ostvariv\u0161i cilj da tr\u017ei\u0161tu ponudi najlak\u0161i parking klima&hellip;<\/p>\n<\/div>\n\t\n<a href=\"https:\/\/www.multipartner.hr\/hr\/viesa-kompressor-iii-parking-klima-volvo-fh\/\" class=\"dt-btn-s dt-btn post-details details-type-btn\" aria-label=\"Read more about MultiComfort \u2013 Ugradnja superiornog VIESA Kompressor III parking klima ure\u0111aja na novi Volvo FH\">Saznajte vi\u0161e<i class=\"dt-icon-the7-arrow-03\" aria-hidden=\"true\"><\/i><\/a>\n\n<\/div><\/article><article class=\"post project-odd hidden post-2613 type-post status-publish format-standard has-post-thumbnail hentry category-novosti tag-france-elevateur tag-specijalne-nadogradnje category-18 description-off\" data-name=\"Visokokvalitetne radne ko\u0161are za furgone renomiranog proizvo\u0111a\u010da FE Group\" data-date=\"%2\">\n\n<div class=\"post-thumbnail-wrap\">\n\t<div class=\"post-thumbnail\">\n\n\t\t\n\t\t\n\t\t<a href=\"https:\/\/www.multipartner.hr\/hr\/fe-group-radne-kosare-france-elevateur\/\" class=\"post-thumbnail-rollover layzr-bg layzr-bg\" ><img decoding=\"async\" class=\"blog-thumb-lazy-load preload-me lazy-load aspect\" src=\"data:image\/svg+xml,%3Csvg%20xmlns%3D&#39;http%3A%2F%2Fwww.w3.org%2F2000%2Fsvg&#39;%20viewBox%3D&#39;0%200%20376%20376&#39;%2F%3E\" data-src=\"https:\/\/www.multipartner.hr\/wp-content\/uploads\/2020\/06\/france-elevateur-fe-group-aerial-platforms-radne-kosare-0-376x376.jpg\" data-srcset=\"https:\/\/www.multipartner.hr\/wp-content\/uploads\/2020\/06\/france-elevateur-fe-group-aerial-platforms-radne-kosare-0-376x376.jpg 376w\" loading=\"eager\" style=\"--ratio: 376 \/ 376\" sizes=\"(max-width: 376px) 100vw, 376px\" alt=\"\" title=\"france-elevateur-fe-group-aerial-platforms-radne-kosare-0\" width=\"376\" height=\"376\"  \/><\/a>\n\t<\/div>\n<\/div>\n\n\n<div class=\"post-entry-content\">\n\n\t<h3 class=\"entry-title\">\n\t\t<a href=\"https:\/\/www.multipartner.hr\/hr\/fe-group-radne-kosare-france-elevateur\/\" title=\"Visokokvalitetne radne ko\u0161are za furgone renomiranog proizvo\u0111a\u010da FE Group\" rel=\"bookmark\">Visokokvalitetne radne ko\u0161are za furgone renomiranog proizvo\u0111a\u010da FE Group<\/a>\n\t<\/h3>\n\n\t\n\t<div class=\"entry-excerpt\"><p>Danas donosimo jo\u0161 jednu veliku novost u ponudi koja \u0107e sigurno zainteresirati sve gospodarstvenike \u010dije poslovanje zahtjeva siguran rad na visini. U svoju paletu proizvoda uvrstili smo profesionalnu i unikatnu opremu renomiranog proizvo\u0111a\u010da FE Group kakvu koriste tvrtke poput AirFrance i Orange. Radi se o visokokvalitetnim i sofisticiranim radnim ko\u0161arama sa hidrauli\u010dkim podizanjem. Radnu visinu&hellip;<\/p>\n<\/div>\n\t\n<a href=\"https:\/\/www.multipartner.hr\/hr\/fe-group-radne-kosare-france-elevateur\/\" class=\"dt-btn-s dt-btn post-details details-type-btn\" aria-label=\"Read more about Visokokvalitetne radne ko\u0161are za furgone renomiranog proizvo\u0111a\u010da FE Group\">Saznajte vi\u0161e<i class=\"dt-icon-the7-arrow-03\" aria-hidden=\"true\"><\/i><\/a>\n\n<\/div><\/article><article class=\"post project-odd hidden post-2593 type-post status-publish format-standard has-post-thumbnail hentry category-novosti tag-flexi-ramp tag-multimobility category-18 description-off\" data-name=\"Novost u MultiMobility ponudi \u2013 Flexi Ramp sustav za vozilo Dacia Dokker\" data-date=\"%2\">\n\n<div class=\"post-thumbnail-wrap\">\n\t<div class=\"post-thumbnail\">\n\n\t\t\n\t\t\n\t\t<a href=\"https:\/\/www.multipartner.hr\/hr\/flexi-ramp-dacia-dokker\/\" class=\"post-thumbnail-rollover layzr-bg layzr-bg\" ><img decoding=\"async\" class=\"blog-thumb-lazy-load preload-me lazy-load aspect\" src=\"data:image\/svg+xml,%3Csvg%20xmlns%3D&#39;http%3A%2F%2Fwww.w3.org%2F2000%2Fsvg&#39;%20viewBox%3D&#39;0%200%20576%20576&#39;%2F%3E\" data-src=\"https:\/\/www.multipartner.hr\/wp-content\/uploads\/2020\/05\/flexi-ramp-dacia-dokker-main-576x576.jpg\" data-srcset=\"https:\/\/www.multipartner.hr\/wp-content\/uploads\/2020\/05\/flexi-ramp-dacia-dokker-main-576x576.jpg 576w\" loading=\"eager\" style=\"--ratio: 576 \/ 576\" sizes=\"(max-width: 576px) 100vw, 576px\" alt=\"\" title=\"flexi-ramp-dacia-dokker-main\" width=\"576\" height=\"576\"  \/><\/a>\n\t<\/div>\n<\/div>\n\n\n<div class=\"post-entry-content\">\n\n\t<h3 class=\"entry-title\">\n\t\t<a href=\"https:\/\/www.multipartner.hr\/hr\/flexi-ramp-dacia-dokker\/\" title=\"Novost u MultiMobility ponudi \u2013 Flexi Ramp sustav za vozilo Dacia Dokker\" rel=\"bookmark\">Novost u MultiMobility ponudi \u2013 Flexi Ramp sustav za vozilo Dacia Dokker<\/a>\n\t<\/h3>\n\n\t\n\t<div class=\"entry-excerpt\"><p>Tvrtka MultiPartner d.o.o. od ovoga tjedna u svojoj ponudi MultiMobility programa nadogradnji vozila za osobe s invaliditetom svim svojim klijentima nudi i novi Flexi Ramp sustav za vozila marke Dacia Dokker. Ovo ekonomi\u010dno rje\u0161enje pru\u017ea potpunu fleksibilnost prijevoza osobe s invaliditetom u kolicima i dva putnika na sjedalima. Jednostavna upotreba posti\u017ee se laganim pristupom vozilu,&hellip;<\/p>\n<\/div>\n\t\n<a href=\"https:\/\/www.multipartner.hr\/hr\/flexi-ramp-dacia-dokker\/\" class=\"dt-btn-s dt-btn post-details details-type-btn\" aria-label=\"Read more about Novost u MultiMobility ponudi \u2013 Flexi Ramp sustav za vozilo Dacia Dokker\">Saznajte vi\u0161e<i class=\"dt-icon-the7-arrow-03\" aria-hidden=\"true\"><\/i><\/a>\n\n<\/div><\/article><article class=\"post project-odd hidden post-2581 type-post status-publish format-standard has-post-thumbnail hentry category-novosti tag-multicomfort tag-viesa-kompressor-iii category-18 description-off\" data-name=\"Izbjegnite ljetne gu\u017eve! Naru\u010dite danas i ugradite VIESA Kompressor III parking klimu prije ljetne navale\" data-date=\"%2\">\n\n<div class=\"post-thumbnail-wrap\">\n\t<div class=\"post-thumbnail\">\n\n\t\t\n\t\t\n\t\t<a href=\"https:\/\/www.multipartner.hr\/hr\/izbjegnite-ljetne-guzve-narucite-danas-i-ugradite-viesa-kompressor-iii-parking-klimu-prije-ljetne-navale\/\" class=\"post-thumbnail-rollover layzr-bg layzr-bg\" ><img decoding=\"async\" class=\"blog-thumb-lazy-load preload-me lazy-load aspect\" src=\"data:image\/svg+xml,%3Csvg%20xmlns%3D&#39;http%3A%2F%2Fwww.w3.org%2F2000%2Fsvg&#39;%20viewBox%3D&#39;0%200%20762%20762&#39;%2F%3E\" data-src=\"https:\/\/www.multipartner.hr\/wp-content\/uploads\/2020\/02\/viesa-kompressor-III-762x762.png\" data-srcset=\"https:\/\/www.multipartner.hr\/wp-content\/uploads\/2020\/02\/viesa-kompressor-III-762x762.png 762w\" loading=\"eager\" style=\"--ratio: 762 \/ 762\" sizes=\"(max-width: 762px) 100vw, 762px\" alt=\"\" title=\"viesa-kompressor-III\" width=\"762\" height=\"762\"  \/><\/a>\n\t<\/div>\n<\/div>\n\n\n<div class=\"post-entry-content\">\n\n\t<h3 class=\"entry-title\">\n\t\t<a href=\"https:\/\/www.multipartner.hr\/hr\/izbjegnite-ljetne-guzve-narucite-danas-i-ugradite-viesa-kompressor-iii-parking-klimu-prije-ljetne-navale\/\" title=\"Izbjegnite ljetne gu\u017eve! Naru\u010dite danas i ugradite VIESA Kompressor III parking klimu prije ljetne navale\" rel=\"bookmark\">Izbjegnite ljetne gu\u017eve! Naru\u010dite danas i ugradite VIESA Kompressor III parking klimu prije ljetne navale<\/a>\n\t<\/h3>\n\n\t\n\t<div class=\"entry-excerpt\"><p>Ne \u010dekajte ljetne gu\u017eve, naru\u010dite svoj VIESA Kompressor III parking klima ure\u0111aj prije ljetne navale. MultiPartner d.o.o. nudi brzu i povoljnu ugradnju te 12 mjeseci garancije. Nazovite nas s povjerenjem svaki radni dan na 051 618 062 ili na 091 212 8282 u bilo koje doba dana. Ove godine VIESA Kompressor III je parking klima&hellip;<\/p>\n<\/div>\n\t\n<a href=\"https:\/\/www.multipartner.hr\/hr\/izbjegnite-ljetne-guzve-narucite-danas-i-ugradite-viesa-kompressor-iii-parking-klimu-prije-ljetne-navale\/\" class=\"dt-btn-s dt-btn post-details details-type-btn\" aria-label=\"Read more about Izbjegnite ljetne gu\u017eve! Naru\u010dite danas i ugradite VIESA Kompressor III parking klimu prije ljetne navale\">Saznajte vi\u0161e<i class=\"dt-icon-the7-arrow-03\" aria-hidden=\"true\"><\/i><\/a>\n\n<\/div><\/article><article class=\"post project-odd hidden post-2565 type-post status-publish format-standard has-post-thumbnail hentry category-novosti tag-multimobility category-18 description-off\" data-name=\"MultiMobility &#8211; L1 Flexi Ramp sustav za Peugeot Rifter L1 \/ Citroen Berlingo L1 \/ Opel Combo L1\" data-date=\"%2\">\n\n<div class=\"post-thumbnail-wrap\">\n\t<div class=\"post-thumbnail\">\n\n\t\t\n\t\t\n\t\t<a href=\"https:\/\/www.multipartner.hr\/hr\/multimobility-l1-flexi-ramp-sustav-za-peugeot-rifter-l1-citroen-berlingo-l1-opel-combo-l1\/\" class=\"post-thumbnail-rollover layzr-bg layzr-bg\" ><img decoding=\"async\" class=\"blog-thumb-lazy-load preload-me lazy-load aspect\" src=\"data:image\/svg+xml,%3Csvg%20xmlns%3D&#39;http%3A%2F%2Fwww.w3.org%2F2000%2Fsvg&#39;%20viewBox%3D&#39;0%200%20619%20619&#39;%2F%3E\" data-src=\"https:\/\/www.multipartner.hr\/wp-content\/uploads\/2020\/05\/l1-flexi-ramp-619x619.jpg\" data-srcset=\"https:\/\/www.multipartner.hr\/wp-content\/uploads\/2020\/05\/l1-flexi-ramp-619x619.jpg 619w\" loading=\"eager\" style=\"--ratio: 619 \/ 619\" sizes=\"(max-width: 619px) 100vw, 619px\" alt=\"\" title=\"l1-flexi-ramp\" width=\"619\" height=\"619\"  \/><\/a>\n\t<\/div>\n<\/div>\n\n\n<div class=\"post-entry-content\">\n\n\t<h3 class=\"entry-title\">\n\t\t<a href=\"https:\/\/www.multipartner.hr\/hr\/multimobility-l1-flexi-ramp-sustav-za-peugeot-rifter-l1-citroen-berlingo-l1-opel-combo-l1\/\" title=\"MultiMobility &#8211; L1 Flexi Ramp sustav za Peugeot Rifter L1 \/ Citroen Berlingo L1 \/ Opel Combo L1\" rel=\"bookmark\">MultiMobility &#8211; L1 Flexi Ramp sustav za Peugeot Rifter L1 \/ Citroen Berlingo L1 \/ Opel Combo L1<\/a>\n\t<\/h3>\n\n\t\n\t<div class=\"entry-excerpt\"><p>Nakon produ\u017eene L2 verzije od sada u ponudi imamo i L1 kra\u0107u verziju Flexi Ramp sustava. U ovoj varijanti drugi red sjedala se eliminira no postoji mogu\u0107nost ugradnje dodatnih pojedina\u010dnih sjedala na lijevu ili desnu stranu vozila. Ova varijanta omogu\u0107uje da osoba kolicima bude bli\u017ee ostalim putnicima \u010dime ostvarujemo ve\u0107u prisnost svih putnika u vozilu.&hellip;<\/p>\n<\/div>\n\t\n<a href=\"https:\/\/www.multipartner.hr\/hr\/multimobility-l1-flexi-ramp-sustav-za-peugeot-rifter-l1-citroen-berlingo-l1-opel-combo-l1\/\" class=\"dt-btn-s dt-btn post-details details-type-btn\" aria-label=\"Read more about MultiMobility &#8211; L1 Flexi Ramp sustav za Peugeot Rifter L1 \/ Citroen Berlingo L1 \/ Opel Combo L1\">Saznajte vi\u0161e<i class=\"dt-icon-the7-arrow-03\" aria-hidden=\"true\"><\/i><\/a>\n\n<\/div><\/article><article class=\"post project-odd hidden post-2515 type-post status-publish format-standard has-post-thumbnail hentry category-novosti tag-multicargo category-18 description-off\" data-name=\"MultiCargo &#8211; Idealno rje\u0161enje za prijevoz robe u suhom okru\u017eenju\" data-date=\"%2\">\n\n<div class=\"post-thumbnail-wrap\">\n\t<div class=\"post-thumbnail\">\n\n\t\t\n\t\t\n\t\t<a href=\"https:\/\/www.multipartner.hr\/hr\/multicargo-idealno-rjesenje-za-prijevoz-robe-u-suhom-okruzenju\/\" class=\"post-thumbnail-rollover layzr-bg layzr-bg\" ><img decoding=\"async\" class=\"blog-thumb-lazy-load preload-me lazy-load aspect\" src=\"data:image\/svg+xml,%3Csvg%20xmlns%3D&#39;http%3A%2F%2Fwww.w3.org%2F2000%2Fsvg&#39;%20viewBox%3D&#39;0%200%20568%20568&#39;%2F%3E\" data-src=\"https:\/\/www.multipartner.hr\/wp-content\/uploads\/2020\/04\/multicargo-zatvoreni-plywood-teretni-sanduk-f-568x568.jpg\" data-srcset=\"https:\/\/www.multipartner.hr\/wp-content\/uploads\/2020\/04\/multicargo-zatvoreni-plywood-teretni-sanduk-f-568x568.jpg 568w\" loading=\"eager\" style=\"--ratio: 568 \/ 568\" sizes=\"(max-width: 568px) 100vw, 568px\" alt=\"\" title=\"multicargo-zatvoreni-plywood-teretni-sanduk-f\" width=\"568\" height=\"568\"  \/><\/a>\n\t<\/div>\n<\/div>\n\n\n<div class=\"post-entry-content\">\n\n\t<h3 class=\"entry-title\">\n\t\t<a href=\"https:\/\/www.multipartner.hr\/hr\/multicargo-idealno-rjesenje-za-prijevoz-robe-u-suhom-okruzenju\/\" title=\"MultiCargo &#8211; Idealno rje\u0161enje za prijevoz robe u suhom okru\u017eenju\" rel=\"bookmark\">MultiCargo &#8211; Idealno rje\u0161enje za prijevoz robe u suhom okru\u017eenju<\/a>\n\t<\/h3>\n\n\t\n\t<div class=\"entry-excerpt\"><p>Ako va\u0161e poslovanje tra\u017ei idealno rje\u0161enje za prijevoz robe u suhom okru\u017eenju, pogledajte jednu od na\u0161ih novijih nadogradnji koju smo izveli na gospodarskom vozilu marke Ford Transit. Stranice teretnog prostora izra\u0111ene su od vodonepropusne \u0161perplo\u010de sa zavr\u0161nom poliesterskom oblogom te smo dodali dvostruka stra\u017enja vrata i bo\u010dne dr\u017ea\u010de za stopere tereta. Za \u0161to manji zra\u010dni&hellip;<\/p>\n<\/div>\n\t\n<a href=\"https:\/\/www.multipartner.hr\/hr\/multicargo-idealno-rjesenje-za-prijevoz-robe-u-suhom-okruzenju\/\" class=\"dt-btn-s dt-btn post-details details-type-btn\" aria-label=\"Read more about MultiCargo &#8211; Idealno rje\u0161enje za prijevoz robe u suhom okru\u017eenju\">Saznajte vi\u0161e<i class=\"dt-icon-the7-arrow-03\" aria-hidden=\"true\"><\/i><\/a>\n\n<\/div><\/article><article class=\"post project-odd hidden post-2495 type-post status-publish format-standard has-post-thumbnail hentry category-novosti tag-multicargo category-18 description-off\" data-name=\"MultiCargo \u2013 Aluminijski zatvoreni teretni sanduk s foto-oslikavanjem\" data-date=\"%2\">\n\n<div class=\"post-thumbnail-wrap\">\n\t<div class=\"post-thumbnail\">\n\n\t\t\n\t\t\n\t\t<a href=\"https:\/\/www.multipartner.hr\/hr\/multicargo-aluminijski-zatvoreni-teretni-sanduk-s-foto-oslikavanjem\/\" class=\"post-thumbnail-rollover layzr-bg layzr-bg\" ><img decoding=\"async\" class=\"blog-thumb-lazy-load preload-me lazy-load aspect\" src=\"data:image\/svg+xml,%3Csvg%20xmlns%3D&#39;http%3A%2F%2Fwww.w3.org%2F2000%2Fsvg&#39;%20viewBox%3D&#39;0%200%20574%20574&#39;%2F%3E\" data-src=\"https:\/\/www.multipartner.hr\/wp-content\/uploads\/2020\/04\/mobilna-potkivacka-radionica-by-multicargo-multipartner-574x574.jpg\" data-srcset=\"https:\/\/www.multipartner.hr\/wp-content\/uploads\/2020\/04\/mobilna-potkivacka-radionica-by-multicargo-multipartner-574x574.jpg 574w\" loading=\"eager\" style=\"--ratio: 574 \/ 574\" sizes=\"(max-width: 574px) 100vw, 574px\" alt=\"\" title=\"mobilna-potkivacka-radionica-by-multicargo-multipartner\" width=\"574\" height=\"574\"  \/><\/a>\n\t<\/div>\n<\/div>\n\n\n<div class=\"post-entry-content\">\n\n\t<h3 class=\"entry-title\">\n\t\t<a href=\"https:\/\/www.multipartner.hr\/hr\/multicargo-aluminijski-zatvoreni-teretni-sanduk-s-foto-oslikavanjem\/\" title=\"MultiCargo \u2013 Aluminijski zatvoreni teretni sanduk s foto-oslikavanjem\" rel=\"bookmark\">MultiCargo \u2013 Aluminijski zatvoreni teretni sanduk s foto-oslikavanjem<\/a>\n\t<\/h3>\n\n\t\n\t<div class=\"entry-excerpt\"><p>Ovaj tjedan s ponosom predstavljamo jo\u0161 jednu zanimljivu specijalnu nadogradnju i ideju kako funkcionalni prostor teretnog sanduka mo\u017eemo pretvoriti u izvrsnu pokretnu reklamu. Za potrebe pokretne potkiva\u010dke radionice na\u0161eg klijenta, izradili smo aluminijski sanduk s vertikalnim podizanjem svih stranica, a sve bo\u010dne stranice potom foto-oslikali. Ovom nadogradnjom smo vozilo op\u0107e gospodarske namjene pretvorili u funkcionalnu&hellip;<\/p>\n<\/div>\n\t\n<a href=\"https:\/\/www.multipartner.hr\/hr\/multicargo-aluminijski-zatvoreni-teretni-sanduk-s-foto-oslikavanjem\/\" class=\"dt-btn-s dt-btn post-details details-type-btn\" aria-label=\"Read more about MultiCargo \u2013 Aluminijski zatvoreni teretni sanduk s foto-oslikavanjem\">Saznajte vi\u0161e<i class=\"dt-icon-the7-arrow-03\" aria-hidden=\"true\"><\/i><\/a>\n\n<\/div><\/article><article class=\"post project-odd hidden post-2426 type-post status-publish format-standard has-post-thumbnail hentry category-novosti tag-multifrigo category-18 description-off\" data-name=\"MultiFrigo \u2013 Serija termoizoliranih vozila s policama i Carrier Xarios 200 rashladnim ure\u0111ajima\" data-date=\"%2\">\n\n<div class=\"post-thumbnail-wrap\">\n\t<div class=\"post-thumbnail\">\n\n\t\t\n\t\t\n\t\t<a href=\"https:\/\/www.multipartner.hr\/hr\/multifrigo-serija-termoizoliranih-vozila-s-policama-i-carrier-xarios-200-rashladnim-uredajima\/\" class=\"post-thumbnail-rollover layzr-bg layzr-bg\" ><img decoding=\"async\" class=\"blog-thumb-lazy-load preload-me lazy-load aspect\" src=\"data:image\/svg+xml,%3Csvg%20xmlns%3D&#39;http%3A%2F%2Fwww.w3.org%2F2000%2Fsvg&#39;%20viewBox%3D&#39;0%200%20574%20574&#39;%2F%3E\" data-src=\"https:\/\/www.multipartner.hr\/wp-content\/uploads\/2020\/03\/multifrigo-termoizolacija-furgona-s-policama-i-rashladnim-uredajem-carrier-xarios-200-574x574.jpg\" data-srcset=\"https:\/\/www.multipartner.hr\/wp-content\/uploads\/2020\/03\/multifrigo-termoizolacija-furgona-s-policama-i-rashladnim-uredajem-carrier-xarios-200-574x574.jpg 574w\" loading=\"eager\" style=\"--ratio: 574 \/ 574\" sizes=\"(max-width: 574px) 100vw, 574px\" alt=\"\" title=\"MultiFrigo \u2013 termoizolacija furgona s policama te rashladnim ure\u0111ajem Carrier Xarios 200\" width=\"574\" height=\"574\"  \/><\/a>\n\t<\/div>\n<\/div>\n\n\n<div class=\"post-entry-content\">\n\n\t<h3 class=\"entry-title\">\n\t\t<a href=\"https:\/\/www.multipartner.hr\/hr\/multifrigo-serija-termoizoliranih-vozila-s-policama-i-carrier-xarios-200-rashladnim-uredajima\/\" title=\"MultiFrigo \u2013 Serija termoizoliranih vozila s policama i Carrier Xarios 200 rashladnim ure\u0111ajima\" rel=\"bookmark\">MultiFrigo \u2013 Serija termoizoliranih vozila s policama i Carrier Xarios 200 rashladnim ure\u0111ajima<\/a>\n\t<\/h3>\n\n\t\n\t<div class=\"entry-excerpt\"><p>Na\u0161a dugogodi\u0161nja stranka nedavno je pred nas stavila zahtjev za nadogradnju serije vozila namijenjenih ambulantnoj dostavi. Vozila smo opremili inovativnim rashladnim ure\u0111ajima marke Carrier Xarios 200, podebljanim stra\u017enjim vratima za bolju termi\u010dku izolaciju te fiksnim aluminijskim policama \u010dime smo ostvarili maksimalnu nosivost u voznom stanju od 1060 kg. Elektro stand-by pogon Xarios 200 ure\u0111aja na&hellip;<\/p>\n<\/div>\n\t\n<a href=\"https:\/\/www.multipartner.hr\/hr\/multifrigo-serija-termoizoliranih-vozila-s-policama-i-carrier-xarios-200-rashladnim-uredajima\/\" class=\"dt-btn-s dt-btn post-details details-type-btn\" aria-label=\"Read more about MultiFrigo \u2013 Serija termoizoliranih vozila s policama i Carrier Xarios 200 rashladnim ure\u0111ajima\">Saznajte vi\u0161e<i class=\"dt-icon-the7-arrow-03\" aria-hidden=\"true\"><\/i><\/a>\n\n<\/div><\/article><article class=\"post project-odd hidden post-2437 type-post status-publish format-standard has-post-thumbnail hentry category-novosti tag-dhollandia tag-multicargo category-18 description-off\" data-name=\"MultiCargo \u2013 Ugradnja utovarne rampe D&#8217;Hollandia na VW Crafter 50\" data-date=\"%2\">\n\n<div class=\"post-thumbnail-wrap\">\n\t<div class=\"post-thumbnail\">\n\n\t\t\n\t\t\n\t\t<a href=\"https:\/\/www.multipartner.hr\/hr\/multicargo-ugradnja-utovarne-rampe-dhollandia-na-vw-crafter-50\/\" class=\"post-thumbnail-rollover layzr-bg layzr-bg\" ><img decoding=\"async\" class=\"blog-thumb-lazy-load preload-me lazy-load aspect\" src=\"data:image\/svg+xml,%3Csvg%20xmlns%3D&#39;http%3A%2F%2Fwww.w3.org%2F2000%2Fsvg&#39;%20viewBox%3D&#39;0%200%20554%20554&#39;%2F%3E\" data-src=\"https:\/\/www.multipartner.hr\/wp-content\/uploads\/2020\/03\/multipartner-multicargo-loading-ramp-554x554.jpg\" data-srcset=\"https:\/\/www.multipartner.hr\/wp-content\/uploads\/2020\/03\/multipartner-multicargo-loading-ramp-554x554.jpg 554w\" loading=\"eager\" style=\"--ratio: 554 \/ 554\" sizes=\"(max-width: 554px) 100vw, 554px\" alt=\"\" title=\"multipartner-multicargo-loading-ramp\" width=\"554\" height=\"554\"  \/><\/a>\n\t<\/div>\n<\/div>\n\n\n<div class=\"post-entry-content\">\n\n\t<h3 class=\"entry-title\">\n\t\t<a href=\"https:\/\/www.multipartner.hr\/hr\/multicargo-ugradnja-utovarne-rampe-dhollandia-na-vw-crafter-50\/\" title=\"MultiCargo \u2013 Ugradnja utovarne rampe D&#8217;Hollandia na VW Crafter 50\" rel=\"bookmark\">MultiCargo \u2013 Ugradnja utovarne rampe D&#8217;Hollandia na VW Crafter 50<\/a>\n\t<\/h3>\n\n\t\n\t<div class=\"entry-excerpt\"><p>Po\u0161tuju\u0107i sve mjere koje nala\u017ee Sto\u017eer civilne za\u0161tite RH, tehni\u010dari tvrtke MultiPartner nastavljaju s potporom lokalnom gospodarstvu s jo\u0161 jednom specijalnom nadogradnjom VW Crafter 50 furgona kojem smo ugradili utovarnu rampu D&#8217;Hollandia &#8212; model DHLSP.07 nosivosti do 500 kg &#8212; zna\u010dajno olak\u0161avaju\u0107i utovar i istovar robe. Za lak\u0161u manipulaciju rampom i teretom, vozilo je opremljeno&hellip;<\/p>\n<\/div>\n\t\n<a href=\"https:\/\/www.multipartner.hr\/hr\/multicargo-ugradnja-utovarne-rampe-dhollandia-na-vw-crafter-50\/\" class=\"dt-btn-s dt-btn post-details details-type-btn\" aria-label=\"Read more about MultiCargo \u2013 Ugradnja utovarne rampe D&#8217;Hollandia na VW Crafter 50\">Saznajte vi\u0161e<i class=\"dt-icon-the7-arrow-03\" aria-hidden=\"true\"><\/i><\/a>\n\n<\/div><\/article><article class=\"post project-odd hidden post-2447 type-post status-publish format-standard has-post-thumbnail hentry category-novosti tag-multimobility category-18 description-off\" data-name=\"MultiMobility \u2013 HandyTech \u201eSpeed &#038; brake\u201c sustav ru\u010dnog upravljanja papu\u010dicama gasa i ko\u010dnice\" data-date=\"%2\">\n\n<div class=\"post-thumbnail-wrap\">\n\t<div class=\"post-thumbnail\">\n\n\t\t\n\t\t\n\t\t<a href=\"https:\/\/www.multipartner.hr\/hr\/multimobility-handytech-speed-brake-sustav-rucnog-upravljanja-papucicama-gasa-i-kocnice\/\" class=\"post-thumbnail-rollover layzr-bg layzr-bg\" ><img decoding=\"async\" class=\"blog-thumb-lazy-load preload-me lazy-load aspect\" src=\"data:image\/svg+xml,%3Csvg%20xmlns%3D&#39;http%3A%2F%2Fwww.w3.org%2F2000%2Fsvg&#39;%20viewBox%3D&#39;0%200%20703%20703&#39;%2F%3E\" data-src=\"https:\/\/www.multipartner.hr\/wp-content\/uploads\/2020\/03\/MultiMobility\u2013Speedbrake\u2013sustav-ru\u010dnog-upravljanja-papu\u010dicama-gasa-i-ko\u010dnice-b-703x703.jpg\" data-srcset=\"https:\/\/www.multipartner.hr\/wp-content\/uploads\/2020\/03\/MultiMobility\u2013Speedbrake\u2013sustav-ru\u010dnog-upravljanja-papu\u010dicama-gasa-i-ko\u010dnice-b-703x703.jpg 703w\" loading=\"eager\" style=\"--ratio: 703 \/ 703\" sizes=\"(max-width: 703px) 100vw, 703px\" alt=\"\" title=\"MultiMobility \u2013 \u201eSpeed &#038; brake\u201c \u2013 sustav ru\u010dnog upravljanja papu\u010dicama gasa i ko\u010dnice\" width=\"703\" height=\"703\"  \/><\/a>\n\t<\/div>\n<\/div>\n\n\n<div class=\"post-entry-content\">\n\n\t<h3 class=\"entry-title\">\n\t\t<a href=\"https:\/\/www.multipartner.hr\/hr\/multimobility-handytech-speed-brake-sustav-rucnog-upravljanja-papucicama-gasa-i-kocnice\/\" title=\"MultiMobility \u2013 HandyTech \u201eSpeed &#038; brake\u201c sustav ru\u010dnog upravljanja papu\u010dicama gasa i ko\u010dnice\" rel=\"bookmark\">MultiMobility \u2013 HandyTech \u201eSpeed &#038; brake\u201c sustav ru\u010dnog upravljanja papu\u010dicama gasa i ko\u010dnice<\/a>\n\t<\/h3>\n\n\t\n\t<div class=\"entry-excerpt\"><p>MultiPartner MultiMobility program ovaj tjedan predstavlja novu ugradnju dobro isku\u0161anog HandyTech \u201eSpeed &amp; brake\u201c sustava na vozilo marke VW Sharan. \u201eSpeed &amp; brake\u201c sustavi omogu\u0107uju precizno ru\u010dno upravljanje papu\u010dicama gasa i ko\u010dnice, a ugra\u0111uju se u vozila za osobe koje zbog pote\u0161ko\u0107a u donjim ekstremitetima tijela ne mogu koristiti klasi\u010dno upravljanje vozila. Za potpunu sigurnost&hellip;<\/p>\n<\/div>\n\t\n<a href=\"https:\/\/www.multipartner.hr\/hr\/multimobility-handytech-speed-brake-sustav-rucnog-upravljanja-papucicama-gasa-i-kocnice\/\" class=\"dt-btn-s dt-btn post-details details-type-btn\" aria-label=\"Read more about MultiMobility \u2013 HandyTech \u201eSpeed &#038; brake\u201c sustav ru\u010dnog upravljanja papu\u010dicama gasa i ko\u010dnice\">Saznajte vi\u0161e<i class=\"dt-icon-the7-arrow-03\" aria-hidden=\"true\"><\/i><\/a>\n\n<\/div><\/article><article class=\"post project-odd hidden post-2413 type-post status-publish format-standard has-post-thumbnail hentry category-novosti tag-multicargo category-18 description-off\" data-name=\"MultiPartner MultiCargo program &#8211; Gospodarska vozila s \u010deli\u010dnim trostranim kiperom\" data-date=\"%2\">\n\n<div class=\"post-thumbnail-wrap\">\n\t<div class=\"post-thumbnail\">\n\n\t\t\n\t\t\n\t\t<a href=\"https:\/\/www.multipartner.hr\/hr\/multipartner-multicargo-program-gospodarska-vozila-s-celicnim-trostranim-kiperom\/\" class=\"post-thumbnail-rollover layzr-bg layzr-bg\" ><img decoding=\"async\" class=\"blog-thumb-lazy-load preload-me lazy-load aspect\" src=\"data:image\/svg+xml,%3Csvg%20xmlns%3D&#39;http%3A%2F%2Fwww.w3.org%2F2000%2Fsvg&#39;%20viewBox%3D&#39;0%200%20571%20571&#39;%2F%3E\" data-src=\"https:\/\/www.multipartner.hr\/wp-content\/uploads\/2020\/03\/gospodarska-vozila-s-trostrukim-celicnim-kiperom-a-571x571.jpg\" data-srcset=\"https:\/\/www.multipartner.hr\/wp-content\/uploads\/2020\/03\/gospodarska-vozila-s-trostrukim-celicnim-kiperom-a-571x571.jpg 571w\" loading=\"eager\" style=\"--ratio: 571 \/ 571\" sizes=\"(max-width: 571px) 100vw, 571px\" alt=\"\" title=\"gospodarska-vozila-s-trostrukim-celicnim-kiperom-a\" width=\"571\" height=\"571\"  \/><\/a>\n\t<\/div>\n<\/div>\n\n\n<div class=\"post-entry-content\">\n\n\t<h3 class=\"entry-title\">\n\t\t<a href=\"https:\/\/www.multipartner.hr\/hr\/multipartner-multicargo-program-gospodarska-vozila-s-celicnim-trostranim-kiperom\/\" title=\"MultiPartner MultiCargo program &#8211; Gospodarska vozila s \u010deli\u010dnim trostranim kiperom\" rel=\"bookmark\">MultiPartner MultiCargo program &#8211; Gospodarska vozila s \u010deli\u010dnim trostranim kiperom<\/a>\n\t<\/h3>\n\n\t\n\t<div class=\"entry-excerpt\"><p>MultiPartner MultiCargo program za kraj tjedna predstavlja dvije nove kiperske nadogradnje gospodarskih vozila za gra\u0111evinski i komunalni sektor. Na transportna vozila sa \u0161asijama s jednostrukom i dvostrukom kabinom ugradili smo s \u010deli\u010dne trostrane kipere &#8212; jedan za vozilo ukupne mase 5 T s jednostrukom kabinom i drugi za vozilo ukupne mase 3,5 T s dvostrukom&hellip;<\/p>\n<\/div>\n\t\n<a href=\"https:\/\/www.multipartner.hr\/hr\/multipartner-multicargo-program-gospodarska-vozila-s-celicnim-trostranim-kiperom\/\" class=\"dt-btn-s dt-btn post-details details-type-btn\" aria-label=\"Read more about MultiPartner MultiCargo program &#8211; Gospodarska vozila s \u010deli\u010dnim trostranim kiperom\">Saznajte vi\u0161e<i class=\"dt-icon-the7-arrow-03\" aria-hidden=\"true\"><\/i><\/a>\n\n<\/div><\/article><article class=\"post project-odd hidden post-2399 type-post status-publish format-standard has-post-thumbnail hentry category-novosti tag-multifrigo category-18 description-off\" data-name=\"MultiFrigo &#8211; Rashladna komora i Carrier Xarios 200 rashladni ure\u0111aj\" data-date=\"%2\">\n\n<div class=\"post-thumbnail-wrap\">\n\t<div class=\"post-thumbnail\">\n\n\t\t\n\t\t\n\t\t<a href=\"https:\/\/www.multipartner.hr\/hr\/multifrigo-rashladna-komora-i-carrier-xsarios-200-rashladni-uredaj\/\" class=\"post-thumbnail-rollover layzr-bg layzr-bg\" ><img decoding=\"async\" class=\"blog-thumb-lazy-load preload-me lazy-load aspect\" src=\"data:image\/svg+xml,%3Csvg%20xmlns%3D&#39;http%3A%2F%2Fwww.w3.org%2F2000%2Fsvg&#39;%20viewBox%3D&#39;0%200%20750%20750&#39;%2F%3E\" data-src=\"https:\/\/www.multipartner.hr\/wp-content\/uploads\/2020\/03\/multifrigo-rashladna-komora-carrier-xsarios-f-750x750.jpg\" data-srcset=\"https:\/\/www.multipartner.hr\/wp-content\/uploads\/2020\/03\/multifrigo-rashladna-komora-carrier-xsarios-f-750x750.jpg 750w\" loading=\"eager\" style=\"--ratio: 750 \/ 750\" sizes=\"(max-width: 750px) 100vw, 750px\" alt=\"MultiFrigo - Cooling Chamber and Carrier Xsarios 200 Refrigeration\" title=\"MultiFrigo &#8211; Cooling Chamber and Carrier Xsarios 200 Refrigeration\" width=\"750\" height=\"750\"  \/><\/a>\n\t<\/div>\n<\/div>\n\n\n<div class=\"post-entry-content\">\n\n\t<h3 class=\"entry-title\">\n\t\t<a href=\"https:\/\/www.multipartner.hr\/hr\/multifrigo-rashladna-komora-i-carrier-xsarios-200-rashladni-uredaj\/\" title=\"MultiFrigo &#8211; Rashladna komora i Carrier Xarios 200 rashladni ure\u0111aj\" rel=\"bookmark\">MultiFrigo &#8211; Rashladna komora i Carrier Xarios 200 rashladni ure\u0111aj<\/a>\n\t<\/h3>\n\n\t\n\t<div class=\"entry-excerpt\"><p>U suradnji s na\u0161im dugogodi\u0161njim partnerom Hamer Tehnika d.o.o., isporu\u010dili smo rashladnu komoru i Carrier Xarios 200 rashladni ure\u0111aj sa stand-by opcijom na 220V. Ovaj paket odlikuje izuzetno lagana nadogranja s aluminijskom pomo\u0107nom \u0161asijom te sna\u017enim rashladnim kapacitetom. Vozilo smo nadogradili i krovnim spojlerom za manju potro\u0161nju goriva, stepenicom za lak\u0161i ulaz u komoru te&hellip;<\/p>\n<\/div>\n\t\n<a href=\"https:\/\/www.multipartner.hr\/hr\/multifrigo-rashladna-komora-i-carrier-xsarios-200-rashladni-uredaj\/\" class=\"dt-btn-s dt-btn post-details details-type-btn\" aria-label=\"Read more about MultiFrigo &#8211; Rashladna komora i Carrier Xarios 200 rashladni ure\u0111aj\">Saznajte vi\u0161e<i class=\"dt-icon-the7-arrow-03\" aria-hidden=\"true\"><\/i><\/a>\n\n<\/div><\/article><article class=\"post project-odd hidden post-2387 type-post status-publish format-standard has-post-thumbnail hentry category-novosti tag-specijalne-nadogradnje category-18 description-off\" data-name=\"Specijalna nadogradnja vozila za prijevoz pokojnika\" data-date=\"%2\">\n\n<div class=\"post-thumbnail-wrap\">\n\t<div class=\"post-thumbnail\">\n\n\t\t\n\t\t\n\t\t<a href=\"https:\/\/www.multipartner.hr\/hr\/specijalna-nadogradnja-vozila-za-prijevoz-pokojnika\/\" class=\"post-thumbnail-rollover layzr-bg layzr-bg\" ><img decoding=\"async\" class=\"blog-thumb-lazy-load preload-me lazy-load aspect\" src=\"data:image\/svg+xml,%3Csvg%20xmlns%3D&#39;http%3A%2F%2Fwww.w3.org%2F2000%2Fsvg&#39;%20viewBox%3D&#39;0%200%20505%20505&#39;%2F%3E\" data-src=\"https:\/\/www.multipartner.hr\/wp-content\/uploads\/2020\/02\/specijalna-nadogradnja-za-prijevoz-pokojnika-main-505x505.jpg\" data-srcset=\"https:\/\/www.multipartner.hr\/wp-content\/uploads\/2020\/02\/specijalna-nadogradnja-za-prijevoz-pokojnika-main-505x505.jpg 505w\" loading=\"eager\" style=\"--ratio: 505 \/ 505\" sizes=\"(max-width: 505px) 100vw, 505px\" alt=\"Specijalna nadogradnja za prijevoz pokojnika\" title=\"Specijalna nadogradnja za prijevoz pokojnika\" width=\"505\" height=\"505\"  \/><\/a>\n\t<\/div>\n<\/div>\n\n\n<div class=\"post-entry-content\">\n\n\t<h3 class=\"entry-title\">\n\t\t<a href=\"https:\/\/www.multipartner.hr\/hr\/specijalna-nadogradnja-vozila-za-prijevoz-pokojnika\/\" title=\"Specijalna nadogradnja vozila za prijevoz pokojnika\" rel=\"bookmark\">Specijalna nadogradnja vozila za prijevoz pokojnika<\/a>\n\t<\/h3>\n\n\t\n\t<div class=\"entry-excerpt\"><p>Ovaj tjedan vam predstavljamo specijalnu nadogradnju vozila za prijevoz pokojnika \u010diji smo unutarnji prostor oblo\u017eili materijalom koji omogu\u0107uje perivost. Vozilo je tako\u0111er nadogra\u0111eno s postoljem s kota\u010di\u0107ima za lak\u0161i utovar lijesa, vodilicama za vje\u0161anje vijenaca te alkama za fiksiranje lijesa tijekom transporta. Za upuhivanje svje\u017eeg zraka i ispuh kontaminiranog ugradili smo sna\u017eni dvosmjerni krovni ventilator&hellip;<\/p>\n<\/div>\n\t\n<a href=\"https:\/\/www.multipartner.hr\/hr\/specijalna-nadogradnja-vozila-za-prijevoz-pokojnika\/\" class=\"dt-btn-s dt-btn post-details details-type-btn\" aria-label=\"Read more about Specijalna nadogradnja vozila za prijevoz pokojnika\">Saznajte vi\u0161e<i class=\"dt-icon-the7-arrow-03\" aria-hidden=\"true\"><\/i><\/a>\n\n<\/div><\/article><article class=\"post project-odd hidden post-2332 type-post status-publish format-standard has-post-thumbnail hentry category-novosti tag-multimobility category-18 description-off\" data-name=\"MultiMobility \u2013 specijalna nadogradnja za prijevoz osoba s invaliditetom\" data-date=\"%2\">\n\n<div class=\"post-thumbnail-wrap\">\n\t<div class=\"post-thumbnail\">\n\n\t\t\n\t\t\n\t\t<a href=\"https:\/\/www.multipartner.hr\/hr\/multimobility-specijalna-nadogradnja-za-prijevoz-osoba-s-invaliditetom\/\" class=\"post-thumbnail-rollover layzr-bg layzr-bg\" ><img decoding=\"async\" class=\"blog-thumb-lazy-load preload-me lazy-load aspect\" src=\"data:image\/svg+xml,%3Csvg%20xmlns%3D&#39;http%3A%2F%2Fwww.w3.org%2F2000%2Fsvg&#39;%20viewBox%3D&#39;0%200%20673%20673&#39;%2F%3E\" data-src=\"https:\/\/www.multipartner.hr\/wp-content\/uploads\/2020\/01\/multimobility-specijalna-nadogranja-za-prijevoz-osoba-s-invaliditetom-m-673x673.jpg\" data-srcset=\"https:\/\/www.multipartner.hr\/wp-content\/uploads\/2020\/01\/multimobility-specijalna-nadogranja-za-prijevoz-osoba-s-invaliditetom-m-673x673.jpg 673w\" loading=\"eager\" style=\"--ratio: 673 \/ 673\" sizes=\"(max-width: 673px) 100vw, 673px\" alt=\"MultiMobility - Centar mobilnosti osoba s invaliditetom\" title=\"MultiMobility &#8211; Centar mobilnosti osoba s invaliditetom\" width=\"673\" height=\"673\"  \/><\/a>\n\t<\/div>\n<\/div>\n\n\n<div class=\"post-entry-content\">\n\n\t<h3 class=\"entry-title\">\n\t\t<a href=\"https:\/\/www.multipartner.hr\/hr\/multimobility-specijalna-nadogradnja-za-prijevoz-osoba-s-invaliditetom\/\" title=\"MultiMobility \u2013 specijalna nadogradnja za prijevoz osoba s invaliditetom\" rel=\"bookmark\">MultiMobility \u2013 specijalna nadogradnja za prijevoz osoba s invaliditetom<\/a>\n\t<\/h3>\n\n\t\n\t<div class=\"entry-excerpt\"><p>[vc_row][vc_column][vc_column_text]Jo\u0161 jedna uspje\u0161nica iz na\u0161e produkcije ovaj tjedan dolazi iz MultiMobility programa s nadogradnjom vozila za prijevoz osoba s invaliditetom. Nakon na\u0161e stru\u010dne intervencije, ovo vozilo sada ima 7 dodatnih sjedala od kojih je jedno zakretno \u010dime smo omogu\u0107ili spremanje na bok vozila. Ugradili smo elektro-hidrauli\u010dnu rampu na stra\u017enja vrate te elektro-mehani\u010dku stepenicu za lak\u0161i&hellip;<\/p>\n<\/div>\n\t\n<a href=\"https:\/\/www.multipartner.hr\/hr\/multimobility-specijalna-nadogradnja-za-prijevoz-osoba-s-invaliditetom\/\" class=\"dt-btn-s dt-btn post-details details-type-btn\" aria-label=\"Read more about MultiMobility \u2013 specijalna nadogradnja za prijevoz osoba s invaliditetom\">Saznajte vi\u0161e<i class=\"dt-icon-the7-arrow-03\" aria-hidden=\"true\"><\/i><\/a>\n\n<\/div><\/article><article class=\"post project-odd hidden post-2318 type-post status-publish format-standard has-post-thumbnail hentry category-novosti tag-multicargo category-18 description-off\" data-name=\"MultiCargo &#8211; Predstavljamo novi proizvod na tr\u017ei\u0161tu &#8211; potpuno aluminijski trostrani kiper\" data-date=\"%2\">\n\n<div class=\"post-thumbnail-wrap\">\n\t<div class=\"post-thumbnail\">\n\n\t\t\n\t\t\n\t\t<a href=\"https:\/\/www.multipartner.hr\/hr\/multicargo-predstavljamo-novi-proizvod-na-trzistu-potpuno-aluminijski-trostrani-kiper\/\" class=\"post-thumbnail-rollover layzr-bg layzr-bg\" ><img decoding=\"async\" class=\"blog-thumb-lazy-load preload-me lazy-load aspect\" src=\"data:image\/svg+xml,%3Csvg%20xmlns%3D&#39;http%3A%2F%2Fwww.w3.org%2F2000%2Fsvg&#39;%20viewBox%3D&#39;0%200%20573%20573&#39;%2F%3E\" data-src=\"https:\/\/www.multipartner.hr\/wp-content\/uploads\/2020\/01\/aluminijski-kiper-multicargo-multipartner-naslovna-573x573.jpg\" data-srcset=\"https:\/\/www.multipartner.hr\/wp-content\/uploads\/2020\/01\/aluminijski-kiper-multicargo-multipartner-naslovna-573x573.jpg 573w\" loading=\"eager\" style=\"--ratio: 573 \/ 573\" sizes=\"(max-width: 573px) 100vw, 573px\" alt=\"Potpuno aluminiski kiper - MultiCargo - MultiPartner\" title=\"Potpuno aluminiski kiper &#8211; MultiCargo &#8211; MultiPartner\" width=\"573\" height=\"573\"  \/><\/a>\n\t<\/div>\n<\/div>\n\n\n<div class=\"post-entry-content\">\n\n\t<h3 class=\"entry-title\">\n\t\t<a href=\"https:\/\/www.multipartner.hr\/hr\/multicargo-predstavljamo-novi-proizvod-na-trzistu-potpuno-aluminijski-trostrani-kiper\/\" title=\"MultiCargo &#8211; Predstavljamo novi proizvod na tr\u017ei\u0161tu &#8211; potpuno aluminijski trostrani kiper\" rel=\"bookmark\">MultiCargo &#8211; Predstavljamo novi proizvod na tr\u017ei\u0161tu &#8211; potpuno aluminijski trostrani kiper<\/a>\n\t<\/h3>\n\n\t\n\t<div class=\"entry-excerpt\"><p>[vc_row][vc_column][vc_column_text]Svim partnerima, klijentima i prijateljima \u017eelimo sretnu i uspje\u0161nu 2020. godinu. U novu godinu ulazimo predstavljanjem novog proizvoda na na\u0161em tr\u017ei\u0161tu &#8211; potpuno aluminijski trostrani kiper s be\u017ei\u010dnim daljinskim upravljanjem i dvogodi\u0161njim jamstvom. Ovaj novi proizvod napravljen je od aluminijskih profila, pomo\u0107ne \u0161asije te aluminijske podnice i stranica \u010dime smo pove\u0107ali ukupnu nosivost vozila i&hellip;<\/p>\n<\/div>\n\t\n<a href=\"https:\/\/www.multipartner.hr\/hr\/multicargo-predstavljamo-novi-proizvod-na-trzistu-potpuno-aluminijski-trostrani-kiper\/\" class=\"dt-btn-s dt-btn post-details details-type-btn\" aria-label=\"Read more about MultiCargo &#8211; Predstavljamo novi proizvod na tr\u017ei\u0161tu &#8211; potpuno aluminijski trostrani kiper\">Saznajte vi\u0161e<i class=\"dt-icon-the7-arrow-03\" aria-hidden=\"true\"><\/i><\/a>\n\n<\/div><\/article><article class=\"post project-odd hidden post-2304 type-post status-publish format-standard has-post-thumbnail hentry category-novosti tag-multimobility category-18 description-off\" data-name=\"MultiMobility &#8211; Ugradnja HandyTech sustava za upravljanje papu\u010dicama gasa i ko\u010dnice rukom\" data-date=\"%2\">\n\n<div class=\"post-thumbnail-wrap\">\n\t<div class=\"post-thumbnail\">\n\n\t\t\n\t\t\n\t\t<a href=\"https:\/\/www.multipartner.hr\/hr\/multimobility-ugradnja-handytech-sustava-za-upravljanje-papucicama-gasa-i-kocnice-rukom\/\" class=\"post-thumbnail-rollover layzr-bg layzr-bg\" ><img decoding=\"async\" class=\"blog-thumb-lazy-load preload-me lazy-load aspect\" src=\"data:image\/svg+xml,%3Csvg%20xmlns%3D&#39;http%3A%2F%2Fwww.w3.org%2F2000%2Fsvg&#39;%20viewBox%3D&#39;0%200%20475%20475&#39;%2F%3E\" data-src=\"https:\/\/www.multipartner.hr\/wp-content\/uploads\/2019\/12\/handytech-speed-and-break-main-475x475.jpg\" data-srcset=\"https:\/\/www.multipartner.hr\/wp-content\/uploads\/2019\/12\/handytech-speed-and-break-main-475x475.jpg 475w\" loading=\"eager\" style=\"--ratio: 475 \/ 475\" sizes=\"(max-width: 475px) 100vw, 475px\" alt=\"MultiMobility - Ugradnja HandyTech sustava za upravljanje papu\u010dicama gasa i ko\u010dnice rukom\" title=\"MultiMobility &#8211; Ugradnja HandyTech sustava za upravljanje papu\u010dicama gasa i ko\u010dnice rukom\" width=\"475\" height=\"475\"  \/><\/a>\n\t<\/div>\n<\/div>\n\n\n<div class=\"post-entry-content\">\n\n\t<h3 class=\"entry-title\">\n\t\t<a href=\"https:\/\/www.multipartner.hr\/hr\/multimobility-ugradnja-handytech-sustava-za-upravljanje-papucicama-gasa-i-kocnice-rukom\/\" title=\"MultiMobility &#8211; Ugradnja HandyTech sustava za upravljanje papu\u010dicama gasa i ko\u010dnice rukom\" rel=\"bookmark\">MultiMobility &#8211; Ugradnja HandyTech sustava za upravljanje papu\u010dicama gasa i ko\u010dnice rukom<\/a>\n\t<\/h3>\n\n\t\n\t<div class=\"entry-excerpt\"><p>[vc_row][vc_column][vc_column_text]MultiPartner MultiMobility program je na\u0161a u\u017ea specijalnost usmjerena prema svim osobama koje zbog invaliditeta imaju pote\u0161ko\u0107e u pristupu i upravljanju vozilima. Kroz partnerstva s najboljim proizvo\u0111a\u010dima, provjerenim sustavima te inovativnim rje\u0161enjima prema individualnim potrebama svakog pojedinca, MultiMobility program zadovoljava sve dana\u0161nje potrebe ovog zamjetnog dijela na\u0161e zajednice, a jedan od takvih sustava upravo je iza\u0161ao&hellip;<\/p>\n<\/div>\n\t\n<a href=\"https:\/\/www.multipartner.hr\/hr\/multimobility-ugradnja-handytech-sustava-za-upravljanje-papucicama-gasa-i-kocnice-rukom\/\" class=\"dt-btn-s dt-btn post-details details-type-btn\" aria-label=\"Read more about MultiMobility &#8211; Ugradnja HandyTech sustava za upravljanje papu\u010dicama gasa i ko\u010dnice rukom\">Saznajte vi\u0161e<i class=\"dt-icon-the7-arrow-03\" aria-hidden=\"true\"><\/i><\/a>\n\n<\/div><\/article><article class=\"post project-odd hidden post-2279 type-post status-publish format-standard has-post-thumbnail hentry category-novosti tag-multicargo category-18 description-off\" data-name=\"MultiCargo &#8211; Nadogradnja VW Crafter 50 vozila u idealno transportno rje\u0161enje za gra\u0111evinski i komunalni sektor\" data-date=\"%2\">\n\n<div class=\"post-thumbnail-wrap\">\n\t<div class=\"post-thumbnail\">\n\n\t\t\n\t\t\n\t\t<a href=\"https:\/\/www.multipartner.hr\/hr\/multicargo-nadogradnja-vw-crafter-50-vozila-u-idealno-transportno-rjesenje-za-gradevinski-i-komunalni-sektor\/\" class=\"post-thumbnail-rollover layzr-bg layzr-bg\" ><img decoding=\"async\" class=\"blog-thumb-lazy-load preload-me lazy-load aspect\" src=\"data:image\/svg+xml,%3Csvg%20xmlns%3D&#39;http%3A%2F%2Fwww.w3.org%2F2000%2Fsvg&#39;%20viewBox%3D&#39;0%200%20512%20512&#39;%2F%3E\" data-src=\"https:\/\/www.multipartner.hr\/wp-content\/uploads\/2019\/12\/20191125_092604-512x512.jpg\" data-srcset=\"https:\/\/www.multipartner.hr\/wp-content\/uploads\/2019\/12\/20191125_092604-512x512.jpg 512w\" loading=\"eager\" style=\"--ratio: 512 \/ 512\" sizes=\"(max-width: 512px) 100vw, 512px\" alt=\"\" title=\"20191125_092604\" width=\"512\" height=\"512\"  \/><\/a>\n\t<\/div>\n<\/div>\n\n\n<div class=\"post-entry-content\">\n\n\t<h3 class=\"entry-title\">\n\t\t<a href=\"https:\/\/www.multipartner.hr\/hr\/multicargo-nadogradnja-vw-crafter-50-vozila-u-idealno-transportno-rjesenje-za-gradevinski-i-komunalni-sektor\/\" title=\"MultiCargo &#8211; Nadogradnja VW Crafter 50 vozila u idealno transportno rje\u0161enje za gra\u0111evinski i komunalni sektor\" rel=\"bookmark\">MultiCargo &#8211; Nadogradnja VW Crafter 50 vozila u idealno transportno rje\u0161enje za gra\u0111evinski i komunalni sektor<\/a>\n\t<\/h3>\n\n\t\n\t<div class=\"entry-excerpt\"><p>[vc_row][vc_column][vc_column_text]Novo gospodarsko vozilo marke VW Crafter 50 pretvorili smo u idealno transportno rje\u0161enje za sve tvrtke koje posluju u gra\u0111evinskom i komunalnom sektoru. Kao bazni materijal odabrali smo \u010delik \u010dime smo osigurali robusnu i izuzetno \u010dvrstu osnovu za postavljanje sna\u017enog kipera s aluminijskim sandukom otvorenog tipa u kojeg je mogu\u0107e utovariti i krupni i rasuti&hellip;<\/p>\n<\/div>\n\t\n<a href=\"https:\/\/www.multipartner.hr\/hr\/multicargo-nadogradnja-vw-crafter-50-vozila-u-idealno-transportno-rjesenje-za-gradevinski-i-komunalni-sektor\/\" class=\"dt-btn-s dt-btn post-details details-type-btn\" aria-label=\"Read more about MultiCargo &#8211; Nadogradnja VW Crafter 50 vozila u idealno transportno rje\u0161enje za gra\u0111evinski i komunalni sektor\">Saznajte vi\u0161e<i class=\"dt-icon-the7-arrow-03\" aria-hidden=\"true\"><\/i><\/a>\n\n<\/div><\/article><article class=\"post project-odd hidden post-2252 type-post status-publish format-standard has-post-thumbnail hentry category-novosti tag-multifrigo category-18 description-off\" data-name=\"Posjet proizvodnom postrojenju CARRIER Transicold\" data-date=\"%2\">\n\n<div class=\"post-thumbnail-wrap\">\n\t<div class=\"post-thumbnail\">\n\n\t\t\n\t\t\n\t\t<a href=\"https:\/\/www.multipartner.hr\/hr\/posjet-proizvodnom-postrojenju-carrier-transicold\/\" class=\"post-thumbnail-rollover layzr-bg layzr-bg\" ><img decoding=\"async\" class=\"blog-thumb-lazy-load preload-me lazy-load aspect\" src=\"data:image\/svg+xml,%3Csvg%20xmlns%3D&#39;http%3A%2F%2Fwww.w3.org%2F2000%2Fsvg&#39;%20viewBox%3D&#39;0%200%20768%20768&#39;%2F%3E\" data-src=\"https:\/\/www.multipartner.hr\/wp-content\/uploads\/2019\/11\/posjet-carrier-francuska-768x768.jpg\" data-srcset=\"https:\/\/www.multipartner.hr\/wp-content\/uploads\/2019\/11\/posjet-carrier-francuska-768x768.jpg 768w, https:\/\/www.multipartner.hr\/wp-content\/uploads\/2019\/11\/posjet-carrier-francuska-960x960.jpg 960w\" loading=\"eager\" style=\"--ratio: 768 \/ 768\" sizes=\"(max-width: 768px) 100vw, 768px\" alt=\"\" title=\"posjet-carrier-francuska\" width=\"768\" height=\"768\"  \/><\/a>\n\t<\/div>\n<\/div>\n\n\n<div class=\"post-entry-content\">\n\n\t<h3 class=\"entry-title\">\n\t\t<a href=\"https:\/\/www.multipartner.hr\/hr\/posjet-proizvodnom-postrojenju-carrier-transicold\/\" title=\"Posjet proizvodnom postrojenju CARRIER Transicold\" rel=\"bookmark\">Posjet proizvodnom postrojenju CARRIER Transicold<\/a>\n\t<\/h3>\n\n\t\n\t<div class=\"entry-excerpt\"><p>Zahvaljujemo se tvrtki Haramustek d.o.o. iz Rugvice pokraj Zagreba, ovla\u0161tenom distributeru rashladnih ure\u0111aja Carrier Transicold za podru\u010dje Republike Hrvatske na ukazanom povjerenju i organiziranju posjeta Carrier proizvodnom postrojenju u mjestu Franqueville-Saint-Pierre, u blizini Pariza, od 24. do 26. rujna 2019. Carrier Transicold linija trasportnih rashladnih ure\u0111aja doprinosi cestovnom prijevozu proizvoda u kontroliranim uvjetima zahvaljuju\u0107i kompletnom&hellip;<\/p>\n<\/div>\n\t\n<a href=\"https:\/\/www.multipartner.hr\/hr\/posjet-proizvodnom-postrojenju-carrier-transicold\/\" class=\"dt-btn-s dt-btn post-details details-type-btn\" aria-label=\"Read more about Posjet proizvodnom postrojenju CARRIER Transicold\">Saznajte vi\u0161e<i class=\"dt-icon-the7-arrow-03\" aria-hidden=\"true\"><\/i><\/a>\n\n<\/div><\/article><article class=\"post project-odd hidden post-2227 type-post status-publish format-standard has-post-thumbnail hentry category-novosti tag-specijalne-nadogradnje category-18 description-off\" data-name=\"Special &#8211; Nadogranja VW Transportera u pokretnu radionicu\" data-date=\"%2\">\n\n<div class=\"post-thumbnail-wrap\">\n\t<div class=\"post-thumbnail\">\n\n\t\t\n\t\t\n\t\t<a href=\"https:\/\/www.multipartner.hr\/hr\/special-nadogranja-vw-transportera-u-pokretnu-radionicu\/\" class=\"post-thumbnail-rollover layzr-bg layzr-bg\" ><img decoding=\"async\" class=\"blog-thumb-lazy-load preload-me lazy-load aspect\" src=\"data:image\/svg+xml,%3Csvg%20xmlns%3D&#39;http%3A%2F%2Fwww.w3.org%2F2000%2Fsvg&#39;%20viewBox%3D&#39;0%200%20610%20610&#39;%2F%3E\" data-src=\"https:\/\/www.multipartner.hr\/wp-content\/uploads\/2019\/11\/filigentili-multipartner-nadogradnja-pokretna-radionica-3-610x610.jpg\" data-srcset=\"https:\/\/www.multipartner.hr\/wp-content\/uploads\/2019\/11\/filigentili-multipartner-nadogradnja-pokretna-radionica-3-610x610.jpg 610w\" loading=\"eager\" style=\"--ratio: 610 \/ 610\" sizes=\"(max-width: 610px) 100vw, 610px\" alt=\"\" title=\"filigentili-multipartner-nadogradnja-pokretna-radionica-3\" width=\"610\" height=\"610\"  \/><\/a>\n\t<\/div>\n<\/div>\n\n\n<div class=\"post-entry-content\">\n\n\t<h3 class=\"entry-title\">\n\t\t<a href=\"https:\/\/www.multipartner.hr\/hr\/special-nadogranja-vw-transportera-u-pokretnu-radionicu\/\" title=\"Special &#8211; Nadogranja VW Transportera u pokretnu radionicu\" rel=\"bookmark\">Special &#8211; Nadogranja VW Transportera u pokretnu radionicu<\/a>\n\t<\/h3>\n\n\t\n\t<div class=\"entry-excerpt\"><p>[vc_row][vc_column][vc_column_text]Dok nekima ki\u0161a usporava ili potpuno onemogu\u0107ava obavljanje posla, vrijednim MultiPartner majstorima ona nimalo ne smeta. Ovaj tjedan predstavljano potpuno novo vozilo marke VW Transporter za prijevoz 6 osoba kojem smo teretni prostor preuredili u pokretnu radionicu. Postavili smo funkcionalne aluminijske police i ladice za smje\u0161taj alata i opreme te pripadaju\u0107i sklopivi stolic sa \u0161kripom.&hellip;<\/p>\n<\/div>\n\t\n<a href=\"https:\/\/www.multipartner.hr\/hr\/special-nadogranja-vw-transportera-u-pokretnu-radionicu\/\" class=\"dt-btn-s dt-btn post-details details-type-btn\" aria-label=\"Read more about Special &#8211; Nadogranja VW Transportera u pokretnu radionicu\">Saznajte vi\u0161e<i class=\"dt-icon-the7-arrow-03\" aria-hidden=\"true\"><\/i><\/a>\n\n<\/div><\/article><article class=\"post project-odd hidden post-2205 type-post status-publish format-standard has-post-thumbnail hentry category-novosti tag-carrier-neos-100 tag-multifrigo category-18 description-off\" data-name=\"MultiFrigo &#8211; VW Caddy Maxi termoizolacija i ugradnja rashladnog ure\u0111aja Carrier Neos 100\" data-date=\"%2\">\n\n<div class=\"post-thumbnail-wrap\">\n\t<div class=\"post-thumbnail\">\n\n\t\t\n\t\t\n\t\t<a href=\"https:\/\/www.multipartner.hr\/hr\/multifrigo-vw-caddy-maxi-termoizolacija-i-ugradnja-rashladnog-uredaja-carrier-neos-100\/\" class=\"post-thumbnail-rollover layzr-bg layzr-bg\" ><img decoding=\"async\" class=\"blog-thumb-lazy-load preload-me lazy-load aspect\" src=\"data:image\/svg+xml,%3Csvg%20xmlns%3D&#39;http%3A%2F%2Fwww.w3.org%2F2000%2Fsvg&#39;%20viewBox%3D&#39;0%200%20612%20612&#39;%2F%3E\" data-src=\"https:\/\/www.multipartner.hr\/wp-content\/uploads\/2019\/10\/carrier-neos-100-01-612x612.jpg\" data-srcset=\"https:\/\/www.multipartner.hr\/wp-content\/uploads\/2019\/10\/carrier-neos-100-01-612x612.jpg 612w\" loading=\"eager\" style=\"--ratio: 612 \/ 612\" sizes=\"(max-width: 612px) 100vw, 612px\" alt=\"\" title=\"carrier-neos-100-01\" width=\"612\" height=\"612\"  \/><\/a>\n\t<\/div>\n<\/div>\n\n\n<div class=\"post-entry-content\">\n\n\t<h3 class=\"entry-title\">\n\t\t<a href=\"https:\/\/www.multipartner.hr\/hr\/multifrigo-vw-caddy-maxi-termoizolacija-i-ugradnja-rashladnog-uredaja-carrier-neos-100\/\" title=\"MultiFrigo &#8211; VW Caddy Maxi termoizolacija i ugradnja rashladnog ure\u0111aja Carrier Neos 100\" rel=\"bookmark\">MultiFrigo &#8211; VW Caddy Maxi termoizolacija i ugradnja rashladnog ure\u0111aja Carrier Neos 100<\/a>\n\t<\/h3>\n\n\t\n\t<div class=\"entry-excerpt\"><p>[vc_row][vc_column][vc_column_text]VW Caddy Maxi vozilo na\u0161eg vi\u0161egodi\u0161njeg partnera ovaj smo tjedan pretvorili u visoko u\u010dinkovito vozilo za prijevoz vise\u0107eg mesa. Glavne radne zna\u010dajke postignute su jakom termoizolacijom te ugradnjom jedinstvenog Carrier Neos 100 rashladnog ure\u0111aja s ultra tankim spojlerom. Ovom nadogradnjom osiguran je pozitivan temperaturni re\u017eim i veliki teretni prostor, nosivosti od \u010dak 621 kg, u&hellip;<\/p>\n<\/div>\n\t\n<a href=\"https:\/\/www.multipartner.hr\/hr\/multifrigo-vw-caddy-maxi-termoizolacija-i-ugradnja-rashladnog-uredaja-carrier-neos-100\/\" class=\"dt-btn-s dt-btn post-details details-type-btn\" aria-label=\"Read more about MultiFrigo &#8211; VW Caddy Maxi termoizolacija i ugradnja rashladnog ure\u0111aja Carrier Neos 100\">Saznajte vi\u0161e<i class=\"dt-icon-the7-arrow-03\" aria-hidden=\"true\"><\/i><\/a>\n\n<\/div><\/article><article class=\"post project-odd hidden post-2166 type-post status-publish format-standard has-post-thumbnail hentry category-novosti tag-handytech tag-multimobility category-18 description-off\" data-name=\"MultiMobility \u2013 HandyTech sustav za potisak papu\u010dice gasa lijevom nogom\" data-date=\"%2\">\n\n<div class=\"post-thumbnail-wrap\">\n\t<div class=\"post-thumbnail\">\n\n\t\t\n\t\t\n\t\t<a href=\"https:\/\/www.multipartner.hr\/hr\/multimobility-handytech-sustav-za-potisak-papucice-gasa-lijevom-nogom\/\" class=\"post-thumbnail-rollover layzr-bg layzr-bg\" ><img decoding=\"async\" class=\"blog-thumb-lazy-load preload-me lazy-load aspect\" src=\"data:image\/svg+xml,%3Csvg%20xmlns%3D&#39;http%3A%2F%2Fwww.w3.org%2F2000%2Fsvg&#39;%20viewBox%3D&#39;0%200%20593%20593&#39;%2F%3E\" data-src=\"https:\/\/www.multipartner.hr\/wp-content\/uploads\/2019\/10\/handytech-left-foot-gas-pedal-2-593x593.jpg\" data-srcset=\"https:\/\/www.multipartner.hr\/wp-content\/uploads\/2019\/10\/handytech-left-foot-gas-pedal-2-593x593.jpg 593w\" loading=\"eager\" style=\"--ratio: 593 \/ 593\" sizes=\"(max-width: 593px) 100vw, 593px\" alt=\"\" title=\"handytech-left-foot-gas-pedal-2\" width=\"593\" height=\"593\"  \/><\/a>\n\t<\/div>\n<\/div>\n\n\n<div class=\"post-entry-content\">\n\n\t<h3 class=\"entry-title\">\n\t\t<a href=\"https:\/\/www.multipartner.hr\/hr\/multimobility-handytech-sustav-za-potisak-papucice-gasa-lijevom-nogom\/\" title=\"MultiMobility \u2013 HandyTech sustav za potisak papu\u010dice gasa lijevom nogom\" rel=\"bookmark\">MultiMobility \u2013 HandyTech sustav za potisak papu\u010dice gasa lijevom nogom<\/a>\n\t<\/h3>\n\n\t\n\t<div class=\"entry-excerpt\"><p>U sklopu na\u0161eg MultiMobility programa, usmjerenog najboljim rje\u0161enjima za osobe sa smanjenom pokretljivo\u0161\u0107u, ugradili smo novi HandyTech sustav za potisak papu\u010dice gasa lijevom nogom na vozilo s automatskim mjenja\u010dem. Ovaj sustav omogu\u0107uje odmori\u0161te za desnu nogu s protezom te brzo skidanje mehanizma za slu\u010dajeve kada vozilo treba koristiti i osoba bez invaliditeta. Iako je za&hellip;<\/p>\n<\/div>\n\t\n<a href=\"https:\/\/www.multipartner.hr\/hr\/multimobility-handytech-sustav-za-potisak-papucice-gasa-lijevom-nogom\/\" class=\"dt-btn-s dt-btn post-details details-type-btn\" aria-label=\"Read more about MultiMobility \u2013 HandyTech sustav za potisak papu\u010dice gasa lijevom nogom\">Saznajte vi\u0161e<i class=\"dt-icon-the7-arrow-03\" aria-hidden=\"true\"><\/i><\/a>\n\n<\/div><\/article><article class=\"post project-odd hidden post-2148 type-post status-publish format-standard has-post-thumbnail hentry category-novosti tag-multicargo category-18 description-off\" data-name=\"MultiCargo &#8211; teretni sanduk s arnjevima, ceradom i D&#8217;Holandia utovarnom rampom\" data-date=\"%2\">\n\n<div class=\"post-thumbnail-wrap\">\n\t<div class=\"post-thumbnail\">\n\n\t\t\n\t\t\n\t\t<a href=\"https:\/\/www.multipartner.hr\/hr\/multicargo-teretni-sanduk-s-arnjevima-ceradom-i-dholandia-utovarnom-rampom\/\" class=\"post-thumbnail-rollover layzr-bg layzr-bg\" ><img decoding=\"async\" class=\"blog-thumb-lazy-load preload-me lazy-load aspect\" src=\"data:image\/svg+xml,%3Csvg%20xmlns%3D&#39;http%3A%2F%2Fwww.w3.org%2F2000%2Fsvg&#39;%20viewBox%3D&#39;0%200%20711%20711&#39;%2F%3E\" data-src=\"https:\/\/www.multipartner.hr\/wp-content\/uploads\/2019\/09\/multicargo-arched-tarpaulin-dholandia-loading-ramp-711x711.jpg\" data-srcset=\"https:\/\/www.multipartner.hr\/wp-content\/uploads\/2019\/09\/multicargo-arched-tarpaulin-dholandia-loading-ramp-711x711.jpg 711w\" loading=\"eager\" style=\"--ratio: 711 \/ 711\" sizes=\"(max-width: 711px) 100vw, 711px\" alt=\"\" title=\"multicargo-arched-tarpaulin-dholandia-loading-ramp\" width=\"711\" height=\"711\"  \/><\/a>\n\t<\/div>\n<\/div>\n\n\n<div class=\"post-entry-content\">\n\n\t<h3 class=\"entry-title\">\n\t\t<a href=\"https:\/\/www.multipartner.hr\/hr\/multicargo-teretni-sanduk-s-arnjevima-ceradom-i-dholandia-utovarnom-rampom\/\" title=\"MultiCargo &#8211; teretni sanduk s arnjevima, ceradom i D&#8217;Holandia utovarnom rampom\" rel=\"bookmark\">MultiCargo &#8211; teretni sanduk s arnjevima, ceradom i D&#8217;Holandia utovarnom rampom<\/a>\n\t<\/h3>\n\n\t\n\t<div class=\"entry-excerpt\"><p>Predstavljamo jo\u0161 jednu visoko-funkcionalnu nadogradnju kojom smo omogu\u0107ili mnogo ve\u0107u iskoristivost baznog vozila bez ugro\u017eavanja sigurnosti putnika i izdr\u017eljivosti. Izradili smo veliki teretni sanduk s arnjevima i ceradom te mu dodali sna\u017enu D&#8217;Holandia utovarnu rampu za brz i siguran utovar robe do 750 kg. Novi krovni spojler smanjuje otpor zraka te omogu\u0107ava u\u0161tedu na potro\u0161nji&hellip;<\/p>\n<\/div>\n\t\n<a href=\"https:\/\/www.multipartner.hr\/hr\/multicargo-teretni-sanduk-s-arnjevima-ceradom-i-dholandia-utovarnom-rampom\/\" class=\"dt-btn-s dt-btn post-details details-type-btn\" aria-label=\"Read more about MultiCargo &#8211; teretni sanduk s arnjevima, ceradom i D&#8217;Holandia utovarnom rampom\">Saznajte vi\u0161e<i class=\"dt-icon-the7-arrow-03\" aria-hidden=\"true\"><\/i><\/a>\n\n<\/div><\/article><article class=\"post project-odd hidden post-2118 type-post status-publish format-standard has-post-thumbnail hentry category-novosti tag-handytech tag-multimobility category-18 description-off\" data-name=\"MultiPartner postaje ovla\u0161teni zastupnik i distributer tvrtke HandyTech &#8211; specijalizirani proizvodi za osobe smanjene pokretljivosti\" data-date=\"%2\">\n\n<div class=\"post-thumbnail-wrap\">\n\t<div class=\"post-thumbnail\">\n\n\t\t\n\t\t\n\t\t<a href=\"https:\/\/www.multipartner.hr\/hr\/multipartner-postaje-ovlasteni-zastupnik-i-distributer-tvrtke-handytech-specijalizirani-proizvodi-za-osobe-smanjene-pokretljivosti\/\" class=\"post-thumbnail-rollover layzr-bg layzr-bg\" ><img decoding=\"async\" class=\"blog-thumb-lazy-load preload-me lazy-load aspect\" src=\"data:image\/svg+xml,%3Csvg%20xmlns%3D&#39;http%3A%2F%2Fwww.w3.org%2F2000%2Fsvg&#39;%20viewBox%3D&#39;0%200%20756%20756&#39;%2F%3E\" data-src=\"https:\/\/www.multipartner.hr\/wp-content\/uploads\/2019\/09\/multipartner-handytech-756x756.jpg\" data-srcset=\"https:\/\/www.multipartner.hr\/wp-content\/uploads\/2019\/09\/multipartner-handytech-756x756.jpg 756w\" loading=\"eager\" style=\"--ratio: 756 \/ 756\" sizes=\"(max-width: 756px) 100vw, 756px\" alt=\"\" title=\"multipartner-handytech\" width=\"756\" height=\"756\"  \/><\/a>\n\t<\/div>\n<\/div>\n\n\n<div class=\"post-entry-content\">\n\n\t<h3 class=\"entry-title\">\n\t\t<a href=\"https:\/\/www.multipartner.hr\/hr\/multipartner-postaje-ovlasteni-zastupnik-i-distributer-tvrtke-handytech-specijalizirani-proizvodi-za-osobe-smanjene-pokretljivosti\/\" title=\"MultiPartner postaje ovla\u0161teni zastupnik i distributer tvrtke HandyTech &#8211; specijalizirani proizvodi za osobe smanjene pokretljivosti\" rel=\"bookmark\">MultiPartner postaje ovla\u0161teni zastupnik i distributer tvrtke HandyTech &#8211; specijalizirani proizvodi za osobe smanjene pokretljivosti<\/a>\n\t<\/h3>\n\n\t\n\t<div class=\"entry-excerpt\"><p>Na\u0161e dugogodi\u0161nje iskustvo u projektiranju i nadogradnji vozila za osobe s invaliditetom ovaj mjesec dobiva posebno priznanje i \u010dast ovla\u0161tenog zastupnika i distributera za sve proizvode talijanske tvrtke HandyTech. HandyTech je tvrtka specijalizirana za opremanje vozila za osobe smanjene pokretljivosti, usmjerena prema izradi inovativnih proizvoda &#8216;po mjeri&#8217;. Osnovana je u gradu Moncalvo, pokrajina Asti 1971.&hellip;<\/p>\n<\/div>\n\t\n<a href=\"https:\/\/www.multipartner.hr\/hr\/multipartner-postaje-ovlasteni-zastupnik-i-distributer-tvrtke-handytech-specijalizirani-proizvodi-za-osobe-smanjene-pokretljivosti\/\" class=\"dt-btn-s dt-btn post-details details-type-btn\" aria-label=\"Read more about MultiPartner postaje ovla\u0161teni zastupnik i distributer tvrtke HandyTech &#8211; specijalizirani proizvodi za osobe smanjene pokretljivosti\">Saznajte vi\u0161e<i class=\"dt-icon-the7-arrow-03\" aria-hidden=\"true\"><\/i><\/a>\n\n<\/div><\/article><article class=\"post project-odd hidden post-2104 type-post status-publish format-standard has-post-thumbnail hentry category-novosti tag-multicargo category-18 description-off\" data-name=\"MultiCargo \u2013 izrada zatvorenog teretnog sanduka s ceradom\" data-date=\"%2\">\n\n<div class=\"post-thumbnail-wrap\">\n\t<div class=\"post-thumbnail\">\n\n\t\t\n\t\t\n\t\t<a href=\"https:\/\/www.multipartner.hr\/hr\/multicargo-izrada-zatvorenog-teretnog-sanduka-s-ceradom\/\" class=\"post-thumbnail-rollover layzr-bg layzr-bg\" ><img decoding=\"async\" class=\"blog-thumb-lazy-load preload-me lazy-load aspect\" src=\"data:image\/svg+xml,%3Csvg%20xmlns%3D&#39;http%3A%2F%2Fwww.w3.org%2F2000%2Fsvg&#39;%20viewBox%3D&#39;0%200%20768%20768&#39;%2F%3E\" data-src=\"https:\/\/www.multipartner.hr\/wp-content\/uploads\/2019\/07\/IMG_20190722_150610-768x768.jpg\" data-srcset=\"https:\/\/www.multipartner.hr\/wp-content\/uploads\/2019\/07\/IMG_20190722_150610-768x768.jpg 768w\" loading=\"eager\" style=\"--ratio: 768 \/ 768\" sizes=\"(max-width: 768px) 100vw, 768px\" alt=\"\" title=\"IMG_20190722_150610\" width=\"768\" height=\"768\"  \/><\/a>\n\t<\/div>\n<\/div>\n\n\n<div class=\"post-entry-content\">\n\n\t<h3 class=\"entry-title\">\n\t\t<a href=\"https:\/\/www.multipartner.hr\/hr\/multicargo-izrada-zatvorenog-teretnog-sanduka-s-ceradom\/\" title=\"MultiCargo \u2013 izrada zatvorenog teretnog sanduka s ceradom\" rel=\"bookmark\">MultiCargo \u2013 izrada zatvorenog teretnog sanduka s ceradom<\/a>\n\t<\/h3>\n\n\t\n\t<div class=\"entry-excerpt\"><p>Isporukom novog vrhunskog zatvorenog teretnog sanduka, tehni\u010dari na\u0161eg MultiCargo programa ovaj tjedan ponovno potvr\u0111uju svoju potpunu usmjerenost klijentima. Uz \u0161irinu sanduka od 2.200 mm, visinu od 2.300 mm i du\u017einu od 4.300 mm, ovakva nadogradnja predstavlja gotovo najve\u0107u mogu\u0107u za \u0161asiju tipa Renault Master L3. Dugi radni vijek teretnog prostora osiguran je izradom \u010deli\u010dne konstrukcije,&hellip;<\/p>\n<\/div>\n\t\n<a href=\"https:\/\/www.multipartner.hr\/hr\/multicargo-izrada-zatvorenog-teretnog-sanduka-s-ceradom\/\" class=\"dt-btn-s dt-btn post-details details-type-btn\" aria-label=\"Read more about MultiCargo \u2013 izrada zatvorenog teretnog sanduka s ceradom\">Saznajte vi\u0161e<i class=\"dt-icon-the7-arrow-03\" aria-hidden=\"true\"><\/i><\/a>\n\n<\/div><\/article><article class=\"post project-odd hidden post-2090 type-post status-publish format-standard has-post-thumbnail hentry category-novosti tag-multifrigo category-18 description-off\" data-name=\"MultiPartner\/MutiFrigo \u2013 izrada, servis i prodaja rashladne opreme za transportno hla\u0111enje\" data-date=\"%2\">\n\n<div class=\"post-thumbnail-wrap\">\n\t<div class=\"post-thumbnail\">\n\n\t\t\n\t\t\n\t\t<a href=\"https:\/\/www.multipartner.hr\/hr\/multipartner-mutifrigo-izrada-servis-i-prodaja-rashladne-opreme-za-transportno-hladenje\/\" class=\"post-thumbnail-rollover layzr-bg layzr-bg\" ><img decoding=\"async\" class=\"blog-thumb-lazy-load preload-me lazy-load aspect\" src=\"data:image\/svg+xml,%3Csvg%20xmlns%3D&#39;http%3A%2F%2Fwww.w3.org%2F2000%2Fsvg&#39;%20viewBox%3D&#39;0%200%20644%20644&#39;%2F%3E\" data-src=\"https:\/\/www.multipartner.hr\/wp-content\/uploads\/2019\/07\/frigo-kontejneri-multipartner-644x644.jpg\" data-srcset=\"https:\/\/www.multipartner.hr\/wp-content\/uploads\/2019\/07\/frigo-kontejneri-multipartner-644x644.jpg 644w\" loading=\"eager\" style=\"--ratio: 644 \/ 644\" sizes=\"(max-width: 644px) 100vw, 644px\" alt=\"Frigo kontejneri MultiPartner\" title=\"frigo-kontejneri-multipartner\" width=\"644\" height=\"644\"  \/><\/a>\n\t<\/div>\n<\/div>\n\n\n<div class=\"post-entry-content\">\n\n\t<h3 class=\"entry-title\">\n\t\t<a href=\"https:\/\/www.multipartner.hr\/hr\/multipartner-mutifrigo-izrada-servis-i-prodaja-rashladne-opreme-za-transportno-hladenje\/\" title=\"MultiPartner\/MutiFrigo \u2013 izrada, servis i prodaja rashladne opreme za transportno hla\u0111enje\" rel=\"bookmark\">MultiPartner\/MutiFrigo \u2013 izrada, servis i prodaja rashladne opreme za transportno hla\u0111enje<\/a>\n\t<\/h3>\n\n\t\n\t<div class=\"entry-excerpt\"><p>Upravo smo isporu\u010dili dva frigo-kontejnera veli\u010dine 20 stopa sa rashladnim ure\u0111ajem Carrier Prime Line na\u0161em novom partneru sa otoka Ugljan. \u010cvrsta i robusna konstrukcija, omogu\u0107uje \u010duvanje robe na -20 \u00b0C u svim vremenskim uvjetima, a kontejneri \u0107e se koristiti kao\u00a0stacionarna skladi\u0161ta za otpadnu ribu. Ovom isporukom MultiPartner jo\u0161 jednom pokazuje kao pouzdan partner za isporuke&hellip;<\/p>\n<\/div>\n\t\n<a href=\"https:\/\/www.multipartner.hr\/hr\/multipartner-mutifrigo-izrada-servis-i-prodaja-rashladne-opreme-za-transportno-hladenje\/\" class=\"dt-btn-s dt-btn post-details details-type-btn\" aria-label=\"Read more about MultiPartner\/MutiFrigo \u2013 izrada, servis i prodaja rashladne opreme za transportno hla\u0111enje\">Saznajte vi\u0161e<i class=\"dt-icon-the7-arrow-03\" aria-hidden=\"true\"><\/i><\/a>\n\n<\/div><\/article><article class=\"post project-odd hidden post-2076 type-post status-publish format-standard has-post-thumbnail hentry category-novosti tag-fresco-genius tag-multicomfort category-18 description-off\" data-name=\"Revolucija u klimatizaciji kamionskih kabina &#8211; 100% nevidljivi FRESCO GENIUS\" data-date=\"%2\">\n\n<div class=\"post-thumbnail-wrap\">\n\t<div class=\"post-thumbnail\">\n\n\t\t\n\t\t\n\t\t<a href=\"https:\/\/www.multipartner.hr\/hr\/revolucija-u-klimatizaciji-kamionskih-kabina-100-nevidljivi-fresco-genius\/\" class=\"post-thumbnail-rollover layzr-bg layzr-bg\" ><img decoding=\"async\" class=\"blog-thumb-lazy-load preload-me lazy-load aspect\" src=\"data:image\/svg+xml,%3Csvg%20xmlns%3D&#39;http%3A%2F%2Fwww.w3.org%2F2000%2Fsvg&#39;%20viewBox%3D&#39;0%200%20453%20453&#39;%2F%3E\" data-src=\"https:\/\/www.multipartner.hr\/wp-content\/uploads\/2019\/07\/fresco-genius-installed-453x453.jpg\" data-srcset=\"https:\/\/www.multipartner.hr\/wp-content\/uploads\/2019\/07\/fresco-genius-installed-453x453.jpg 453w\" loading=\"eager\" style=\"--ratio: 453 \/ 453\" sizes=\"(max-width: 453px) 100vw, 453px\" alt=\"\" title=\"fresco-genius-installed\" width=\"453\" height=\"453\"  \/><\/a>\n\t<\/div>\n<\/div>\n\n\n<div class=\"post-entry-content\">\n\n\t<h3 class=\"entry-title\">\n\t\t<a href=\"https:\/\/www.multipartner.hr\/hr\/revolucija-u-klimatizaciji-kamionskih-kabina-100-nevidljivi-fresco-genius\/\" title=\"Revolucija u klimatizaciji kamionskih kabina &#8211; 100% nevidljivi FRESCO GENIUS\" rel=\"bookmark\">Revolucija u klimatizaciji kamionskih kabina &#8211; 100% nevidljivi FRESCO GENIUS<\/a>\n\t<\/h3>\n\n\t\n\t<div class=\"entry-excerpt\"><p>Kao jedini ovla\u0161teni distributer za RH, s ponosom predstavljamo novost na na\u0161em tr\u017ei\u0161tu i revoluciju u klimatizaciji kamionskih kabina tijekom odmora \u2013 100% nevidljiv, integrirani parking klima ure\u0111aj FRESCO GENIUS. Kapacitet hla\u0111enja FRESCO GENIUS jedinice jednak je kapacitetu radne klime, a sustav je potpuno integriran u vozilo bez vidljivih elemenata. Ono \u0161to razlikuje GENIUS od&hellip;<\/p>\n<\/div>\n\t\n<a href=\"https:\/\/www.multipartner.hr\/hr\/revolucija-u-klimatizaciji-kamionskih-kabina-100-nevidljivi-fresco-genius\/\" class=\"dt-btn-s dt-btn post-details details-type-btn\" aria-label=\"Read more about Revolucija u klimatizaciji kamionskih kabina &#8211; 100% nevidljivi FRESCO GENIUS\">Saznajte vi\u0161e<i class=\"dt-icon-the7-arrow-03\" aria-hidden=\"true\"><\/i><\/a>\n\n<\/div><\/article><article class=\"post project-odd hidden post-2032 type-post status-publish format-standard has-post-thumbnail hentry category-novosti tag-multicargo category-18 description-off\" data-name=\"MultiCargo \u2013 termoizolirani furgon za prijevoz ribe s Carrier XSARIOS 300 rashladnim ure\u0111ajem\" data-date=\"%2\">\n\n<div class=\"post-thumbnail-wrap\">\n\t<div class=\"post-thumbnail\">\n\n\t\t\n\t\t\n\t\t<a href=\"https:\/\/www.multipartner.hr\/hr\/multicargo-termoizolirani-furgon-za-prijevoz-ribe-s-carrier-xsarios-300-rashladnim-uredajem\/\" class=\"post-thumbnail-rollover layzr-bg layzr-bg\" ><img decoding=\"async\" class=\"blog-thumb-lazy-load preload-me lazy-load aspect\" src=\"data:image\/svg+xml,%3Csvg%20xmlns%3D&#39;http%3A%2F%2Fwww.w3.org%2F2000%2Fsvg&#39;%20viewBox%3D&#39;0%200%20685%20685&#39;%2F%3E\" data-src=\"https:\/\/www.multipartner.hr\/wp-content\/uploads\/2019\/06\/Carrier-XSARIOS-300-685x685.jpg\" data-srcset=\"https:\/\/www.multipartner.hr\/wp-content\/uploads\/2019\/06\/Carrier-XSARIOS-300-685x685.jpg 685w\" loading=\"eager\" style=\"--ratio: 685 \/ 685\" sizes=\"(max-width: 685px) 100vw, 685px\" alt=\"\" title=\"Carrier-XSARIOS-300\" width=\"685\" height=\"685\"  \/><\/a>\n\t<\/div>\n<\/div>\n\n\n<div class=\"post-entry-content\">\n\n\t<h3 class=\"entry-title\">\n\t\t<a href=\"https:\/\/www.multipartner.hr\/hr\/multicargo-termoizolirani-furgon-za-prijevoz-ribe-s-carrier-xsarios-300-rashladnim-uredajem\/\" title=\"MultiCargo \u2013 termoizolirani furgon za prijevoz ribe s Carrier XSARIOS 300 rashladnim ure\u0111ajem\" rel=\"bookmark\">MultiCargo \u2013 termoizolirani furgon za prijevoz ribe s Carrier XSARIOS 300 rashladnim ure\u0111ajem<\/a>\n\t<\/h3>\n\n\t\n\t<div class=\"entry-excerpt\"><p>Stigli su vru\u0107i ljetni dani te veliki broj hitnih narud\u017ebi za ugradnju rashladnih ure\u0111aja, ali za vrijednu MultiPartner ekipu nema odmora. Sre\u0107om, stru\u010dnjaci smo za rashladne ure\u0111aje, a svoje iskustvo rado \u0107emo podijeliti s vama. Jedna od na\u0161ih posljednjih nadogradnji uklju\u010duje kompletnu termoizolaciju VW Crafter vozila za prijevoz ribe s ATP certifikatom. Za ekstra sna\u017eno&hellip;<\/p>\n<\/div>\n\t\n<a href=\"https:\/\/www.multipartner.hr\/hr\/multicargo-termoizolirani-furgon-za-prijevoz-ribe-s-carrier-xsarios-300-rashladnim-uredajem\/\" class=\"dt-btn-s dt-btn post-details details-type-btn\" aria-label=\"Read more about MultiCargo \u2013 termoizolirani furgon za prijevoz ribe s Carrier XSARIOS 300 rashladnim ure\u0111ajem\">Saznajte vi\u0161e<i class=\"dt-icon-the7-arrow-03\" aria-hidden=\"true\"><\/i><\/a>\n\n<\/div><\/article><article class=\"post project-odd hidden post-2019 type-post status-publish format-standard has-post-thumbnail hentry category-novosti tag-multicargo category-18 description-off\" data-name=\"MultiCargo &#8211; Ugradnja utovarne rampe DHLSPZ.05 proizvo\u0111a\u010da Dhollandia\" data-date=\"%2\">\n\n<div class=\"post-thumbnail-wrap\">\n\t<div class=\"post-thumbnail\">\n\n\t\t\n\t\t\n\t\t<a href=\"https:\/\/www.multipartner.hr\/hr\/multicargo-ugradnja-utovarne-rampe-dhlspz-05-proizvodaca-dhollandia\/\" class=\"post-thumbnail-rollover layzr-bg layzr-bg\" ><img decoding=\"async\" class=\"blog-thumb-lazy-load preload-me lazy-load aspect\" src=\"data:image\/svg+xml,%3Csvg%20xmlns%3D&#39;http%3A%2F%2Fwww.w3.org%2F2000%2Fsvg&#39;%20viewBox%3D&#39;0%200%20515%20515&#39;%2F%3E\" data-src=\"https:\/\/www.multipartner.hr\/wp-content\/uploads\/2019\/06\/dhollandina-ramp-515x515.jpg\" data-srcset=\"https:\/\/www.multipartner.hr\/wp-content\/uploads\/2019\/06\/dhollandina-ramp-515x515.jpg 515w\" loading=\"eager\" style=\"--ratio: 515 \/ 515\" sizes=\"(max-width: 515px) 100vw, 515px\" alt=\"\" title=\"dhollandina-ramp\" width=\"515\" height=\"515\"  \/><\/a>\n\t<\/div>\n<\/div>\n\n\n<div class=\"post-entry-content\">\n\n\t<h3 class=\"entry-title\">\n\t\t<a href=\"https:\/\/www.multipartner.hr\/hr\/multicargo-ugradnja-utovarne-rampe-dhlspz-05-proizvodaca-dhollandia\/\" title=\"MultiCargo &#8211; Ugradnja utovarne rampe DHLSPZ.05 proizvo\u0111a\u010da Dhollandia\" rel=\"bookmark\">MultiCargo &#8211; Ugradnja utovarne rampe DHLSPZ.05 proizvo\u0111a\u010da Dhollandia<\/a>\n\t<\/h3>\n\n\t\n\t<div class=\"entry-excerpt\"><p>Novo gospodarsko vozilo marke Renault Master pretvorili smo u visoko funkcionalno vozilo s jednostavnim utovarom robe na stra\u017enja vrata preko jednog krila i to bez potrebe za spu\u0161tanjem rampe. Ovo je jedna od lak\u0161ih izvedbi ovakvog tipa koja ne utje\u010de bitno na preostalu nosivost vozila \u0161to smo postigli ugradnjom utovarne rampe DHLSPZ.05 belgijskog proizvo\u0111a\u010da Dhollandia.&hellip;<\/p>\n<\/div>\n\t\n<a href=\"https:\/\/www.multipartner.hr\/hr\/multicargo-ugradnja-utovarne-rampe-dhlspz-05-proizvodaca-dhollandia\/\" class=\"dt-btn-s dt-btn post-details details-type-btn\" aria-label=\"Read more about MultiCargo &#8211; Ugradnja utovarne rampe DHLSPZ.05 proizvo\u0111a\u010da Dhollandia\">Saznajte vi\u0161e<i class=\"dt-icon-the7-arrow-03\" aria-hidden=\"true\"><\/i><\/a>\n\n<\/div><\/article><article class=\"post project-odd hidden post-2010 type-post status-publish format-standard has-post-thumbnail hentry category-novosti tag-multicomfort category-18 description-off\" data-name=\"MultiComfort &#8211; Naknadna ugradnja klima ure\u0111aja u gospodarska vozila (retrofit ugradnja)\" data-date=\"%2\">\n\n<div class=\"post-thumbnail-wrap\">\n\t<div class=\"post-thumbnail\">\n\n\t\t\n\t\t\n\t\t<a href=\"https:\/\/www.multipartner.hr\/hr\/multicomfort-naknadna-ugradnja-klima-uredaja-u-gospodarska-vozila-retrofit-ugradnja\/\" class=\"post-thumbnail-rollover layzr-bg layzr-bg\" ><img decoding=\"async\" class=\"blog-thumb-lazy-load preload-me lazy-load aspect\" src=\"data:image\/svg+xml,%3Csvg%20xmlns%3D&#39;http%3A%2F%2Fwww.w3.org%2F2000%2Fsvg&#39;%20viewBox%3D&#39;0%200%20768%20768&#39;%2F%3E\" data-src=\"https:\/\/www.multipartner.hr\/wp-content\/uploads\/2019\/05\/retrofit-ugradnja-klima-768x768.jpg\" data-srcset=\"https:\/\/www.multipartner.hr\/wp-content\/uploads\/2019\/05\/retrofit-ugradnja-klima-768x768.jpg 768w, https:\/\/www.multipartner.hr\/wp-content\/uploads\/2019\/05\/retrofit-ugradnja-klima-855x855.jpg 855w\" loading=\"eager\" style=\"--ratio: 768 \/ 768\" sizes=\"(max-width: 768px) 100vw, 768px\" alt=\"\" title=\"retrofit-ugradnja-klima\" width=\"768\" height=\"768\"  \/><\/a>\n\t<\/div>\n<\/div>\n\n\n<div class=\"post-entry-content\">\n\n\t<h3 class=\"entry-title\">\n\t\t<a href=\"https:\/\/www.multipartner.hr\/hr\/multicomfort-naknadna-ugradnja-klima-uredaja-u-gospodarska-vozila-retrofit-ugradnja\/\" title=\"MultiComfort &#8211; Naknadna ugradnja klima ure\u0111aja u gospodarska vozila (retrofit ugradnja)\" rel=\"bookmark\">MultiComfort &#8211; Naknadna ugradnja klima ure\u0111aja u gospodarska vozila (retrofit ugradnja)<\/a>\n\t<\/h3>\n\n\t\n\t<div class=\"entry-excerpt\"><p>Jedna od najzahtjevnijih naknadnih ili retrofit ugradnji je upravo ugradnja odgovaraju\u0107eg klima ure\u0111aja na gospodarsko vozilo. Takva ugradnja tra\u017ei posebnu pa\u017enju, stru\u010dnost kod odabira i veliku preciznost. Ve\u0107i dio obloga u kabini mora se rastaviti radi monta\u017ee ispariva\u010da. Potrebno je ugraditi odgovaraju\u0107i nosa\u010d kompresora i kompresor, a ispred hladnjaka vozila kondenzator. Rezultat stru\u010dne ugradnje je&hellip;<\/p>\n<\/div>\n\t\n<a href=\"https:\/\/www.multipartner.hr\/hr\/multicomfort-naknadna-ugradnja-klima-uredaja-u-gospodarska-vozila-retrofit-ugradnja\/\" class=\"dt-btn-s dt-btn post-details details-type-btn\" aria-label=\"Read more about MultiComfort &#8211; Naknadna ugradnja klima ure\u0111aja u gospodarska vozila (retrofit ugradnja)\">Saznajte vi\u0161e<i class=\"dt-icon-the7-arrow-03\" aria-hidden=\"true\"><\/i><\/a>\n\n<\/div><\/article><article class=\"post project-odd hidden post-1997 type-post status-publish format-standard has-post-thumbnail hentry category-novosti tag-multicargo category-18 description-off\" data-name=\"MultiCargo &#8211; Nadogradnje vozila za prijevoz pi\u0107a\" data-date=\"%2\">\n\n<div class=\"post-thumbnail-wrap\">\n\t<div class=\"post-thumbnail\">\n\n\t\t\n\t\t\n\t\t<a href=\"https:\/\/www.multipartner.hr\/hr\/multicargo-nadogradnje-vozila-za-prijevoz-pica\/\" class=\"post-thumbnail-rollover layzr-bg layzr-bg\" ><img decoding=\"async\" class=\"blog-thumb-lazy-load preload-me lazy-load aspect\" src=\"data:image\/svg+xml,%3Csvg%20xmlns%3D&#39;http%3A%2F%2Fwww.w3.org%2F2000%2Fsvg&#39;%20viewBox%3D&#39;0%200%20568%20568&#39;%2F%3E\" data-src=\"https:\/\/www.multipartner.hr\/wp-content\/uploads\/2019\/05\/multicargo-opel-movano-nadogradnja-prijevoz-pica-568x568.jpg\" data-srcset=\"https:\/\/www.multipartner.hr\/wp-content\/uploads\/2019\/05\/multicargo-opel-movano-nadogradnja-prijevoz-pica-568x568.jpg 568w\" loading=\"eager\" style=\"--ratio: 568 \/ 568\" sizes=\"(max-width: 568px) 100vw, 568px\" alt=\"\" title=\"multicargo-opel-movano-nadogradnja-prijevoz-pica\" width=\"568\" height=\"568\"  \/><\/a>\n\t<\/div>\n<\/div>\n\n\n<div class=\"post-entry-content\">\n\n\t<h3 class=\"entry-title\">\n\t\t<a href=\"https:\/\/www.multipartner.hr\/hr\/multicargo-nadogradnje-vozila-za-prijevoz-pica\/\" title=\"MultiCargo &#8211; Nadogradnje vozila za prijevoz pi\u0107a\" rel=\"bookmark\">MultiCargo &#8211; Nadogradnje vozila za prijevoz pi\u0107a<\/a>\n\t<\/h3>\n\n\t\n\t<div class=\"entry-excerpt\"><p>U novi tjedan ulazimo s novim projektima i nadogradnjama. Ovaj put predstavljamo Opel Movano kojeg prera\u0111ujemo za prijevoz pi\u0107a. Kompletnu izvedbu smo napravili od aluminija, uklju\u010duju\u0107i i novu podnicu debljine 15 mm, a za brz i jednostavan utovar robe dodali smo bo\u010dnu ceradu sa kliznim dvostranim mehanizmom. Movano je tako dobio veliku korisnu nosivost za&hellip;<\/p>\n<\/div>\n\t\n<a href=\"https:\/\/www.multipartner.hr\/hr\/multicargo-nadogradnje-vozila-za-prijevoz-pica\/\" class=\"dt-btn-s dt-btn post-details details-type-btn\" aria-label=\"Read more about MultiCargo &#8211; Nadogradnje vozila za prijevoz pi\u0107a\">Saznajte vi\u0161e<i class=\"dt-icon-the7-arrow-03\" aria-hidden=\"true\"><\/i><\/a>\n\n<\/div><\/article><article class=\"post project-odd hidden post-1984 type-post status-publish format-standard has-post-thumbnail hentry category-novosti tag-multicargo category-18 description-off\" data-name=\"MultiCargo \u2013 rashladna komora Carrier Supra 850 za prijevoz ribe\" data-date=\"%2\">\n\n<div class=\"post-thumbnail-wrap\">\n\t<div class=\"post-thumbnail\">\n\n\t\t\n\t\t\n\t\t<a href=\"https:\/\/www.multipartner.hr\/hr\/multicargo-rashladna-komora-carrier-supra-850-za-prijevoz-ribe\/\" class=\"post-thumbnail-rollover layzr-bg layzr-bg\" ><img decoding=\"async\" class=\"blog-thumb-lazy-load preload-me lazy-load aspect\" src=\"data:image\/svg+xml,%3Csvg%20xmlns%3D&#39;http%3A%2F%2Fwww.w3.org%2F2000%2Fsvg&#39;%20viewBox%3D&#39;0%200%20713%20713&#39;%2F%3E\" data-src=\"https:\/\/www.multipartner.hr\/wp-content\/uploads\/2019\/05\/Volvo-FH460-713x713.jpg\" data-srcset=\"https:\/\/www.multipartner.hr\/wp-content\/uploads\/2019\/05\/Volvo-FH460-713x713.jpg 713w\" loading=\"eager\" style=\"--ratio: 713 \/ 713\" sizes=\"(max-width: 713px) 100vw, 713px\" alt=\"\" title=\"Volvo-FH460\" width=\"713\" height=\"713\"  \/><\/a>\n\t<\/div>\n<\/div>\n\n\n<div class=\"post-entry-content\">\n\n\t<h3 class=\"entry-title\">\n\t\t<a href=\"https:\/\/www.multipartner.hr\/hr\/multicargo-rashladna-komora-carrier-supra-850-za-prijevoz-ribe\/\" title=\"MultiCargo \u2013 rashladna komora Carrier Supra 850 za prijevoz ribe\" rel=\"bookmark\">MultiCargo \u2013 rashladna komora Carrier Supra 850 za prijevoz ribe<\/a>\n\t<\/h3>\n\n\t\n\t<div class=\"entry-excerpt\"><p>MultiCargo program tvrtke MultiPartner iz Rijeke nudi potpuna rje\u0161enja za utovar i transport suhih i rashladnih tereta. Od osnutka tvrtke se vodimo jasnom idejom &#8211; svakom projektu pristupamo s posebnom pa\u017enjom prema svim potrebama i zahtjevima klijenata, koristimo samo vrhunske proizvode i materijale te najvi\u0161e standarde prilikom izrade. Upravo takav pristup te spremnost na prihva\u0107anje&hellip;<\/p>\n<\/div>\n\t\n<a href=\"https:\/\/www.multipartner.hr\/hr\/multicargo-rashladna-komora-carrier-supra-850-za-prijevoz-ribe\/\" class=\"dt-btn-s dt-btn post-details details-type-btn\" aria-label=\"Read more about MultiCargo \u2013 rashladna komora Carrier Supra 850 za prijevoz ribe\">Saznajte vi\u0161e<i class=\"dt-icon-the7-arrow-03\" aria-hidden=\"true\"><\/i><\/a>\n\n<\/div><\/article><article class=\"post project-odd hidden post-1971 type-post status-publish format-standard has-post-thumbnail hentry category-novosti tag-multimobility category-18 description-off\" data-name=\"Novost na tr\u017ei\u0161tu &#8211; Flexi Ramp sustav za nove modele Citroen Berlingo, Peugeot Rifter i Opel Combo Life\" data-date=\"%2\">\n\n<div class=\"post-thumbnail-wrap\">\n\t<div class=\"post-thumbnail\">\n\n\t\t\n\t\t\n\t\t<a href=\"https:\/\/www.multipartner.hr\/hr\/novost-na-trzistu-flexi-ramp-sustav-za-nove-modele-citroen-berlingo-peugeot-rifter-i-opel-combo-life\/\" class=\"post-thumbnail-rollover layzr-bg layzr-bg\" ><img decoding=\"async\" class=\"blog-thumb-lazy-load preload-me lazy-load aspect\" src=\"data:image\/svg+xml,%3Csvg%20xmlns%3D&#39;http%3A%2F%2Fwww.w3.org%2F2000%2Fsvg&#39;%20viewBox%3D&#39;0%200%20570%20570&#39;%2F%3E\" data-src=\"https:\/\/www.multipartner.hr\/wp-content\/uploads\/2019\/05\/flexi-ramp-novo-car-570x570.jpg\" data-srcset=\"https:\/\/www.multipartner.hr\/wp-content\/uploads\/2019\/05\/flexi-ramp-novo-car-570x570.jpg 570w\" loading=\"eager\" style=\"--ratio: 570 \/ 570\" sizes=\"(max-width: 570px) 100vw, 570px\" alt=\"\" title=\"flexi-ramp-novo-car\" width=\"570\" height=\"570\"  \/><\/a>\n\t<\/div>\n<\/div>\n\n\n<div class=\"post-entry-content\">\n\n\t<h3 class=\"entry-title\">\n\t\t<a href=\"https:\/\/www.multipartner.hr\/hr\/novost-na-trzistu-flexi-ramp-sustav-za-nove-modele-citroen-berlingo-peugeot-rifter-i-opel-combo-life\/\" title=\"Novost na tr\u017ei\u0161tu &#8211; Flexi Ramp sustav za nove modele Citroen Berlingo, Peugeot Rifter i Opel Combo Life\" rel=\"bookmark\">Novost na tr\u017ei\u0161tu &#8211; Flexi Ramp sustav za nove modele Citroen Berlingo, Peugeot Rifter i Opel Combo Life<\/a>\n\t<\/h3>\n\n\t\n\t<div class=\"entry-excerpt\"><p>S ponosom predstavljamo novi proizvod na na\u0161em tr\u017ei\u0161tu kojeg ve\u0107 danas mo\u017eete ugraditi u svoje novo vozilo &#8211;\u00a0 flexi ramp sustav za prijevoz osoba u kolicima za nove modele PSA grupacije i Opel: Citroen Berlingo, Peugeot Rifter i Opel Combo Life. Flexi Ramp sustav je dizajniran za transport osoba u invalidskim kolicima, a sadr\u017ei jedinstvenu&hellip;<\/p>\n<\/div>\n\t\n<a href=\"https:\/\/www.multipartner.hr\/hr\/novost-na-trzistu-flexi-ramp-sustav-za-nove-modele-citroen-berlingo-peugeot-rifter-i-opel-combo-life\/\" class=\"dt-btn-s dt-btn post-details details-type-btn\" aria-label=\"Read more about Novost na tr\u017ei\u0161tu &#8211; Flexi Ramp sustav za nove modele Citroen Berlingo, Peugeot Rifter i Opel Combo Life\">Saznajte vi\u0161e<i class=\"dt-icon-the7-arrow-03\" aria-hidden=\"true\"><\/i><\/a>\n\n<\/div><\/article><article class=\"post project-odd hidden post-1962 type-post status-publish format-standard has-post-thumbnail hentry category-novosti tag-specijalne-nadogradnje category-18 description-off\" data-name=\"Specijalne nadogradnje: Novi MUP-ov MB Sprinter pretvoren u trodjelni pokretni ured\" data-date=\"%2\">\n\n<div class=\"post-thumbnail-wrap\">\n\t<div class=\"post-thumbnail\">\n\n\t\t\n\t\t\n\t\t<a href=\"https:\/\/www.multipartner.hr\/hr\/specijalne-nadogradnje-novi-mup-ov-mb-sprinter-pretvoren-u-trodjelni-pokretni-ured\/\" class=\"post-thumbnail-rollover layzr-bg layzr-bg\" ><img decoding=\"async\" class=\"blog-thumb-lazy-load preload-me lazy-load aspect\" src=\"data:image\/svg+xml,%3Csvg%20xmlns%3D&#39;http%3A%2F%2Fwww.w3.org%2F2000%2Fsvg&#39;%20viewBox%3D&#39;0%200%20572%20572&#39;%2F%3E\" data-src=\"https:\/\/www.multipartner.hr\/wp-content\/uploads\/2019\/05\/mobilni-preventivni-centar-policije-3-572x572.jpg\" data-srcset=\"https:\/\/www.multipartner.hr\/wp-content\/uploads\/2019\/05\/mobilni-preventivni-centar-policije-3-572x572.jpg 572w\" loading=\"eager\" style=\"--ratio: 572 \/ 572\" sizes=\"(max-width: 572px) 100vw, 572px\" alt=\"\" title=\"mobilni-preventivni-centar-policije-3\" width=\"572\" height=\"572\"  \/><\/a>\n\t<\/div>\n<\/div>\n\n\n<div class=\"post-entry-content\">\n\n\t<h3 class=\"entry-title\">\n\t\t<a href=\"https:\/\/www.multipartner.hr\/hr\/specijalne-nadogradnje-novi-mup-ov-mb-sprinter-pretvoren-u-trodjelni-pokretni-ured\/\" title=\"Specijalne nadogradnje: Novi MUP-ov MB Sprinter pretvoren u trodjelni pokretni ured\" rel=\"bookmark\">Specijalne nadogradnje: Novi MUP-ov MB Sprinter pretvoren u trodjelni pokretni ured<\/a>\n\t<\/h3>\n\n\t\n\t<div class=\"entry-excerpt\"><p>Ponosni smo predstaviti vam novo MUP-ovo vozilo za prevenciju na bazi furgona MB Sprinter koje je u potpunosti nadogra\u0111eno u na\u0161oj radionici te pretvoreno u pokretni ured. Ovo specijalno vozilo sada se sastoji od tri dijela &#8211; putni\u010dkog, radnog i servisnog. Nadogradili smo ga vlastitim napajanjem na baterije koje omogu\u0107uje cjelodnevni rad elektri\u010dnih ure\u0111aja, a&hellip;<\/p>\n<\/div>\n\t\n<a href=\"https:\/\/www.multipartner.hr\/hr\/specijalne-nadogradnje-novi-mup-ov-mb-sprinter-pretvoren-u-trodjelni-pokretni-ured\/\" class=\"dt-btn-s dt-btn post-details details-type-btn\" aria-label=\"Read more about Specijalne nadogradnje: Novi MUP-ov MB Sprinter pretvoren u trodjelni pokretni ured\">Saznajte vi\u0161e<i class=\"dt-icon-the7-arrow-03\" aria-hidden=\"true\"><\/i><\/a>\n\n<\/div><\/article><article class=\"post project-odd hidden post-1957 type-post status-publish format-standard has-post-thumbnail hentry category-novosti tag-specijalne-nadogradnje category-18 description-off\" data-name=\"Specijalne nadogradnje: Svjetlosne signalizacije\" data-date=\"%2\">\n\n<div class=\"post-thumbnail-wrap\">\n\t<div class=\"post-thumbnail\">\n\n\t\t\n\t\t\n\t\t<a href=\"https:\/\/www.multipartner.hr\/hr\/specijalne-nadogradnje-svjetlosne-signalizacije\/\" class=\"post-thumbnail-rollover layzr-bg layzr-bg\" ><img decoding=\"async\" class=\"blog-thumb-lazy-load preload-me lazy-load aspect\" src=\"data:image\/svg+xml,%3Csvg%20xmlns%3D&#39;http%3A%2F%2Fwww.w3.org%2F2000%2Fsvg&#39;%20viewBox%3D&#39;0%200%20459%20459&#39;%2F%3E\" data-src=\"https:\/\/www.multipartner.hr\/wp-content\/uploads\/2019\/04\/specijalne-nadogradnje-svjetlosna-signalizacija-459x459.jpg\" data-srcset=\"https:\/\/www.multipartner.hr\/wp-content\/uploads\/2019\/04\/specijalne-nadogradnje-svjetlosna-signalizacija-459x459.jpg 459w\" loading=\"eager\" style=\"--ratio: 459 \/ 459\" sizes=\"(max-width: 459px) 100vw, 459px\" alt=\"\" title=\"specijalne-nadogradnje-svjetlosna-signalizacija\" width=\"459\" height=\"459\"  \/><\/a>\n\t<\/div>\n<\/div>\n\n\n<div class=\"post-entry-content\">\n\n\t<h3 class=\"entry-title\">\n\t\t<a href=\"https:\/\/www.multipartner.hr\/hr\/specijalne-nadogradnje-svjetlosne-signalizacije\/\" title=\"Specijalne nadogradnje: Svjetlosne signalizacije\" rel=\"bookmark\">Specijalne nadogradnje: Svjetlosne signalizacije<\/a>\n\t<\/h3>\n\n\t\n\t<div class=\"entry-excerpt\"><p>Svima smo poznati po na\u0161im MultiComfort nadogradnjama, cjelovitim rje\u0161enjima za klimatizaciju autobusa, kamiona, brodica i drugih vozila, po na\u0161em izrazito popularnom MultiMobility programu, namijenjenog svima kojima zbog invaliditeda imaju pote\u0161ko\u0107e u pristupu i upravljanju vozilima, no mo\u017eda vam je manje poznato da na\u0161i stru\u010dnjaci rade i manje zahtjevne zahvate i nadogradnje na svim vrstama vozila.&hellip;<\/p>\n<\/div>\n\t\n<a href=\"https:\/\/www.multipartner.hr\/hr\/specijalne-nadogradnje-svjetlosne-signalizacije\/\" class=\"dt-btn-s dt-btn post-details details-type-btn\" aria-label=\"Read more about Specijalne nadogradnje: Svjetlosne signalizacije\">Saznajte vi\u0161e<i class=\"dt-icon-the7-arrow-03\" aria-hidden=\"true\"><\/i><\/a>\n\n<\/div><\/article><article class=\"post project-odd hidden post-1942 type-post status-publish format-standard has-post-thumbnail hentry category-novosti tag-specijalne-nadogradnje category-18 description-off\" data-name=\"Specijalne nadogradnje &#8211; Vozila za prijevoz pokojnika\" data-date=\"%2\">\n\n<div class=\"post-thumbnail-wrap\">\n\t<div class=\"post-thumbnail\">\n\n\t\t\n\t\t\n\t\t<a href=\"https:\/\/www.multipartner.hr\/hr\/specijalne-nadogradnje-vozila-za-prijevoz-pokojnika\/\" class=\"post-thumbnail-rollover layzr-bg layzr-bg\" ><img decoding=\"async\" class=\"blog-thumb-lazy-load preload-me lazy-load aspect\" src=\"data:image\/svg+xml,%3Csvg%20xmlns%3D&#39;http%3A%2F%2Fwww.w3.org%2F2000%2Fsvg&#39;%20viewBox%3D&#39;0%200%20689%20689&#39;%2F%3E\" data-src=\"https:\/\/www.multipartner.hr\/wp-content\/uploads\/2019\/04\/multipartner-specijalne-nadogradnje-vozila-za-prijevoz-pokojnika-2-689x689.jpg\" data-srcset=\"https:\/\/www.multipartner.hr\/wp-content\/uploads\/2019\/04\/multipartner-specijalne-nadogradnje-vozila-za-prijevoz-pokojnika-2-689x689.jpg 689w\" loading=\"eager\" style=\"--ratio: 689 \/ 689\" sizes=\"(max-width: 689px) 100vw, 689px\" alt=\"\" title=\"multipartner-specijalne-nadogradnje-vozila-za-prijevoz-pokojnika-2\" width=\"689\" height=\"689\"  \/><\/a>\n\t<\/div>\n<\/div>\n\n\n<div class=\"post-entry-content\">\n\n\t<h3 class=\"entry-title\">\n\t\t<a href=\"https:\/\/www.multipartner.hr\/hr\/specijalne-nadogradnje-vozila-za-prijevoz-pokojnika\/\" title=\"Specijalne nadogradnje &#8211; Vozila za prijevoz pokojnika\" rel=\"bookmark\">Specijalne nadogradnje &#8211; Vozila za prijevoz pokojnika<\/a>\n\t<\/h3>\n\n\t\n\t<div class=\"entry-excerpt\"><p>U suradnji s na\u0161im dugogodi\u0161njim partnerima nedavno smo nadogradili jo\u0161 jedno vozilo za prijevoz pokojnika. Sukladno Zakonu o pogrebni\u010dkoj djelatnosti, na\u0161i tehni\u010dari su ugradili dvosmjerni ventilator, lako perive oblo\u017ene materijale te vodilice za prihvat i vezanje lijesa. Vozilo je isporu\u010deno komunalnom poduze\u0107u \u010cisto\u0107a Duga Resa. Vozila za prijevoz pokojnika ili pogrebna vozila zahtijevaju vrlo pa\u017eljiv&hellip;<\/p>\n<\/div>\n\t\n<a href=\"https:\/\/www.multipartner.hr\/hr\/specijalne-nadogradnje-vozila-za-prijevoz-pokojnika\/\" class=\"dt-btn-s dt-btn post-details details-type-btn\" aria-label=\"Read more about Specijalne nadogradnje &#8211; Vozila za prijevoz pokojnika\">Saznajte vi\u0161e<i class=\"dt-icon-the7-arrow-03\" aria-hidden=\"true\"><\/i><\/a>\n\n<\/div><\/article><article class=\"post project-odd hidden post-1940 type-post status-publish format-standard has-post-thumbnail hentry category-novosti tag-specijalne-nadogradnje category-18 description-off\" data-name=\"Rije\u010dki bibliobus &#8211; 14. okrugli stol o pokretnim knji\u017enicama u Republici Hrvatskoj i 8. festival hrvatskih bibliobusa\" data-date=\"%2\">\n\n<div class=\"post-thumbnail-wrap\">\n\t<div class=\"post-thumbnail\">\n\n\t\t\n\t\t\n\t\t<a href=\"https:\/\/www.multipartner.hr\/hr\/rijecki-bibliobus-14-okrugli-stol-o-pokretnim-knjiznicama-u-republici-hrvatskoj-i-8-festival-hrvatskih-bibliobusa\/\" class=\"post-thumbnail-rollover layzr-bg layzr-bg\" ><img decoding=\"async\" class=\"blog-thumb-lazy-load preload-me lazy-load aspect\" src=\"data:image\/svg+xml,%3Csvg%20xmlns%3D&#39;http%3A%2F%2Fwww.w3.org%2F2000%2Fsvg&#39;%20viewBox%3D&#39;0%200%20586%20586&#39;%2F%3E\" data-src=\"https:\/\/www.multipartner.hr\/wp-content\/uploads\/2019\/04\/rijecki-bibliobus-586x586.jpg\" data-srcset=\"https:\/\/www.multipartner.hr\/wp-content\/uploads\/2019\/04\/rijecki-bibliobus-586x586.jpg 586w\" loading=\"eager\" style=\"--ratio: 586 \/ 586\" sizes=\"(max-width: 586px) 100vw, 586px\" alt=\"\" title=\"rijecki-bibliobus\" width=\"586\" height=\"586\"  \/><\/a>\n\t<\/div>\n<\/div>\n\n\n<div class=\"post-entry-content\">\n\n\t<h3 class=\"entry-title\">\n\t\t<a href=\"https:\/\/www.multipartner.hr\/hr\/rijecki-bibliobus-14-okrugli-stol-o-pokretnim-knjiznicama-u-republici-hrvatskoj-i-8-festival-hrvatskih-bibliobusa\/\" title=\"Rije\u010dki bibliobus &#8211; 14. okrugli stol o pokretnim knji\u017enicama u Republici Hrvatskoj i 8. festival hrvatskih bibliobusa\" rel=\"bookmark\">Rije\u010dki bibliobus &#8211; 14. okrugli stol o pokretnim knji\u017enicama u Republici Hrvatskoj i 8. festival hrvatskih bibliobusa<\/a>\n\t<\/h3>\n\n\t\n\t<div class=\"entry-excerpt\"><p>Rije\u010dki bibliobus koji \u0107e sudjelovati na 14. okruglom stolu o pokretnim knji\u017enicama u Republici Hrvatskoj i 8. festivalu hrvatskih bibliobusa u Rijeci 7. i 8. lipnja 2019. u potunosti je opremljen u radionici rije\u010dke tvrtke MultiPartner. Na\u0161i su tehni\u010dari odradili kompletno ure\u0111enje unutra\u0161njosti, od polica do stoli\u0107a i korita za slikovnice te kompletne elektroinstalacije i&hellip;<\/p>\n<\/div>\n\t\n<a href=\"https:\/\/www.multipartner.hr\/hr\/rijecki-bibliobus-14-okrugli-stol-o-pokretnim-knjiznicama-u-republici-hrvatskoj-i-8-festival-hrvatskih-bibliobusa\/\" class=\"dt-btn-s dt-btn post-details details-type-btn\" aria-label=\"Read more about Rije\u010dki bibliobus &#8211; 14. okrugli stol o pokretnim knji\u017enicama u Republici Hrvatskoj i 8. festival hrvatskih bibliobusa\">Saznajte vi\u0161e<i class=\"dt-icon-the7-arrow-03\" aria-hidden=\"true\"><\/i><\/a>\n\n<\/div><\/article><article class=\"post project-odd hidden post-1931 type-post status-publish format-standard has-post-thumbnail hentry category-novosti tag-multimobility category-18 description-off\" data-name=\"MultiMobility \u2013 Nadogradnja za prijevoz osoba s invaliditetom na Iveco Daily\" data-date=\"%2\">\n\n<div class=\"post-thumbnail-wrap\">\n\t<div class=\"post-thumbnail\">\n\n\t\t\n\t\t\n\t\t<a href=\"https:\/\/www.multipartner.hr\/hr\/multimobility-nadogradnja-za-prijevoz-osoba-s-invaliditetom-na-iveco-daily\/\" class=\"post-thumbnail-rollover layzr-bg layzr-bg\" ><img decoding=\"async\" class=\"blog-thumb-lazy-load preload-me lazy-load aspect\" src=\"data:image\/svg+xml,%3Csvg%20xmlns%3D&#39;http%3A%2F%2Fwww.w3.org%2F2000%2Fsvg&#39;%20viewBox%3D&#39;0%200%20682%20682&#39;%2F%3E\" data-src=\"https:\/\/www.multipartner.hr\/wp-content\/uploads\/2019\/04\/iveco-daily-multimobility-nadogradnja-feat-682x682.jpg\" data-srcset=\"https:\/\/www.multipartner.hr\/wp-content\/uploads\/2019\/04\/iveco-daily-multimobility-nadogradnja-feat-682x682.jpg 682w\" loading=\"eager\" style=\"--ratio: 682 \/ 682\" sizes=\"(max-width: 682px) 100vw, 682px\" alt=\"\" title=\"iveco-daily-multimobility-nadogradnja-feat\" width=\"682\" height=\"682\"  \/><\/a>\n\t<\/div>\n<\/div>\n\n\n<div class=\"post-entry-content\">\n\n\t<h3 class=\"entry-title\">\n\t\t<a href=\"https:\/\/www.multipartner.hr\/hr\/multimobility-nadogradnja-za-prijevoz-osoba-s-invaliditetom-na-iveco-daily\/\" title=\"MultiMobility \u2013 Nadogradnja za prijevoz osoba s invaliditetom na Iveco Daily\" rel=\"bookmark\">MultiMobility \u2013 Nadogradnja za prijevoz osoba s invaliditetom na Iveco Daily<\/a>\n\t<\/h3>\n\n\t\n\t<div class=\"entry-excerpt\"><p>Nadogradili smo Iveco Daily za na\u0161eg dugogodi\u0161njeg klijenta &#8211; te tako jo\u0161 jednom potvrdili da ovo poznato transport vozilo mo\u017ee biti itekako zanimljivo za prijevoz osoba s invaliditetom u kolicima.<\/p>\n<\/div>\n\t\n<a href=\"https:\/\/www.multipartner.hr\/hr\/multimobility-nadogradnja-za-prijevoz-osoba-s-invaliditetom-na-iveco-daily\/\" class=\"dt-btn-s dt-btn post-details details-type-btn\" aria-label=\"Read more about MultiMobility \u2013 Nadogradnja za prijevoz osoba s invaliditetom na Iveco Daily\">Saznajte vi\u0161e<i class=\"dt-icon-the7-arrow-03\" aria-hidden=\"true\"><\/i><\/a>\n\n<\/div><\/article><article class=\"post project-odd hidden post-1914 type-post status-publish format-standard has-post-thumbnail hentry category-novosti tag-fresco tag-fresco-genius tag-multicomfort category-18 description-off\" data-name=\"MultiComfort: Ugradnja i servis revolucionarnih kamionskih klima ure\u0111aja FRESCO GENIUS\" data-date=\"%2\">\n\n<div class=\"post-thumbnail-wrap\">\n\t<div class=\"post-thumbnail\">\n\n\t\t\n\t\t\n\t\t<a href=\"https:\/\/www.multipartner.hr\/hr\/multicomfort-ugradnja-i-servis-revolucionarnih-kamionskih-klima-uredaja-fresco-genius\/\" class=\"post-thumbnail-rollover layzr-bg layzr-bg\" ><img decoding=\"async\" class=\"blog-thumb-lazy-load preload-me lazy-load aspect\" src=\"data:image\/svg+xml,%3Csvg%20xmlns%3D&#39;http%3A%2F%2Fwww.w3.org%2F2000%2Fsvg&#39;%20viewBox%3D&#39;0%200%20491%20491&#39;%2F%3E\" data-src=\"https:\/\/www.multipartner.hr\/wp-content\/uploads\/2019\/03\/Selection_999908-491x491.jpg\" data-srcset=\"https:\/\/www.multipartner.hr\/wp-content\/uploads\/2019\/03\/Selection_999908-491x491.jpg 491w\" loading=\"eager\" style=\"--ratio: 491 \/ 491\" sizes=\"(max-width: 491px) 100vw, 491px\" alt=\"\" title=\"FRESCO GENIUS INSIDE\" width=\"491\" height=\"491\"  \/><\/a>\n\t<\/div>\n<\/div>\n\n\n<div class=\"post-entry-content\">\n\n\t<h3 class=\"entry-title\">\n\t\t<a href=\"https:\/\/www.multipartner.hr\/hr\/multicomfort-ugradnja-i-servis-revolucionarnih-kamionskih-klima-uredaja-fresco-genius\/\" title=\"MultiComfort: Ugradnja i servis revolucionarnih kamionskih klima ure\u0111aja FRESCO GENIUS\" rel=\"bookmark\">MultiComfort: Ugradnja i servis revolucionarnih kamionskih klima ure\u0111aja FRESCO GENIUS<\/a>\n\t<\/h3>\n\n\t\n\t<div class=\"entry-excerpt\"><p>Revolucionarni, 100% nevidljiv, integrirani parking klima ure\u0111aj FRESCO GENIUS.<\/p>\n<\/div>\n\t\n<a href=\"https:\/\/www.multipartner.hr\/hr\/multicomfort-ugradnja-i-servis-revolucionarnih-kamionskih-klima-uredaja-fresco-genius\/\" class=\"dt-btn-s dt-btn post-details details-type-btn\" aria-label=\"Read more about MultiComfort: Ugradnja i servis revolucionarnih kamionskih klima ure\u0111aja FRESCO GENIUS\">Saznajte vi\u0161e<i class=\"dt-icon-the7-arrow-03\" aria-hidden=\"true\"><\/i><\/a>\n\n<\/div><\/article><article class=\"post project-odd hidden post-1879 type-post status-publish format-standard has-post-thumbnail hentry category-novosti tag-multicomfort category-18 description-off\" data-name=\"MultiComfort: Retrofit ugradnja klima ure\u0111aja na gradske i turisti\u010dke autobuse\" data-date=\"%2\">\n\n<div class=\"post-thumbnail-wrap\">\n\t<div class=\"post-thumbnail\">\n\n\t\t\n\t\t\n\t\t<a href=\"https:\/\/www.multipartner.hr\/hr\/multicomfort-retrofit-ugradnja-klima-uredaja-na-gradske-i-turisticke-autobuse\/\" class=\"post-thumbnail-rollover layzr-bg layzr-bg\" ><img decoding=\"async\" class=\"blog-thumb-lazy-load preload-me lazy-load aspect\" src=\"data:image\/svg+xml,%3Csvg%20xmlns%3D&#39;http%3A%2F%2Fwww.w3.org%2F2000%2Fsvg&#39;%20viewBox%3D&#39;0%200%20475%20475&#39;%2F%3E\" data-src=\"https:\/\/www.multipartner.hr\/wp-content\/uploads\/2019\/03\/multicomfort-multipartner-retrofit-ugradnja-klima-uredjaja-f-475x475.jpg\" data-srcset=\"https:\/\/www.multipartner.hr\/wp-content\/uploads\/2019\/03\/multicomfort-multipartner-retrofit-ugradnja-klima-uredjaja-f-475x475.jpg 475w\" loading=\"eager\" style=\"--ratio: 475 \/ 475\" sizes=\"(max-width: 475px) 100vw, 475px\" alt=\"\" title=\"multicomfort-multipartner-retrofit-ugradnja-klima-uredjaja-f\" width=\"475\" height=\"475\"  \/><\/a>\n\t<\/div>\n<\/div>\n\n\n<div class=\"post-entry-content\">\n\n\t<h3 class=\"entry-title\">\n\t\t<a href=\"https:\/\/www.multipartner.hr\/hr\/multicomfort-retrofit-ugradnja-klima-uredaja-na-gradske-i-turisticke-autobuse\/\" title=\"MultiComfort: Retrofit ugradnja klima ure\u0111aja na gradske i turisti\u010dke autobuse\" rel=\"bookmark\">MultiComfort: Retrofit ugradnja klima ure\u0111aja na gradske i turisti\u010dke autobuse<\/a>\n\t<\/h3>\n\n\t\n\t<div class=\"entry-excerpt\"><p>[vc_row][vc_column][vc_column_text] Tvrtka MultiPartner nudi cjelovita rje\u0161enja za naknadnu ugradnju klima ure\u0111aja na gradske i turisti\u010dke autobuse te kabine svih vrsta osobnih vozila, kamiona i plovila. Na\u0161i poduzetnici su svjesni da mnogi rabljeni autobusi koji se uvoze iz skandinavskih zemalja ili sjevera Njema\u010dke \u010desto nisu opremljeni klima ure\u0111ajima pa kao takvi trebaju retrofit tj. naknadnu ugradnju&hellip;<\/p>\n<\/div>\n\t\n<a href=\"https:\/\/www.multipartner.hr\/hr\/multicomfort-retrofit-ugradnja-klima-uredaja-na-gradske-i-turisticke-autobuse\/\" class=\"dt-btn-s dt-btn post-details details-type-btn\" aria-label=\"Read more about MultiComfort: Retrofit ugradnja klima ure\u0111aja na gradske i turisti\u010dke autobuse\">Saznajte vi\u0161e<i class=\"dt-icon-the7-arrow-03\" aria-hidden=\"true\"><\/i><\/a>\n\n<\/div><\/article><article class=\"post project-odd hidden post-1861 type-post status-publish format-standard has-post-thumbnail hentry category-novosti tag-multicargo category-18 description-off\" data-name=\"MultiCargo: Zatvoreni teretni sanduk s rampom za prijevoz bicikala na dvije razine\" data-date=\"%2\">\n\n<div class=\"post-thumbnail-wrap\">\n\t<div class=\"post-thumbnail\">\n\n\t\t\n\t\t\n\t\t<a href=\"https:\/\/www.multipartner.hr\/hr\/multicargo-zatvoreni-teretni-sanduk-s-rampom-za-prijevoz-bicikala-na-dvije-razine\/\" class=\"post-thumbnail-rollover layzr-bg layzr-bg\" ><img decoding=\"async\" class=\"blog-thumb-lazy-load preload-me lazy-load aspect\" src=\"data:image\/svg+xml,%3Csvg%20xmlns%3D&#39;http%3A%2F%2Fwww.w3.org%2F2000%2Fsvg&#39;%20viewBox%3D&#39;0%200%20768%20768&#39;%2F%3E\" data-src=\"https:\/\/www.multipartner.hr\/wp-content\/uploads\/2019\/03\/IMG_20190219_161510-768x768.jpg\" data-srcset=\"https:\/\/www.multipartner.hr\/wp-content\/uploads\/2019\/03\/IMG_20190219_161510-768x768.jpg 768w\" loading=\"eager\" style=\"--ratio: 768 \/ 768\" sizes=\"(max-width: 768px) 100vw, 768px\" alt=\"\" title=\"IMG_20190219_161510\" width=\"768\" height=\"768\"  \/><\/a>\n\t<\/div>\n<\/div>\n\n\n<div class=\"post-entry-content\">\n\n\t<h3 class=\"entry-title\">\n\t\t<a href=\"https:\/\/www.multipartner.hr\/hr\/multicargo-zatvoreni-teretni-sanduk-s-rampom-za-prijevoz-bicikala-na-dvije-razine\/\" title=\"MultiCargo: Zatvoreni teretni sanduk s rampom za prijevoz bicikala na dvije razine\" rel=\"bookmark\">MultiCargo: Zatvoreni teretni sanduk s rampom za prijevoz bicikala na dvije razine<\/a>\n\t<\/h3>\n\n\t\n\t<div class=\"entry-excerpt\"><p>[vc_row][vc_column][vc_column_text] Novi teretni kamion na\u0161eg dugogodi\u0161njeg klijenta upravo smo nadogradili zatvorenim teretnim sandukom s rampom za prijevoz bicikala te izradili specijalnu platformu za prijevoz proizvoda na dvije razine. Koristili smo utovarnu rampu D&#8217;Hollandia za brz i jednostavan utovar i istovar robe te dodali sigurnosnu ogradu koja pru\u017ea dodatnu\u00a0za\u0161titu od pada i o\u0161te\u0107enja. Teretni kamion kojeg&hellip;<\/p>\n<\/div>\n\t\n<a href=\"https:\/\/www.multipartner.hr\/hr\/multicargo-zatvoreni-teretni-sanduk-s-rampom-za-prijevoz-bicikala-na-dvije-razine\/\" class=\"dt-btn-s dt-btn post-details details-type-btn\" aria-label=\"Read more about MultiCargo: Zatvoreni teretni sanduk s rampom za prijevoz bicikala na dvije razine\">Saznajte vi\u0161e<i class=\"dt-icon-the7-arrow-03\" aria-hidden=\"true\"><\/i><\/a>\n\n<\/div><\/article><article class=\"post project-odd hidden post-1838 type-post status-publish format-standard has-post-thumbnail hentry category-novosti tag-multicargo category-18 description-off\" data-name=\"MultiCargo: Specijalna nadogradnja vozila za transport pi\u0107a\" data-date=\"%2\">\n\n<div class=\"post-thumbnail-wrap\">\n\t<div class=\"post-thumbnail\">\n\n\t\t\n\t\t\n\t\t<a href=\"https:\/\/www.multipartner.hr\/hr\/multicargo-specijalna-nadogradnja-vozila-za-transport-pica\/\" class=\"post-thumbnail-rollover layzr-bg layzr-bg\" ><img decoding=\"async\" class=\"blog-thumb-lazy-load preload-me lazy-load aspect\" src=\"data:image\/svg+xml,%3Csvg%20xmlns%3D&#39;http%3A%2F%2Fwww.w3.org%2F2000%2Fsvg&#39;%20viewBox%3D&#39;0%200%20768%20768&#39;%2F%3E\" data-src=\"https:\/\/www.multipartner.hr\/wp-content\/uploads\/2019\/02\/IMG_20190129_142249-768x768.jpg\" data-srcset=\"https:\/\/www.multipartner.hr\/wp-content\/uploads\/2019\/02\/IMG_20190129_142249-768x768.jpg 768w\" loading=\"eager\" style=\"--ratio: 768 \/ 768\" sizes=\"(max-width: 768px) 100vw, 768px\" alt=\"\" title=\"IMG_20190129_142249\" width=\"768\" height=\"768\"  \/><\/a>\n\t<\/div>\n<\/div>\n\n\n<div class=\"post-entry-content\">\n\n\t<h3 class=\"entry-title\">\n\t\t<a href=\"https:\/\/www.multipartner.hr\/hr\/multicargo-specijalna-nadogradnja-vozila-za-transport-pica\/\" title=\"MultiCargo: Specijalna nadogradnja vozila za transport pi\u0107a\" rel=\"bookmark\">MultiCargo: Specijalna nadogradnja vozila za transport pi\u0107a<\/a>\n\t<\/h3>\n\n\t\n\t<div class=\"entry-excerpt\"><p>[vc_row][vc_column][vc_column_text]Nedavno smo izveli posebnu nadogradnju Volkswagen Crafter 35 vozila te ga prilagodili za konkuretan prijevoz pi\u0107a. Ovo prilago\u0111eno vozilo sada ima specijalna bo\u010dna vrata s obje svoje strane koja mu omogu\u0107uju brz i jednostavan utovar i istovar robe te dvostruka stra\u017enja vrata koja se\u00a0otvaraju za 270 stupnjeva za brzi utovar robe na rampi u skladi\u0161tu.&hellip;<\/p>\n<\/div>\n\t\n<a href=\"https:\/\/www.multipartner.hr\/hr\/multicargo-specijalna-nadogradnja-vozila-za-transport-pica\/\" class=\"dt-btn-s dt-btn post-details details-type-btn\" aria-label=\"Read more about MultiCargo: Specijalna nadogradnja vozila za transport pi\u0107a\">Saznajte vi\u0161e<i class=\"dt-icon-the7-arrow-03\" aria-hidden=\"true\"><\/i><\/a>\n\n<\/div><\/article><article class=\"post project-odd hidden post-1830 type-post status-publish format-standard has-post-thumbnail hentry category-novosti tag-multimobility category-18 description-off\" data-name=\"MultiMobility: Nadogradnja velikih gospodarskih vozila za osobe s invaliditetom\" data-date=\"%2\">\n\n<div class=\"post-thumbnail-wrap\">\n\t<div class=\"post-thumbnail\">\n\n\t\t\n\t\t\n\t\t<a href=\"https:\/\/www.multipartner.hr\/hr\/multimobility-nadogradnja-velikih-gospodarskih-vozila-za-osobe-s-invaliditetom\/\" class=\"post-thumbnail-rollover layzr-bg layzr-bg\" ><img decoding=\"async\" class=\"blog-thumb-lazy-load preload-me lazy-load aspect\" src=\"data:image\/svg+xml,%3Csvg%20xmlns%3D&#39;http%3A%2F%2Fwww.w3.org%2F2000%2Fsvg&#39;%20viewBox%3D&#39;0%200%20372%20372&#39;%2F%3E\" data-src=\"https:\/\/www.multipartner.hr\/wp-content\/uploads\/2019\/02\/Selection_999792-372x372.jpg\" data-srcset=\"https:\/\/www.multipartner.hr\/wp-content\/uploads\/2019\/02\/Selection_999792-372x372.jpg 372w\" loading=\"eager\" style=\"--ratio: 372 \/ 372\" sizes=\"(max-width: 372px) 100vw, 372px\" alt=\"\" title=\"Multimobility\" width=\"372\" height=\"372\"  \/><\/a>\n\t<\/div>\n<\/div>\n\n\n<div class=\"post-entry-content\">\n\n\t<h3 class=\"entry-title\">\n\t\t<a href=\"https:\/\/www.multipartner.hr\/hr\/multimobility-nadogradnja-velikih-gospodarskih-vozila-za-osobe-s-invaliditetom\/\" title=\"MultiMobility: Nadogradnja velikih gospodarskih vozila za osobe s invaliditetom\" rel=\"bookmark\">MultiMobility: Nadogradnja velikih gospodarskih vozila za osobe s invaliditetom<\/a>\n\t<\/h3>\n\n\t\n\t<div class=\"entry-excerpt\"><p>Poznato je da na\u0161i stru\u010dnjaci nadogra\u0111uju manja vozila poput VW Caddy, Caddy Maxi, Peugeot Partner, Citroen Berlingo i Ford Tourneo Connect za osobe s invaliditetom, no mo\u017eda vam je manje poznato da i ve\u0107a vozila kao \u0161to su Peugeot Boxer, Renault Master, VW Crafter i sli\u010dna mo\u017eemo potpuno opremiti za prijevoz osoba sa invaliditetom. Takva&hellip;<\/p>\n<\/div>\n\t\n<a href=\"https:\/\/www.multipartner.hr\/hr\/multimobility-nadogradnja-velikih-gospodarskih-vozila-za-osobe-s-invaliditetom\/\" class=\"dt-btn-s dt-btn post-details details-type-btn\" aria-label=\"Read more about MultiMobility: Nadogradnja velikih gospodarskih vozila za osobe s invaliditetom\">Saznajte vi\u0161e<i class=\"dt-icon-the7-arrow-03\" aria-hidden=\"true\"><\/i><\/a>\n\n<\/div><\/article><div class=\"paginator\" role=\"navigation\"><\/div><\/div>[\/vc_column][\/vc_row]<\/p>\n<\/div>","protected":false},"excerpt":{"rendered":"<p>[vc_row][vc_column][\/vc_column][\/vc_row]<\/p>\n","protected":false},"author":1,"featured_media":0,"parent":0,"menu_order":3,"comment_status":"closed","ping_status":"closed","template":"","meta":{"footnotes":""},"class_list":["post-305","page","type-page","status-publish","hentry","description-off"],"yoast_head":"<!-- This site is optimized with the Yoast SEO plugin v26.4 - https:\/\/yoast.com\/wordpress\/plugins\/seo\/ -->\n<title>Novosti - MultiPartner<\/title>\n<meta name=\"robots\" content=\"index, follow, max-snippet:-1, max-image-preview:large, max-video-preview:-1\" \/>\n<link rel=\"canonical\" href=\"https:\/\/www.multipartner.hr\/hr\/novosti\/\" \/>\n<meta property=\"og:locale\" content=\"hr_HR\" \/>\n<meta property=\"og:type\" content=\"article\" \/>\n<meta property=\"og:title\" content=\"Novosti - MultiPartner\" \/>\n<meta property=\"og:description\" content=\"[vc_row][vc_column][\/vc_column][\/vc_row]\" \/>\n<meta property=\"og:url\" content=\"https:\/\/www.multipartner.hr\/hr\/novosti\/\" \/>\n<meta property=\"og:site_name\" content=\"MultiPartner\" \/>\n<meta property=\"article:publisher\" content=\"https:\/\/www.facebook.com\/profile.php?id=100064068909354\" \/>\n<meta property=\"article:modified_time\" content=\"2024-03-13T08:56:36+00:00\" \/>\n<meta name=\"twitter:card\" content=\"summary_large_image\" \/>\n<meta name=\"twitter:label1\" content=\"Procijenjeno vrijeme \u010ditanja\" \/>\n\t<meta name=\"twitter:data1\" content=\"1 minuta\" \/>\n<script type=\"application\/ld+json\" class=\"yoast-schema-graph\">{\"@context\":\"https:\/\/schema.org\",\"@graph\":[{\"@type\":\"WebPage\",\"@id\":\"https:\/\/www.multipartner.hr\/hr\/novosti\/\",\"url\":\"https:\/\/www.multipartner.hr\/hr\/novosti\/\",\"name\":\"Novosti - MultiPartner\",\"isPartOf\":{\"@id\":\"https:\/\/www.multipartner.hr\/hr\/#website\"},\"datePublished\":\"2016-06-28T00:37:06+00:00\",\"dateModified\":\"2024-03-13T08:56:36+00:00\",\"breadcrumb\":{\"@id\":\"https:\/\/www.multipartner.hr\/hr\/novosti\/#breadcrumb\"},\"inLanguage\":\"hr\",\"potentialAction\":[{\"@type\":\"ReadAction\",\"target\":[[\"https:\/\/www.multipartner.hr\/hr\/novosti\/\"]]}]},{\"@type\":\"BreadcrumbList\",\"@id\":\"https:\/\/www.multipartner.hr\/hr\/novosti\/#breadcrumb\",\"itemListElement\":[{\"@type\":\"ListItem\",\"position\":1,\"name\":\"Home\",\"item\":\"https:\/\/www.multipartner.hr\/hr\/\"},{\"@type\":\"ListItem\",\"position\":2,\"name\":\"Novosti\"}]},{\"@type\":\"WebSite\",\"@id\":\"https:\/\/www.multipartner.hr\/hr\/#website\",\"url\":\"https:\/\/www.multipartner.hr\/hr\/\",\"name\":\"MultiPartner\",\"description\":\"Nadogradnje vozila\",\"publisher\":{\"@id\":\"https:\/\/www.multipartner.hr\/hr\/#organization\"},\"potentialAction\":[{\"@type\":\"SearchAction\",\"target\":{\"@type\":\"EntryPoint\",\"urlTemplate\":\"https:\/\/www.multipartner.hr\/hr\/?s={search_term_string}\"},\"query-input\":{\"@type\":\"PropertyValueSpecification\",\"valueRequired\":true,\"valueName\":\"search_term_string\"}}],\"inLanguage\":\"hr\"},{\"@type\":\"Organization\",\"@id\":\"https:\/\/www.multipartner.hr\/hr\/#organization\",\"name\":\"MultiPartner\",\"url\":\"https:\/\/www.multipartner.hr\/hr\/\",\"logo\":{\"@type\":\"ImageObject\",\"inLanguage\":\"hr\",\"@id\":\"https:\/\/www.multipartner.hr\/hr\/#\/schema\/logo\/image\/\",\"url\":\"https:\/\/www.multipartner.hr\/wp-content\/uploads\/2017\/11\/multipartner-logotip.png\",\"contentUrl\":\"https:\/\/www.multipartner.hr\/wp-content\/uploads\/2017\/11\/multipartner-logotip.png\",\"width\":186,\"height\":40,\"caption\":\"MultiPartner\"},\"image\":{\"@id\":\"https:\/\/www.multipartner.hr\/hr\/#\/schema\/logo\/image\/\"},\"sameAs\":[\"https:\/\/www.facebook.com\/profile.php?id=100064068909354\"]}]}<\/script>\n<!-- \/ Yoast SEO plugin. -->","yoast_head_json":{"title":"Novosti - MultiPartner","robots":{"index":"index","follow":"follow","max-snippet":"max-snippet:-1","max-image-preview":"max-image-preview:large","max-video-preview":"max-video-preview:-1"},"canonical":"https:\/\/www.multipartner.hr\/hr\/novosti\/","og_locale":"hr_HR","og_type":"article","og_title":"Novosti - MultiPartner","og_description":"[vc_row][vc_column][\/vc_column][\/vc_row]","og_url":"https:\/\/www.multipartner.hr\/hr\/novosti\/","og_site_name":"MultiPartner","article_publisher":"https:\/\/www.facebook.com\/profile.php?id=100064068909354","article_modified_time":"2024-03-13T08:56:36+00:00","twitter_card":"summary_large_image","twitter_misc":{"Procijenjeno vrijeme \u010ditanja":"1 minuta"},"schema":{"@context":"https:\/\/schema.org","@graph":[{"@type":"WebPage","@id":"https:\/\/www.multipartner.hr\/hr\/novosti\/","url":"https:\/\/www.multipartner.hr\/hr\/novosti\/","name":"Novosti - MultiPartner","isPartOf":{"@id":"https:\/\/www.multipartner.hr\/hr\/#website"},"datePublished":"2016-06-28T00:37:06+00:00","dateModified":"2024-03-13T08:56:36+00:00","breadcrumb":{"@id":"https:\/\/www.multipartner.hr\/hr\/novosti\/#breadcrumb"},"inLanguage":"hr","potentialAction":[{"@type":"ReadAction","target":[["https:\/\/www.multipartner.hr\/hr\/novosti\/"]]}]},{"@type":"BreadcrumbList","@id":"https:\/\/www.multipartner.hr\/hr\/novosti\/#breadcrumb","itemListElement":[{"@type":"ListItem","position":1,"name":"Home","item":"https:\/\/www.multipartner.hr\/hr\/"},{"@type":"ListItem","position":2,"name":"Novosti"}]},{"@type":"WebSite","@id":"https:\/\/www.multipartner.hr\/hr\/#website","url":"https:\/\/www.multipartner.hr\/hr\/","name":"MultiPartner","description":"Nadogradnje vozila","publisher":{"@id":"https:\/\/www.multipartner.hr\/hr\/#organization"},"potentialAction":[{"@type":"SearchAction","target":{"@type":"EntryPoint","urlTemplate":"https:\/\/www.multipartner.hr\/hr\/?s={search_term_string}"},"query-input":{"@type":"PropertyValueSpecification","valueRequired":true,"valueName":"search_term_string"}}],"inLanguage":"hr"},{"@type":"Organization","@id":"https:\/\/www.multipartner.hr\/hr\/#organization","name":"MultiPartner","url":"https:\/\/www.multipartner.hr\/hr\/","logo":{"@type":"ImageObject","inLanguage":"hr","@id":"https:\/\/www.multipartner.hr\/hr\/#\/schema\/logo\/image\/","url":"https:\/\/www.multipartner.hr\/wp-content\/uploads\/2017\/11\/multipartner-logotip.png","contentUrl":"https:\/\/www.multipartner.hr\/wp-content\/uploads\/2017\/11\/multipartner-logotip.png","width":186,"height":40,"caption":"MultiPartner"},"image":{"@id":"https:\/\/www.multipartner.hr\/hr\/#\/schema\/logo\/image\/"},"sameAs":["https:\/\/www.facebook.com\/profile.php?id=100064068909354"]}]}},"_links":{"self":[{"href":"https:\/\/www.multipartner.hr\/hr\/wp-json\/wp\/v2\/pages\/305","targetHints":{"allow":["GET"]}}],"collection":[{"href":"https:\/\/www.multipartner.hr\/hr\/wp-json\/wp\/v2\/pages"}],"about":[{"href":"https:\/\/www.multipartner.hr\/hr\/wp-json\/wp\/v2\/types\/page"}],"author":[{"embeddable":true,"href":"https:\/\/www.multipartner.hr\/hr\/wp-json\/wp\/v2\/users\/1"}],"replies":[{"embeddable":true,"href":"https:\/\/www.multipartner.hr\/hr\/wp-json\/wp\/v2\/comments?post=305"}],"version-history":[{"count":7,"href":"https:\/\/www.multipartner.hr\/hr\/wp-json\/wp\/v2\/pages\/305\/revisions"}],"predecessor-version":[{"id":4394,"href":"https:\/\/www.multipartner.hr\/hr\/wp-json\/wp\/v2\/pages\/305\/revisions\/4394"}],"wp:attachment":[{"href":"https:\/\/www.multipartner.hr\/hr\/wp-json\/wp\/v2\/media?parent=305"}],"curies":[{"name":"wp","href":"https:\/\/api.w.org\/{rel}","templated":true}]}}